{"id":54135,"date":"2021-06-02T15:48:20","date_gmt":"2021-06-02T13:48:20","guid":{"rendered":"https:\/\/www.ubfc.fr\/?page_id=54135"},"modified":"2021-06-02T16:46:20","modified_gmt":"2021-06-02T14:46:20","slug":"sylvana-deugoue-ngueukam-etudiante-energique","status":"publish","type":"page","link":"https:\/\/www.ubfc.fr\/en\/recherche\/portraits-de-chercheurs\/sylvana-deugoue-ngueukam-etudiante-energique\/","title":{"rendered":"Sylvana Deugoue Ngueukam, \u00e9tudiante \u00e9nergique"},"content":{"rendered":"\t\t<div data-elementor-type=\"wp-page\" data-elementor-id=\"54135\" class=\"elementor elementor-54135\" data-elementor-post-type=\"page\">\n\t\t\t\t\t\t<section class=\"elementor-section elementor-top-section elementor-element elementor-element-0325ecd elementor-section-boxed elementor-section-height-default elementor-section-height-default\" data-id=\"0325ecd\" data-element_type=\"section\" data-e-type=\"section\">\n\t\t\t\t\t\t<div class=\"elementor-container elementor-column-gap-default\">\n\t\t\t\t\t<div class=\"elementor-column elementor-col-50 elementor-top-column elementor-element elementor-element-034cfb4\" data-id=\"034cfb4\" data-element_type=\"column\" data-e-type=\"column\">\n\t\t\t<div class=\"elementor-widget-wrap elementor-element-populated\">\n\t\t\t\t\t\t<div class=\"elementor-element elementor-element-fc933e0 elementor-widget elementor-widget-image\" data-id=\"fc933e0\" data-element_type=\"widget\" data-e-type=\"widget\" data-widget_type=\"image.default\">\n\t\t\t\t<div class=\"elementor-widget-container\">\n\t\t\t\t\t\t\t\t\t\t\t\t<figure class=\"wp-caption\">\n\t\t\t\t\t\t\t\t\t\t<img fetchpriority=\"high\" decoding=\"async\" width=\"768\" height=\"1024\" src=\"https:\/\/www.ubfc.fr\/wp-content\/uploads\/2021\/06\/DSC_7413-web-768x1024.jpg\" class=\"attachment-large size-large wp-image-54137\" alt=\"\" srcset=\"https:\/\/www.ubfc.fr\/wp-content\/uploads\/2021\/06\/DSC_7413-web-768x1024.jpg 768w, https:\/\/www.ubfc.fr\/wp-content\/uploads\/2021\/06\/DSC_7413-web-225x300.jpg 225w, https:\/\/www.ubfc.fr\/wp-content\/uploads\/2021\/06\/DSC_7413-web-1152x1536.jpg 1152w, https:\/\/www.ubfc.fr\/wp-content\/uploads\/2021\/06\/DSC_7413-web-1536x2048.jpg 1536w, https:\/\/www.ubfc.fr\/wp-content\/uploads\/2021\/06\/DSC_7413-web-scaled.jpg 1920w\" sizes=\"(max-width: 768px) 100vw, 768px\" \/>\t\t\t\t\t\t\t\t\t\t\t<figcaption class=\"widget-image-caption wp-caption-text\">Sylvana Deugoue Ngueukam<\/figcaption>\n\t\t\t\t\t\t\t\t\t\t<\/figure>\n\t\t\t\t\t\t\t\t\t<\/div>\n\t\t\t\t<\/div>\n\t\t\t\t\t<\/div>\n\t\t<\/div>\n\t\t\t\t<div class=\"elementor-column elementor-col-50 elementor-top-column elementor-element elementor-element-4e907b1\" data-id=\"4e907b1\" data-element_type=\"column\" data-e-type=\"column\">\n\t\t\t<div class=\"elementor-widget-wrap elementor-element-populated\">\n\t\t\t\t\t\t<div class=\"elementor-element elementor-element-e061650 elementor-widget elementor-widget-text-editor\" data-id=\"e061650\" data-element_type=\"widget\" data-e-type=\"widget\" data-widget_type=\"text-editor.default\">\n\t\t\t\t<div class=\"elementor-widget-container\">\n\t\t\t\t\t\t\t\t\t<h5><strong>Originaire du Cameroun, Sylvana Deugoue Ngueukam a men\u00e9 \u00e0 bien son DUT g\u00e9nie thermique et \u00e9nergie \u00e0 Belfort et poursuit son cursus pour devenir ing\u00e9nieure. Elle a re\u00e7u un prix dans le cadre d\u2019un concours organis\u00e9 par Dalkia et qui vise \u00e0 encourager les filles \u00e0 s\u2019engager dans des \u00e9tudes scientifiques.<\/strong><\/h5>\t\t\t\t\t\t\t\t<\/div>\n\t\t\t\t<\/div>\n\t\t\t\t\t<\/div>\n\t\t<\/div>\n\t\t\t\t\t<\/div>\n\t\t<\/section>\n\t\t\t\t<section class=\"elementor-section elementor-top-section elementor-element elementor-element-6e4228f elementor-section-boxed elementor-section-height-default elementor-section-height-default\" data-id=\"6e4228f\" data-element_type=\"section\" data-e-type=\"section\">\n\t\t\t\t\t\t<div class=\"elementor-container elementor-column-gap-default\">\n\t\t\t\t\t<div class=\"elementor-column elementor-col-100 elementor-top-column elementor-element elementor-element-1f2d1ef\" data-id=\"1f2d1ef\" data-element_type=\"column\" data-e-type=\"column\">\n\t\t\t<div class=\"elementor-widget-wrap elementor-element-populated\">\n\t\t\t\t\t\t<div class=\"elementor-element elementor-element-d5a2d41 elementor-widget elementor-widget-text-editor\" data-id=\"d5a2d41\" data-element_type=\"widget\" data-e-type=\"widget\" data-widget_type=\"text-editor.default\">\n\t\t\t\t<div class=\"elementor-widget-container\">\n\t\t\t\t\t\t\t\t\t<p>Son avenir, elle l\u2019envisage en tant qu\u2019ing\u00e9nieure dans le domaine des \u00e9nergies. Les nouvelles g\u00e9n\u00e9rations seraient, dit-on, hautement sensibilis\u00e9es aux enjeux environnementaux et d\u00e9cid\u00e9es \u00e0 se battre pour sauver la plan\u00e8te. Sylvana Deugoue Ngueukam en est la preuve vivante. Cette jeune femme de 21 ans, originaire d\u2019un village de l\u2019Ouest du Cameroun, a pass\u00e9 son enfance \u00e0 Douala. Un parcours scientifique d\u00e9bouchant sur un bac C, puis une premi\u00e8re ann\u00e9e en licence de physique-chimie \u00e0 l\u2019universit\u00e9 de la capitale \u00e9conomique camerounaise. Son objectif est alors clair\u00a0: \u00ab\u00a0<em>Venir en France pour mener ses \u00e9tudes scientifiques<\/em>\u00a0\u00bb. Les questions \u00e9nerg\u00e9tiques la taraudent d\u00e9j\u00e0. \u00ab\u00a0<em>Je me souviens d\u2019une soir\u00e9e pendant laquelle je devais r\u00e9viser pour un examen. Il y a eu une coupure de courant, comme il s\u2019en produit souvent dans mon pays. En plus, la batterie de mon t\u00e9l\u00e9phone \u00e9tait vide et je ne pouvais donc pas utiliser sa lampe-torche. J\u2019ai d\u00fb travailler \u00e0 la bougie. J\u2019\u00e9tais tr\u00e8s remont\u00e9e ce soir-l\u00e0. Mais surtout j\u2019ai voulu comprendre ce qui se passait et je me suis dit que je pourrais peut-\u00eatre, plus tard, contribuer \u00e0 am\u00e9liorer les choses pour que ce genre d\u2019incident ne soit plus aussi fr\u00e9quent, voire ne se produise plus.<\/em>\u00a0\u00bb Le cursus g\u00e9nie thermique et \u00e9nergie de l\u2019IUT Belfort-Montb\u00e9liard de l\u2019universit\u00e9 de Franche-Comt\u00e9 (UFC), \u00e9tablissement membre d\u2019Universit\u00e9 Bourgogne-Franche-Comt\u00e9 (UBFC), a bonne r\u00e9putation. Et la ville de Belfort lui para\u00eet attirante : \u00ab\u00a0<em>C\u2019est une ville \u00e9tudiante, id\u00e9ale pour s\u2019int\u00e9grer, et le co\u00fbt de la vie y est bien inf\u00e9rieur \u00e0 celui de Paris. <\/em>\u00bb<\/p><p>Pendant ses deux ann\u00e9es d\u2019\u00e9tudes, dans sa chambre du Crous \u00ab\u00a0Duvillard\u00a0\u00bb, Sylvana Deugoue Ngueukam appr\u00e9cie le calme, la verdure tout autour \u2013 le climat, un peu moins, confie-t-elle en souriant. Elle effectue un stage de 10 semaines au sein du bureau d\u2019\u00e9tudes de CGED \u00e0 Belfort, dans le domaine des pompes \u00e0 chaleur, de la climatisation et de la ventilation. C\u2019est alors qu\u2019elle entend parler d\u2019un concours organis\u00e9 par Dalkia qui vise \u00e0 inciter les femmes \u00e0 se lancer dans les domaines de la transition \u00e9nerg\u00e9tique et \u00e0 encourager celles qui sont d\u00e9j\u00e0 engag\u00e9es. Elle candidate avec l\u2019objectif de d\u00e9crocher un contrat d\u2019alternance pour sa deuxi\u00e8me ann\u00e9e. \u00ab <em>Je souhaitais retenir l\u2019attention du jury gr\u00e2ce \u00e0 mon parcours et \u00e0 ma vision de la place des femmes dans les m\u00e9tiers techniques<\/em>. \u00bb Elle s\u00e9duit le jury et d\u00e9croche le prix \u00ab\u00a0Women Energy in Transition\u00a0\u00bb dans la cat\u00e9gorie \u00ab \u00e9tudiantes niveau bac+1 ou inf\u00e9rieur \u00bb\u00a0: \u00ab\u00a0<em>Ce fut un grand honneur de faire partie des \u00e9tudiantes dont le jury a trouv\u00e9 le parcours inspirant. Ce prix m\u2019a permis de rencontrer des femmes ayant des parcours tr\u00e8s riches comme Isabelle Combastel [ndlr\u00a0: une des laur\u00e9ates de l\u2019\u00e9dition 2019], et tant d\u2019autres. Il m\u2019a permis de constituer un r\u00e9seau qui s\u2019est av\u00e9r\u00e9 tr\u00e8s utile dans la recherche d\u2019une entreprise pour mon alternance \u00e0 l\u2019ENSAM<\/em>. <em>Ce prix, c\u2019est aussi un message adress\u00e9 \u00e0 toutes les femmes\u00a0: il les encourage \u00e0 se lancer dans des \u00e9tudes techniques et scientifiques et \u00e0 s\u2019investir dans la transition \u00e9nerg\u00e9tique. Elles ne doivent pas avoir peur ou se sentir seules<\/em>.\u00a0\u00bb<\/p><p>Son DUT en poche, Sylvana Deugoue Ngueukam poursuit actuellement vers un cycle d\u2019ing\u00e9nieur \u00e0 l\u2019\u00c9cole nationale sup\u00e9rieure des arts et m\u00e9tiers (ENSAM), en r\u00e9gion parisienne. Sp\u00e9cialiste de la conception de l\u2019\u00ab \u00eelot nucl\u00e9aire \u00bb des nouveaux r\u00e9acteurs type EPR (Evolutionary Power Reactor), la soci\u00e9t\u00e9 Edvance, filiale d\u2019EDF et de Framatome, l\u2019accueille en alternance. \u00ab\u00a0<em>Je travaille au sein d\u2019une \u00e9quipe en charge de l\u2019installation g\u00e9n\u00e9rale des b\u00e2timents de l\u2019\u00eelot nucl\u00e9aire, pour les deux EPR en cours de construction en Angleterre sur le site d\u2019Hinkley Point C. Ces \u00e9tudes consistent \u00e0 d\u00e9finir le g\u00e9nie civil des b\u00e2timents, l\u2019installation des \u00e9quipements, les r\u00e9seaux \u00e9lectriques, de tuyauteries et de ventilation <\/em>\u00bb, explique Sylvana Deugoue Ngueukam. Quant \u00e0 ses deux ann\u00e9es \u00e0 Belfort, Sylvana Deugoue Ngueukam en garde un excellent souvenir. \u00ab\u00a0<em>L\u2019\u00e9quipe de l\u2019IUT a \u00e9t\u00e9 formidable, elle m\u2019a aid\u00e9e, m\u2019a soutenue, m\u2019a permis de m\u2019int\u00e9grer alors m\u00eame que je suis arriv\u00e9e trois semaines apr\u00e8s la rentr\u00e9e universitaire. Je ne la remercierai jamais assez<\/em>.\u00a0\u00bb<\/p>\t\t\t\t\t\t\t\t<\/div>\n\t\t\t\t<\/div>\n\t\t\t\t\t<\/div>\n\t\t<\/div>\n\t\t\t\t\t<\/div>\n\t\t<\/section>\n\t\t\t\t<\/div>\n\t\t","protected":false},"excerpt":{"rendered":"<p>Sylvana Deugoue Ngueukam Originaire du Cameroun, Sylvana Deugoue Ngueukam a men\u00e9 \u00e0 bien son DUT g\u00e9nie thermique et \u00e9nergie \u00e0 Belfort et poursuit son cursus pour devenir ing\u00e9nieure. Elle a re\u00e7u un prix dans le cadre d\u2019un concours organis\u00e9 par Dalkia et qui vise \u00e0 encourager les filles \u00e0 s\u2019engager dans des \u00e9tudes scientifiques. Son &hellip; <a href=\"https:\/\/www.ubfc.fr\/en\/recherche\/portraits-de-chercheurs\/sylvana-deugoue-ngueukam-etudiante-energique\/\">Continued<\/a><\/p>\n","protected":false},"author":60,"featured_media":0,"parent":54056,"menu_order":30,"comment_status":"closed","ping_status":"closed","template":"","meta":{"_acf_changed":false,"footnotes":""},"class_list":["post-54135","page","type-page","status-publish","hentry"],"acf":[],"yoast_head":"<!-- This site is optimized with the Yoast SEO plugin v27.5 - https:\/\/yoast.com\/product\/yoast-seo-wordpress\/ -->\n<title>Sylvana Deugoue Ngueukam, \u00e9tudiante \u00e9nergique - COMUE Universit\u00e9 Bourgogne-Franche-Comt\u00e9<\/title>\n<meta name=\"robots\" content=\"index, follow, max-snippet:-1, max-image-preview:large, max-video-preview:-1\" \/>\n<link rel=\"canonical\" href=\"https:\/\/www.ubfc.fr\/recherche\/portraits-de-chercheurs\/sylvana-deugoue-ngueukam-etudiante-energique\/\" \/>\n<meta property=\"og:locale\" content=\"en_US\" \/>\n<meta property=\"og:type\" content=\"article\" \/>\n<meta property=\"og:title\" content=\"Sylvana Deugoue Ngueukam, \u00e9tudiante \u00e9nergique - COMUE Universit\u00e9 Bourgogne-Franche-Comt\u00e9\" \/>\n<meta property=\"og:description\" content=\"Sylvana Deugoue Ngueukam Originaire du Cameroun, Sylvana Deugoue Ngueukam a men\u00e9 \u00e0 bien son DUT g\u00e9nie thermique et \u00e9nergie \u00e0 Belfort et poursuit son cursus pour devenir ing\u00e9nieure. Elle a re\u00e7u un prix dans le cadre d\u2019un concours organis\u00e9 par Dalkia et qui vise \u00e0 encourager les filles \u00e0 s\u2019engager dans des \u00e9tudes scientifiques. Son &hellip; Continued\" \/>\n<meta property=\"og:url\" content=\"https:\/\/www.ubfc.fr\/recherche\/portraits-de-chercheurs\/sylvana-deugoue-ngueukam-etudiante-energique\/\" \/>\n<meta property=\"og:site_name\" content=\"COMUE Universit\u00e9 Bourgogne-Franche-Comt\u00e9\" \/>\n<meta property=\"article:publisher\" content=\"https:\/\/www.facebook.com\/UnivBFC\/\" \/>\n<meta property=\"article:modified_time\" content=\"2021-06-02T14:46:20+00:00\" \/>\n<meta property=\"og:image\" content=\"https:\/\/www.ubfc.fr\/wp-content\/uploads\/2021\/06\/DSC_7413-web-768x1024.jpg\" \/>\n<meta name=\"twitter:card\" content=\"summary_large_image\" \/>\n<meta name=\"twitter:site\" content=\"@univ_bfc\" \/>\n<meta name=\"twitter:label1\" content=\"Est. reading time\" \/>\n\t<meta name=\"twitter:data1\" content=\"4 minutes\" \/>\n<script type=\"application\/ld+json\" class=\"yoast-schema-graph\">{\"@context\":\"https:\\\/\\\/schema.org\",\"@graph\":[{\"@type\":\"WebPage\",\"@id\":\"https:\\\/\\\/www.ubfc.fr\\\/recherche\\\/portraits-de-chercheurs\\\/sylvana-deugoue-ngueukam-etudiante-energique\\\/\",\"url\":\"https:\\\/\\\/www.ubfc.fr\\\/recherche\\\/portraits-de-chercheurs\\\/sylvana-deugoue-ngueukam-etudiante-energique\\\/\",\"name\":\"Sylvana Deugoue Ngueukam, \u00e9tudiante \u00e9nergique - COMUE Universit\u00e9 Bourgogne-Franche-Comt\u00e9\",\"isPartOf\":{\"@id\":\"https:\\\/\\\/www.ubfc.fr\\\/#website\"},\"primaryImageOfPage\":{\"@id\":\"https:\\\/\\\/www.ubfc.fr\\\/recherche\\\/portraits-de-chercheurs\\\/sylvana-deugoue-ngueukam-etudiante-energique\\\/#primaryimage\"},\"image\":{\"@id\":\"https:\\\/\\\/www.ubfc.fr\\\/recherche\\\/portraits-de-chercheurs\\\/sylvana-deugoue-ngueukam-etudiante-energique\\\/#primaryimage\"},\"thumbnailUrl\":\"https:\\\/\\\/www.ubfc.fr\\\/wp-content\\\/uploads\\\/2021\\\/06\\\/DSC_7413-web-768x1024.jpg\",\"datePublished\":\"2021-06-02T13:48:20+00:00\",\"dateModified\":\"2021-06-02T14:46:20+00:00\",\"breadcrumb\":{\"@id\":\"https:\\\/\\\/www.ubfc.fr\\\/recherche\\\/portraits-de-chercheurs\\\/sylvana-deugoue-ngueukam-etudiante-energique\\\/#breadcrumb\"},\"inLanguage\":\"en-US\",\"potentialAction\":[{\"@type\":\"ReadAction\",\"target\":[\"https:\\\/\\\/www.ubfc.fr\\\/recherche\\\/portraits-de-chercheurs\\\/sylvana-deugoue-ngueukam-etudiante-energique\\\/\"]}]},{\"@type\":\"ImageObject\",\"inLanguage\":\"en-US\",\"@id\":\"https:\\\/\\\/www.ubfc.fr\\\/recherche\\\/portraits-de-chercheurs\\\/sylvana-deugoue-ngueukam-etudiante-energique\\\/#primaryimage\",\"url\":\"https:\\\/\\\/www.ubfc.fr\\\/wp-content\\\/uploads\\\/2021\\\/06\\\/DSC_7413-web-768x1024.jpg\",\"contentUrl\":\"https:\\\/\\\/www.ubfc.fr\\\/wp-content\\\/uploads\\\/2021\\\/06\\\/DSC_7413-web-768x1024.jpg\"},{\"@type\":\"BreadcrumbList\",\"@id\":\"https:\\\/\\\/www.ubfc.fr\\\/recherche\\\/portraits-de-chercheurs\\\/sylvana-deugoue-ngueukam-etudiante-energique\\\/#breadcrumb\",\"itemListElement\":[{\"@type\":\"ListItem\",\"position\":1,\"name\":\"Accueil\",\"item\":\"https:\\\/\\\/www.ubfc.fr\\\/en\\\/\"},{\"@type\":\"ListItem\",\"position\":2,\"name\":\"Recherche\",\"item\":\"https:\\\/\\\/www.ubfc.fr\\\/recherche\\\/\"},{\"@type\":\"ListItem\",\"position\":3,\"name\":\"Portraits de chercheurs\",\"item\":\"https:\\\/\\\/www.ubfc.fr\\\/recherche\\\/portraits-de-chercheurs\\\/\"},{\"@type\":\"ListItem\",\"position\":4,\"name\":\"Sylvana Deugoue Ngueukam, \u00e9tudiante \u00e9nergique\"}]},{\"@type\":\"WebSite\",\"@id\":\"https:\\\/\\\/www.ubfc.fr\\\/#website\",\"url\":\"https:\\\/\\\/www.ubfc.fr\\\/\",\"name\":\"COMUE Universit\u00e9 Bourgogne-Franche-Comt\u00e9\",\"description\":\"\",\"publisher\":{\"@id\":\"https:\\\/\\\/www.ubfc.fr\\\/#organization\"},\"potentialAction\":[{\"@type\":\"SearchAction\",\"target\":{\"@type\":\"EntryPoint\",\"urlTemplate\":\"https:\\\/\\\/www.ubfc.fr\\\/?s={search_term_string}\"},\"query-input\":{\"@type\":\"PropertyValueSpecification\",\"valueRequired\":true,\"valueName\":\"search_term_string\"}}],\"inLanguage\":\"en-US\"},{\"@type\":\"Organization\",\"@id\":\"https:\\\/\\\/www.ubfc.fr\\\/#organization\",\"name\":\"Universit\u00e9 Bourgogne-Franche-Comt\u00e9\",\"url\":\"https:\\\/\\\/www.ubfc.fr\\\/\",\"logo\":{\"@type\":\"ImageObject\",\"inLanguage\":\"en-US\",\"@id\":\"https:\\\/\\\/www.ubfc.fr\\\/#\\\/schema\\\/logo\\\/image\\\/\",\"url\":\"https:\\\/\\\/www.ubfc.fr\\\/wp-content\\\/uploads\\\/2022\\\/03\\\/vagueUBFC_favicon.png\",\"contentUrl\":\"https:\\\/\\\/www.ubfc.fr\\\/wp-content\\\/uploads\\\/2022\\\/03\\\/vagueUBFC_favicon.png\",\"width\":512,\"height\":512,\"caption\":\"Universit\u00e9 Bourgogne-Franche-Comt\u00e9\"},\"image\":{\"@id\":\"https:\\\/\\\/www.ubfc.fr\\\/#\\\/schema\\\/logo\\\/image\\\/\"},\"sameAs\":[\"https:\\\/\\\/www.facebook.com\\\/UnivBFC\\\/\",\"https:\\\/\\\/x.com\\\/univ_bfc\",\"https:\\\/\\\/www.linkedin.com\\\/school\\\/universitebourgognefranchecomte\\\/mycompany\\\/\"]}]}<\/script>\n<!-- \/ Yoast SEO plugin. -->","yoast_head_json":{"title":"Sylvana Deugoue Ngueukam, \u00e9tudiante \u00e9nergique - COMUE Universit\u00e9 Bourgogne-Franche-Comt\u00e9","robots":{"index":"index","follow":"follow","max-snippet":"max-snippet:-1","max-image-preview":"max-image-preview:large","max-video-preview":"max-video-preview:-1"},"canonical":"https:\/\/www.ubfc.fr\/recherche\/portraits-de-chercheurs\/sylvana-deugoue-ngueukam-etudiante-energique\/","og_locale":"en_US","og_type":"article","og_title":"Sylvana Deugoue Ngueukam, \u00e9tudiante \u00e9nergique - COMUE Universit\u00e9 Bourgogne-Franche-Comt\u00e9","og_description":"Sylvana Deugoue Ngueukam Originaire du Cameroun, Sylvana Deugoue Ngueukam a men\u00e9 \u00e0 bien son DUT g\u00e9nie thermique et \u00e9nergie \u00e0 Belfort et poursuit son cursus pour devenir ing\u00e9nieure. Elle a re\u00e7u un prix dans le cadre d\u2019un concours organis\u00e9 par Dalkia et qui vise \u00e0 encourager les filles \u00e0 s\u2019engager dans des \u00e9tudes scientifiques. Son &hellip; Continued","og_url":"https:\/\/www.ubfc.fr\/recherche\/portraits-de-chercheurs\/sylvana-deugoue-ngueukam-etudiante-energique\/","og_site_name":"COMUE Universit\u00e9 Bourgogne-Franche-Comt\u00e9","article_publisher":"https:\/\/www.facebook.com\/UnivBFC\/","article_modified_time":"2021-06-02T14:46:20+00:00","og_image":[{"url":"https:\/\/www.ubfc.fr\/wp-content\/uploads\/2021\/06\/DSC_7413-web-768x1024.jpg","type":"","width":"","height":""}],"twitter_card":"summary_large_image","twitter_site":"@univ_bfc","twitter_misc":{"Est. reading time":"4 minutes"},"schema":{"@context":"https:\/\/schema.org","@graph":[{"@type":"WebPage","@id":"https:\/\/www.ubfc.fr\/recherche\/portraits-de-chercheurs\/sylvana-deugoue-ngueukam-etudiante-energique\/","url":"https:\/\/www.ubfc.fr\/recherche\/portraits-de-chercheurs\/sylvana-deugoue-ngueukam-etudiante-energique\/","name":"Sylvana Deugoue Ngueukam, \u00e9tudiante \u00e9nergique - COMUE Universit\u00e9 Bourgogne-Franche-Comt\u00e9","isPartOf":{"@id":"https:\/\/www.ubfc.fr\/#website"},"primaryImageOfPage":{"@id":"https:\/\/www.ubfc.fr\/recherche\/portraits-de-chercheurs\/sylvana-deugoue-ngueukam-etudiante-energique\/#primaryimage"},"image":{"@id":"https:\/\/www.ubfc.fr\/recherche\/portraits-de-chercheurs\/sylvana-deugoue-ngueukam-etudiante-energique\/#primaryimage"},"thumbnailUrl":"https:\/\/www.ubfc.fr\/wp-content\/uploads\/2021\/06\/DSC_7413-web-768x1024.jpg","datePublished":"2021-06-02T13:48:20+00:00","dateModified":"2021-06-02T14:46:20+00:00","breadcrumb":{"@id":"https:\/\/www.ubfc.fr\/recherche\/portraits-de-chercheurs\/sylvana-deugoue-ngueukam-etudiante-energique\/#breadcrumb"},"inLanguage":"en-US","potentialAction":[{"@type":"ReadAction","target":["https:\/\/www.ubfc.fr\/recherche\/portraits-de-chercheurs\/sylvana-deugoue-ngueukam-etudiante-energique\/"]}]},{"@type":"ImageObject","inLanguage":"en-US","@id":"https:\/\/www.ubfc.fr\/recherche\/portraits-de-chercheurs\/sylvana-deugoue-ngueukam-etudiante-energique\/#primaryimage","url":"https:\/\/www.ubfc.fr\/wp-content\/uploads\/2021\/06\/DSC_7413-web-768x1024.jpg","contentUrl":"https:\/\/www.ubfc.fr\/wp-content\/uploads\/2021\/06\/DSC_7413-web-768x1024.jpg"},{"@type":"BreadcrumbList","@id":"https:\/\/www.ubfc.fr\/recherche\/portraits-de-chercheurs\/sylvana-deugoue-ngueukam-etudiante-energique\/#breadcrumb","itemListElement":[{"@type":"ListItem","position":1,"name":"Accueil","item":"https:\/\/www.ubfc.fr\/en\/"},{"@type":"ListItem","position":2,"name":"Recherche","item":"https:\/\/www.ubfc.fr\/recherche\/"},{"@type":"ListItem","position":3,"name":"Portraits de chercheurs","item":"https:\/\/www.ubfc.fr\/recherche\/portraits-de-chercheurs\/"},{"@type":"ListItem","position":4,"name":"Sylvana Deugoue Ngueukam, \u00e9tudiante \u00e9nergique"}]},{"@type":"WebSite","@id":"https:\/\/www.ubfc.fr\/#website","url":"https:\/\/www.ubfc.fr\/","name":"COMUE Universit\u00e9 Bourgogne-Franche-Comt\u00e9","description":"","publisher":{"@id":"https:\/\/www.ubfc.fr\/#organization"},"potentialAction":[{"@type":"SearchAction","target":{"@type":"EntryPoint","urlTemplate":"https:\/\/www.ubfc.fr\/?s={search_term_string}"},"query-input":{"@type":"PropertyValueSpecification","valueRequired":true,"valueName":"search_term_string"}}],"inLanguage":"en-US"},{"@type":"Organization","@id":"https:\/\/www.ubfc.fr\/#organization","name":"Universit\u00e9 Bourgogne-Franche-Comt\u00e9","url":"https:\/\/www.ubfc.fr\/","logo":{"@type":"ImageObject","inLanguage":"en-US","@id":"https:\/\/www.ubfc.fr\/#\/schema\/logo\/image\/","url":"https:\/\/www.ubfc.fr\/wp-content\/uploads\/2022\/03\/vagueUBFC_favicon.png","contentUrl":"https:\/\/www.ubfc.fr\/wp-content\/uploads\/2022\/03\/vagueUBFC_favicon.png","width":512,"height":512,"caption":"Universit\u00e9 Bourgogne-Franche-Comt\u00e9"},"image":{"@id":"https:\/\/www.ubfc.fr\/#\/schema\/logo\/image\/"},"sameAs":["https:\/\/www.facebook.com\/UnivBFC\/","https:\/\/x.com\/univ_bfc","https:\/\/www.linkedin.com\/school\/universitebourgognefranchecomte\/mycompany\/"]}]}},"_links":{"self":[{"href":"https:\/\/www.ubfc.fr\/en\/wp-json\/wp\/v2\/pages\/54135","targetHints":{"allow":["GET"]}}],"collection":[{"href":"https:\/\/www.ubfc.fr\/en\/wp-json\/wp\/v2\/pages"}],"about":[{"href":"https:\/\/www.ubfc.fr\/en\/wp-json\/wp\/v2\/types\/page"}],"author":[{"embeddable":true,"href":"https:\/\/www.ubfc.fr\/en\/wp-json\/wp\/v2\/users\/60"}],"replies":[{"embeddable":true,"href":"https:\/\/www.ubfc.fr\/en\/wp-json\/wp\/v2\/comments?post=54135"}],"version-history":[{"count":0,"href":"https:\/\/www.ubfc.fr\/en\/wp-json\/wp\/v2\/pages\/54135\/revisions"}],"up":[{"embeddable":true,"href":"https:\/\/www.ubfc.fr\/en\/wp-json\/wp\/v2\/pages\/54056"}],"wp:attachment":[{"href":"https:\/\/www.ubfc.fr\/en\/wp-json\/wp\/v2\/media?parent=54135"}],"curies":[{"name":"wp","href":"https:\/\/api.w.org\/{rel}","templated":true}]}}