{"id":50887,"date":"2021-01-21T08:49:26","date_gmt":"2021-01-21T07:49:26","guid":{"rendered":"https:\/\/www.ubfc.fr\/?page_id=50887"},"modified":"2022-05-13T14:23:52","modified_gmt":"2022-05-13T12:23:52","slug":"cac-proces-verbaux-2021","status":"publish","type":"page","link":"https:\/\/www.ubfc.fr\/en\/ubfc\/gouvernance\/instances\/conseil-academique\/cac-proces-verbaux-2021\/","title":{"rendered":"CAC &#8211; Proc\u00e8s verbaux 2021"},"content":{"rendered":"\t\t<div data-elementor-type=\"wp-page\" data-elementor-id=\"50887\" class=\"elementor elementor-50887\" data-elementor-post-type=\"page\">\n\t\t\t\t\t\t<section class=\"elementor-section elementor-top-section elementor-element elementor-element-c69de6a elementor-section-boxed elementor-section-height-default elementor-section-height-default\" data-id=\"c69de6a\" data-element_type=\"section\" data-e-type=\"section\">\n\t\t\t\t\t\t<div class=\"elementor-container elementor-column-gap-default\">\n\t\t\t\t\t<div class=\"elementor-column elementor-col-100 elementor-top-column elementor-element elementor-element-cb640f4\" data-id=\"cb640f4\" data-element_type=\"column\" data-e-type=\"column\">\n\t\t\t<div class=\"elementor-widget-wrap elementor-element-populated\">\n\t\t\t\t\t\t<div class=\"elementor-element elementor-element-565b243 elementor-widget elementor-widget-toggle\" data-id=\"565b243\" data-element_type=\"widget\" data-e-type=\"widget\" data-widget_type=\"toggle.default\">\n\t\t\t\t<div class=\"elementor-widget-container\">\n\t\t\t\t\t\t\t<div class=\"elementor-toggle\">\n\t\t\t\t\t\t\t<div class=\"elementor-toggle-item\">\n\t\t\t\t\t<div id=\"elementor-tab-title-9051\" class=\"elementor-tab-title\" data-tab=\"1\" role=\"button\" aria-controls=\"elementor-tab-content-9051\" aria-expanded=\"false\">\n\t\t\t\t\t\t\t\t\t\t\t\t<span class=\"elementor-toggle-icon elementor-toggle-icon-left\" aria-hidden=\"true\">\n\t\t\t\t\t\t\t\t\t\t\t\t\t\t\t<span class=\"elementor-toggle-icon-closed\"><i class=\"fas fa-caret-right\"><\/i><\/span>\n\t\t\t\t\t\t\t\t<span class=\"elementor-toggle-icon-opened\"><i class=\"elementor-toggle-icon-opened fas fa-caret-up\"><\/i><\/span>\n\t\t\t\t\t\t\t\t\t\t\t\t\t<\/span>\n\t\t\t\t\t\t\t\t\t\t\t\t<a class=\"elementor-toggle-title\" tabindex=\"0\">Conseil Acad\u00e9mique du 9 d\u00e9cembre 2021<\/a>\n\t\t\t\t\t<\/div>\n\n\t\t\t\t\t<div id=\"elementor-tab-content-9051\" class=\"elementor-tab-content elementor-clearfix\" data-tab=\"1\" role=\"region\" aria-labelledby=\"elementor-tab-title-9051\"><ul style=\"list-style-type: disc;\"><li><a href=\"https:\/\/www.ubfc.fr\/wp-content\/uploads\/2022\/04\/Rapport-1-Verbatim-CAC-21.10.2021-part-1-.pdf\">Rapport 1 : Approbation du verbatim du CAC du 21 octobre 2021_Part.1<\/a><\/li><li><a href=\"https:\/\/www.ubfc.fr\/wp-content\/uploads\/2022\/04\/Rapport-1-Verbatim-CAC-21.10.2021-part-2-.pdf\">Rapport 1 : Approbation du verbatim du CAC du 21 octobre 2021_Part.2<\/a><\/li><li><a href=\"https:\/\/www.ubfc.fr\/wp-content\/uploads\/2022\/04\/Rapport-2_CAC_Avis-UBFC-sur-projets-region.pdf\">Rapport 2 : Avis d&rsquo;UBFC sur les dossiers soumis aux appels \u00e0 projets R\u00e9gion 2022<\/a><\/li><li><a href=\"https:\/\/www.ubfc.fr\/wp-content\/uploads\/2022\/04\/Rapport-3_CAC_Ventilation-2022-cre\u0301dits-re\u0301currents.pdf\">Rapport 3 : Ventilation des cr\u00e9dits r\u00e9currents 2022 des laboratoires de recherche<\/a><\/li><li><a href=\"https:\/\/www.ubfc.fr\/wp-content\/uploads\/2022\/04\/Rapport-4_ADtrain4Health.pdf\">Rapport 4 : Projet ADtrain4Health subventionn\u00e9 dans le cadre de l\u2019AAP 2021 du programme Erasmus+ au titre de l\u2019action Partenariats de coop\u00e9ration dans l\u2019enseignement sup\u00e9rieur.<\/a><\/li><\/ul><\/div>\n\t\t\t\t<\/div>\n\t\t\t\t\t\t\t<div class=\"elementor-toggle-item\">\n\t\t\t\t\t<div id=\"elementor-tab-title-9052\" class=\"elementor-tab-title\" data-tab=\"2\" role=\"button\" aria-controls=\"elementor-tab-content-9052\" aria-expanded=\"false\">\n\t\t\t\t\t\t\t\t\t\t\t\t<span class=\"elementor-toggle-icon elementor-toggle-icon-left\" aria-hidden=\"true\">\n\t\t\t\t\t\t\t\t\t\t\t\t\t\t\t<span class=\"elementor-toggle-icon-closed\"><i class=\"fas fa-caret-right\"><\/i><\/span>\n\t\t\t\t\t\t\t\t<span class=\"elementor-toggle-icon-opened\"><i class=\"elementor-toggle-icon-opened fas fa-caret-up\"><\/i><\/span>\n\t\t\t\t\t\t\t\t\t\t\t\t\t<\/span>\n\t\t\t\t\t\t\t\t\t\t\t\t<a class=\"elementor-toggle-title\" tabindex=\"0\">Conseil Acad\u00e9mique du 21 octobre 2021<\/a>\n\t\t\t\t\t<\/div>\n\n\t\t\t\t\t<div id=\"elementor-tab-content-9052\" class=\"elementor-tab-content elementor-clearfix\" data-tab=\"2\" role=\"region\" aria-labelledby=\"elementor-tab-title-9052\"><ul style=\"list-style-type: disc;\"><li><a href=\"https:\/\/www.ubfc.fr\/wp-content\/uploads\/2022\/04\/Rapport-1_Verbatim-CAC-16-septembre-2021-part-1-.pdf\">Rapport 1 : Approbation du verbatim du CAC du 16 septembre 2021_Part.1<\/a><\/li><li><a href=\"https:\/\/www.ubfc.fr\/wp-content\/uploads\/2022\/04\/Rapport-1_Verbatim-CAC-16-septembre-2021-part-2.pdf\">Rapport 1 : Approbation du verbatim du CAC du 16 septembre 2021_Part.2<\/a><\/li><li>2. Point ISITE<\/li><li><a href=\"https:\/\/www.ubfc.fr\/wp-content\/uploads\/2022\/04\/Rapport-n\u00b03_Convention-Cadre-et-Annexes.pdf\">Rapport 3 : Convention cadre relative \u00e0 la mise en oeuvre des parcours de MASTERS UBFC avec les \u00e9tablissements membres<\/a><\/li><li><a href=\"https:\/\/www.ubfc.fr\/wp-content\/uploads\/2022\/04\/Rapport-n\u00b04_CAC_Nomination-directeurs-ED.pdf\">Rapport 4 : Nomination de directeurs aux \u00e9coles doctorales SEPT, LECLA et DGEP<\/a><\/li><li><a href=\"https:\/\/www.ubfc.fr\/wp-content\/uploads\/2022\/04\/Rapport-n\u00b05_CAC_Bilan-Formations-et-catalogue.pdf\">Rapport 5 : Catalogue de formations doctorales transversales (bilan 2020-2021 et pr\u00e9visionnel 2021-2022)<\/a><\/li><li><a href=\"https:\/\/www.ubfc.fr\/wp-content\/uploads\/2022\/04\/Rapport-n\u00b06_CAC-Laureats-AAP-2021-PSP.pdf\">Rapport 6 : Laur\u00e9ats de l\u2019AAP 2021 du P\u00f4le r\u00e9gional de Sant\u00e9 publique<\/a><\/li><li><a href=\"https:\/\/www.ubfc.fr\/wp-content\/uploads\/2022\/04\/Rapport-n\u00b07_CAC-Point-Information-Erasmus.pdf\">Rapport 7 : Point Information Erasmus<\/a><\/li><\/ul><\/div>\n\t\t\t\t<\/div>\n\t\t\t\t\t\t\t<div class=\"elementor-toggle-item\">\n\t\t\t\t\t<div id=\"elementor-tab-title-9053\" class=\"elementor-tab-title\" data-tab=\"3\" role=\"button\" aria-controls=\"elementor-tab-content-9053\" aria-expanded=\"false\">\n\t\t\t\t\t\t\t\t\t\t\t\t<span class=\"elementor-toggle-icon elementor-toggle-icon-left\" aria-hidden=\"true\">\n\t\t\t\t\t\t\t\t\t\t\t\t\t\t\t<span class=\"elementor-toggle-icon-closed\"><i class=\"fas fa-caret-right\"><\/i><\/span>\n\t\t\t\t\t\t\t\t<span class=\"elementor-toggle-icon-opened\"><i class=\"elementor-toggle-icon-opened fas fa-caret-up\"><\/i><\/span>\n\t\t\t\t\t\t\t\t\t\t\t\t\t<\/span>\n\t\t\t\t\t\t\t\t\t\t\t\t<a class=\"elementor-toggle-title\" tabindex=\"0\">Conseil Acad\u00e9mique du 16 septembre 2021<\/a>\n\t\t\t\t\t<\/div>\n\n\t\t\t\t\t<div id=\"elementor-tab-content-9053\" class=\"elementor-tab-content elementor-clearfix\" data-tab=\"3\" role=\"region\" aria-labelledby=\"elementor-tab-title-9053\"><ul style=\"list-style-type: disc;\"><li><a href=\"https:\/\/www.ubfc.fr\/wp-content\/uploads\/2022\/04\/Verbatim-signe-du-23-juin-Plenier-part-1_compressed.pdf\" data-wplink-url-error=\"true\">Rapport 1 : Approbation du verbatim du CAC du 23 juin 2021_Part.1<\/a><\/li><li><a href=\"https:\/\/www.ubfc.fr\/wp-content\/uploads\/2022\/04\/Verbatim-signe-du-23-juin-Plenier-part-2_compressed.pdf\">Rapport 1 : Approbation du verbatim du CAC du 23 juin 2021_Part.2<\/a><\/li><li>2. Point information ISITE<\/li><li><a href=\"https:\/\/www.ubfc.fr\/wp-content\/uploads\/2022\/02\/Rapport-3_-Soutien-Re\u0301gion-\u00e0-lentrepreneuriat-_-attractivite\u0301-et-nume\u0301rique.pdf\">Rapport 3 : Soutien Re\u0301gion \u00e0 l&rsquo;entrepreneuriat _ attractivite\u0301 et nume\u0301rique<\/a><\/li><li><a href=\"https:\/\/www.ubfc.fr\/wp-content\/uploads\/2022\/02\/Rapport-4_-R\u00e9sultat-Appels-\u00e0-manifestation-dInt\u00e9ret-RITM-BFC-2021.pdf\">Rapport 4 : R\u00e9sultats des Appels \u00e0 manifestation d\u2019int\u00e9r\u00eat (AMI) RITM-BFC 2021 et actions pr\u00e9visionnelles par levier de transformation pour l\u2019ann\u00e9e universitaire 2021-2022<\/a><\/li><li><a href=\"https:\/\/www.ubfc.fr\/wp-content\/uploads\/2022\/04\/Rapport-5_Convention-cadre-MASTERS_.pdf\">Rapport 5 : Convention cadre relative \u00e0 la mise en oeuvre des parcours de MASTERS UBFC avec les \u00e9tablissements membres<\/a><\/li><li><a href=\"https:\/\/www.ubfc.fr\/wp-content\/uploads\/2022\/02\/Rapport-6-_R\u00e9sultats-AAP-r\u00e9gion-Vie-\u00e9tudiante_EPN-2021-Avis-UBFC.pdf\">Rapport 6 : R\u00e9sultats AAP R\u00e9gion 2021 \u00ab\u00a0Vie Etudiante\u00a0\u00bb et \u00ab\u00a0Equipements P\u00e9dagogiques et Num\u00e9riques \u00ab\u00a0<\/a><\/li><li><a href=\"https:\/\/www.ubfc.fr\/wp-content\/uploads\/2022\/02\/Rapport-7_Rentr\u00e9e-universitaire-des-doctorants-2021.pdf\">Rapport 7 : Rentr\u00e9e universitaire des doctorants 2021<\/a><\/li><li><a href=\"https:\/\/www.ubfc.fr\/wp-content\/uploads\/2022\/02\/Rapport-3_-Soutien-Re\u0301gion-\u00e0-lentrepreneuriat-_-attractivite\u0301-et-nume\u0301rique.pdf\">Rapport 8 : R\u00e9sultat de la campagne ICE 2021<\/a><\/li><li><a href=\"https:\/\/www.ubfc.fr\/wp-content\/uploads\/2022\/02\/Rapport-9_Politique-SAPS.pdf\">Rapport 9 : Politique Science Avec et Pour la Soci\u00e9t\u00e9 (SAPS) d\u2019UBFC<\/a><\/li><\/ul><\/div>\n\t\t\t\t<\/div>\n\t\t\t\t\t\t\t<div class=\"elementor-toggle-item\">\n\t\t\t\t\t<div id=\"elementor-tab-title-9054\" class=\"elementor-tab-title\" data-tab=\"4\" role=\"button\" aria-controls=\"elementor-tab-content-9054\" aria-expanded=\"false\">\n\t\t\t\t\t\t\t\t\t\t\t\t<span class=\"elementor-toggle-icon elementor-toggle-icon-left\" aria-hidden=\"true\">\n\t\t\t\t\t\t\t\t\t\t\t\t\t\t\t<span class=\"elementor-toggle-icon-closed\"><i class=\"fas fa-caret-right\"><\/i><\/span>\n\t\t\t\t\t\t\t\t<span class=\"elementor-toggle-icon-opened\"><i class=\"elementor-toggle-icon-opened fas fa-caret-up\"><\/i><\/span>\n\t\t\t\t\t\t\t\t\t\t\t\t\t<\/span>\n\t\t\t\t\t\t\t\t\t\t\t\t<a class=\"elementor-toggle-title\" tabindex=\"0\">Conseil Acad\u00e9mique du 23 juin 2021<\/a>\n\t\t\t\t\t<\/div>\n\n\t\t\t\t\t<div id=\"elementor-tab-content-9054\" class=\"elementor-tab-content elementor-clearfix\" data-tab=\"4\" role=\"region\" aria-labelledby=\"elementor-tab-title-9054\"><ul><li><a href=\"https:\/\/www.ubfc.fr\/wp-content\/uploads\/2021\/07\/Verbatim-CAC-Pl\u00e9nier-19-mai-2021-1_2_compressed.pdf\">Rapport 1 : Approbation du Verbatim du CAC Pl\u00e9nier du 19 mai 2021 (1)<\/a> \/ <a href=\"https:\/\/www.ubfc.fr\/wp-content\/uploads\/2021\/07\/Verbatim-CAC-Pl\u00e9nier-19-mai-2021-2_2.pdf\">Approbation du Verbatim du CAC Pl\u00e9nier du 19 mai 2021 (2)<\/a><\/li><li><a href=\"https:\/\/www.ubfc.fr\/wp-content\/uploads\/2021\/07\/202106023-UBFC-CAC-Actu-ISITE-BFC-V2.pdf\">Actu-ISITE-BFC<\/a><\/li><li><a href=\"https:\/\/www.ubfc.fr\/wp-content\/uploads\/2021\/07\/Rapport-2_Rapport-dactivit\u00e9s-2019-et-2020-du-Polytechnicum-P\u00f4le-ding\u00e9nierie-et-de-Management-UBFC.pdf\">Rapport 2 : Rapport d&rsquo;activit\u00e9s 2019 et 2020 du Polytechnicum, P\u00f4le d&rsquo;ing\u00e9nierie et de Management UBFC<\/a><\/li><li><a href=\"https:\/\/www.ubfc.fr\/wp-content\/uploads\/2021\/07\/Rapport%203_Masters%20UBFC%20_Rentr%C3%A9e%20universitaire%202021_2022_(avec_annexes).pdf\">Rapport 3 : masters UBFC &#8211; organisation de l&rsquo;ann\u00e9e universitaire 2021\/2022<\/a><\/li><li><a href=\"https:\/\/www.ubfc.fr\/wp-content\/uploads\/2021\/07\/Rapport-4_Modalit\u00e9s-de-traitement-des-demandes-de-formation-en-FC-et-en-apprentissage-avec-annexe.pdf\">Rapport 4 : Modalit\u00e9s de traitement des demandes de formation en FC et en apprentissage (avec annexe)<\/a><\/li><li><a href=\"https:\/\/www.ubfc.fr\/wp-content\/uploads\/2021\/07\/Rapport-5_Plateforme-UBFC-Alumni_Bilan-dune-ann\u00e9e.pdf\">Rapport 5 : Plateforme UBFC Alumni &#8211; Bilan d&rsquo;une ann\u00e9e<\/a><\/li><li><a href=\"https:\/\/www.ubfc.fr\/wp-content\/uploads\/2021\/07\/Rapport-6_Rapport-dactivit\u00e9-coll\u00e8ge-doctoral.pdf\">Rapport 6 : Rapport d&rsquo;activit\u00e9 Coll\u00e8ge Doctoral<\/a><\/li><li><a href=\"https:\/\/www.ubfc.fr\/wp-content\/uploads\/2021\/07\/Rapport-7_Convention-cadre-doctorat-UBFC.pdf\">Rapport 7 : Convention cadre doctorat UBFC<\/a><ul><li><a href=\"https:\/\/www.ubfc.fr\/wp-content\/uploads\/2021\/07\/Annexe-1-\u2013-Accr\u00e9ditation-CNESER-du-22-mars-2017.pdf\">Annexe 1 \u2013 Accr\u00e9ditation CNESER du 22 mars 2017<\/a><\/li><li><a href=\"https:\/\/www.ubfc.fr\/wp-content\/uploads\/2021\/07\/Annexe-2-Liste-des-disciplines-de-doctorat.pdf\">Annexe 2 &#8211; Liste des disciplines de doctorat<\/a><\/li><li><a href=\"https:\/\/www.ubfc.fr\/wp-content\/uploads\/2021\/07\/Annexe-3-R\u00e8glement-int\u00e9rieur-du-Coll\u00e8ge-doctoral.pdf\">Annexe 3 &#8211; R\u00e8glement int\u00e9rieur du Coll\u00e8ge doctoral<\/a><\/li><li><a href=\"https:\/\/www.ubfc.fr\/wp-content\/uploads\/2021\/07\/Annexe-4-Organigramme-de-la-Mission-doctorale.pdf\">Annexe 4 &#8211; Organigramme de la Mission doctorale<\/a><\/li><li><a href=\"https:\/\/www.ubfc.fr\/wp-content\/uploads\/2021\/07\/Annexe-5-Charte-des-theses.pdf\">Annexe 5 &#8211; Charte des theses<\/a><\/li><li><a href=\"https:\/\/www.ubfc.fr\/wp-content\/uploads\/2021\/07\/Annexe-6-Liste-des-documents-de-la-Mission-doctorale.pdf\">Annexe 6 &#8211; Liste des documents de la Mission doctorale<\/a><\/li><\/ul><\/li><li><a href=\"https:\/\/www.ubfc.fr\/wp-content\/uploads\/2021\/07\/CAC-23_06_21-Statuts.pdf\">Statuts UBFC<\/a><\/li><\/ul><\/div>\n\t\t\t\t<\/div>\n\t\t\t\t\t\t\t<div class=\"elementor-toggle-item\">\n\t\t\t\t\t<div id=\"elementor-tab-title-9055\" class=\"elementor-tab-title\" data-tab=\"5\" role=\"button\" aria-controls=\"elementor-tab-content-9055\" aria-expanded=\"false\">\n\t\t\t\t\t\t\t\t\t\t\t\t<span class=\"elementor-toggle-icon elementor-toggle-icon-left\" aria-hidden=\"true\">\n\t\t\t\t\t\t\t\t\t\t\t\t\t\t\t<span class=\"elementor-toggle-icon-closed\"><i class=\"fas fa-caret-right\"><\/i><\/span>\n\t\t\t\t\t\t\t\t<span class=\"elementor-toggle-icon-opened\"><i class=\"elementor-toggle-icon-opened fas fa-caret-up\"><\/i><\/span>\n\t\t\t\t\t\t\t\t\t\t\t\t\t<\/span>\n\t\t\t\t\t\t\t\t\t\t\t\t<a class=\"elementor-toggle-title\" tabindex=\"0\">Conseil Acad\u00e9mique du 19 mai 2021<\/a>\n\t\t\t\t\t<\/div>\n\n\t\t\t\t\t<div id=\"elementor-tab-content-9055\" class=\"elementor-tab-content elementor-clearfix\" data-tab=\"5\" role=\"region\" aria-labelledby=\"elementor-tab-title-9055\"><ul><li><a href=\"https:\/\/www.ubfc.fr\/wp-content\/uploads\/2021\/06\/Rapport1_Verbatim-CAC-Pl\u00e9nier-08042021_1-3_compressed.pdf\">Rapport n\u00b01 : Verbatim CAC Pl\u00e9nier du 08\/04\/2021 (1)<\/a><\/li><li><a href=\"https:\/\/www.ubfc.fr\/wp-content\/uploads\/2021\/06\/Rapport1_Verbatim-CAC-Pl\u00e9nier-08042021_2-3_compressed.pdf\">Rapport n\u00b01 : Verbatim CAC Pl\u00e9nier du 08\/04\/2021 (2)<\/a><\/li><li><a href=\"https:\/\/www.ubfc.fr\/wp-content\/uploads\/2021\/06\/Rapport1_Verbatim-CAC-Pl\u00e9nier-08042021_3-3.pdf\">Rapport n\u00b01 : Verbatim CAC Pl\u00e9nier du 08\/04\/2021 (3)<\/a><\/li><li><a href=\"https:\/\/www.ubfc.fr\/wp-content\/uploads\/2021\/06\/Pr\u00e9sentation-Mission-Doctorale.pdf\">Pr\u00e9sentation Mission Doctorale<\/a><\/li><li><a href=\"https:\/\/www.ubfc.fr\/wp-content\/uploads\/2021\/06\/2021_05_19-CAC-Bilan-Ing\u00e9nieur.e-Manager-Tour-2020_compressed.pdf\">Bilan Ing\u00e9nieur.e Manager Tour 2020<\/a><\/li><\/ul><\/div>\n\t\t\t\t<\/div>\n\t\t\t\t\t\t\t<div class=\"elementor-toggle-item\">\n\t\t\t\t\t<div id=\"elementor-tab-title-9056\" class=\"elementor-tab-title\" data-tab=\"6\" role=\"button\" aria-controls=\"elementor-tab-content-9056\" aria-expanded=\"false\">\n\t\t\t\t\t\t\t\t\t\t\t\t<span class=\"elementor-toggle-icon elementor-toggle-icon-left\" aria-hidden=\"true\">\n\t\t\t\t\t\t\t\t\t\t\t\t\t\t\t<span class=\"elementor-toggle-icon-closed\"><i class=\"fas fa-caret-right\"><\/i><\/span>\n\t\t\t\t\t\t\t\t<span class=\"elementor-toggle-icon-opened\"><i class=\"elementor-toggle-icon-opened fas fa-caret-up\"><\/i><\/span>\n\t\t\t\t\t\t\t\t\t\t\t\t\t<\/span>\n\t\t\t\t\t\t\t\t\t\t\t\t<a class=\"elementor-toggle-title\" tabindex=\"0\">Conseil Acad\u00e9mique du 04 mars 2021<\/a>\n\t\t\t\t\t<\/div>\n\n\t\t\t\t\t<div id=\"elementor-tab-content-9056\" class=\"elementor-tab-content elementor-clearfix\" data-tab=\"6\" role=\"region\" aria-labelledby=\"elementor-tab-title-9056\"><ul><li><a href=\"https:\/\/www.ubfc.fr\/wp-content\/uploads\/2021\/03\/Rapport_1_Verbatim_CAC_plenier_UBFC_20.01.21-min.pdf\">Rapport n\u00b01 : Verbatim CAC pl\u00e9nier UBFC 20.01.2021<\/a><\/li><li><a href=\"https:\/\/www.ubfc.fr\/wp-content\/uploads\/2021\/03\/Pr\u00e9sentation-service-PSR_CAC-du-4-mars-2021.pdf\">Pr\u00e9sentation service PSR<\/a><\/li><li><a href=\"https:\/\/www.ubfc.fr\/wp-content\/uploads\/2021\/03\/Lancement_SFRI_UBFC_InteGrate_comp-min.pdf\">Lancement SFRI <em>UBFC Integrate<\/em><\/a><\/li><li><a href=\"https:\/\/www.ubfc.fr\/wp-content\/uploads\/2021\/03\/Pr\u00e9sentation-service-FIP_CAC-du-4-mars-2021-version_modifi\u00e9e.pdf\">Pr\u00e9sentation service FIP<\/a><\/li><li><a href=\"https:\/\/www.ubfc.fr\/wp-content\/uploads\/2021\/03\/Rapport5_CER_soci\u00e9t\u00e9-civile-et-installation-du-bureau.pdf\">Rapport n\u00b05 : CER, soci\u00e9t\u00e9 civile et installation du bureau<\/a><\/li><\/ul><\/div>\n\t\t\t\t<\/div>\n\t\t\t\t\t\t\t<div class=\"elementor-toggle-item\">\n\t\t\t\t\t<div id=\"elementor-tab-title-9057\" class=\"elementor-tab-title\" data-tab=\"7\" role=\"button\" aria-controls=\"elementor-tab-content-9057\" aria-expanded=\"false\">\n\t\t\t\t\t\t\t\t\t\t\t\t<span class=\"elementor-toggle-icon elementor-toggle-icon-left\" aria-hidden=\"true\">\n\t\t\t\t\t\t\t\t\t\t\t\t\t\t\t<span class=\"elementor-toggle-icon-closed\"><i class=\"fas fa-caret-right\"><\/i><\/span>\n\t\t\t\t\t\t\t\t<span class=\"elementor-toggle-icon-opened\"><i class=\"elementor-toggle-icon-opened fas fa-caret-up\"><\/i><\/span>\n\t\t\t\t\t\t\t\t\t\t\t\t\t<\/span>\n\t\t\t\t\t\t\t\t\t\t\t\t<a class=\"elementor-toggle-title\" tabindex=\"0\">Conseil Acad\u00e9mique du 21 avril 2021<\/a>\n\t\t\t\t\t<\/div>\n\n\t\t\t\t\t<div id=\"elementor-tab-content-9057\" class=\"elementor-tab-content elementor-clearfix\" data-tab=\"7\" role=\"region\" aria-labelledby=\"elementor-tab-title-9057\"><ul><li><a href=\"https:\/\/www.ubfc.fr\/wp-content\/uploads\/2021\/07\/Rapport1_Verbatim_CAC_04.03.20-min.pdf\">Rapport 1 : Approbation du verbatim du CAC du 04 mars 2021 <\/a><\/li><li><a href=\"https:\/\/www.ubfc.fr\/wp-content\/uploads\/2021\/05\/Rapport-2_Erasmus-Mundus.pdf\">Rapport 2 : Erasmus Mundus<\/a><br \/><a href=\"https:\/\/www.ubfc.fr\/wp-content\/uploads\/2021\/05\/Pr\u00e9sentation-Erasmus-Mundus-min.pdf\">&gt; Pr\u00e9sentation Erasmus Mundus<\/a><\/li><li><a href=\"https:\/\/www.ubfc.fr\/wp-content\/uploads\/2021\/05\/Rapport-3-_Bourses-cotutelles-de-th\u00e8ses.pdf\">Rapport 3 : bourses cotutelles de th\u00e8ses<\/a><\/li><li><a href=\"https:\/\/www.ubfc.fr\/wp-content\/uploads\/2021\/05\/Rapport_4_Ma-Th\u00e8se-en-180-secondes.pdf\">Rapport 4 :\u00a0 \u00ab\u00a0Ma Th\u00e8se en 180 secondes\u00a0\u00bb<\/a><\/li><li><a href=\"https:\/\/www.ubfc.fr\/wp-content\/uploads\/2021\/05\/Rapport-5_retours-sur-2-\u00e9v\u00e9nements-carri\u00e8re-sp\u00e9cial-doctorats.pdf\">Rapport 5 : retours sur deux \u00e9v\u00e9nements carri\u00e8re sp\u00e9cial doctorats<\/a><br \/><a href=\"https:\/\/www.ubfc.fr\/wp-content\/uploads\/2021\/05\/Annexes-rapport-CAC-events-carriere-avril21.pdf\">&gt; Annexes\u00a0<\/a><\/li><li><a href=\"https:\/\/www.ubfc.fr\/wp-content\/uploads\/2021\/05\/Rapport-6_Crise-sanitaire-master_avec-annexes.pdf\">Rapport 6 : crise sanitaire master avec annexes<\/a><\/li><li><a href=\"https:\/\/www.ubfc.fr\/wp-content\/uploads\/2021\/05\/Pre\u0301sentation-Service-RI-CAC-min.pdf\">Pre\u0301sentation Service Relations Internationales\u00a0<\/a><\/li><\/ul><\/div>\n\t\t\t\t<\/div>\n\t\t\t\t\t\t\t<div class=\"elementor-toggle-item\">\n\t\t\t\t\t<div id=\"elementor-tab-title-9058\" class=\"elementor-tab-title\" data-tab=\"8\" role=\"button\" aria-controls=\"elementor-tab-content-9058\" aria-expanded=\"false\">\n\t\t\t\t\t\t\t\t\t\t\t\t<span class=\"elementor-toggle-icon elementor-toggle-icon-left\" aria-hidden=\"true\">\n\t\t\t\t\t\t\t\t\t\t\t\t\t\t\t<span class=\"elementor-toggle-icon-closed\"><i class=\"fas fa-caret-right\"><\/i><\/span>\n\t\t\t\t\t\t\t\t<span class=\"elementor-toggle-icon-opened\"><i class=\"elementor-toggle-icon-opened fas fa-caret-up\"><\/i><\/span>\n\t\t\t\t\t\t\t\t\t\t\t\t\t<\/span>\n\t\t\t\t\t\t\t\t\t\t\t\t<a class=\"elementor-toggle-title\" tabindex=\"0\">Conseil Acad\u00e9mique du 20 janvier 2021<\/a>\n\t\t\t\t\t<\/div>\n\n\t\t\t\t\t<div id=\"elementor-tab-content-9058\" class=\"elementor-tab-content elementor-clearfix\" data-tab=\"8\" role=\"region\" aria-labelledby=\"elementor-tab-title-9058\"><ul><li><a href=\"https:\/\/www.ubfc.fr\/wp-content\/uploads\/2021\/01\/Rapport-n\u00b01_Approbation-du-Verbatim_16122020.pdf\">Rapport n\u00b01 : Approbation du Verbatim du 16\/12\/2020<\/a><\/li><li><a href=\"https:\/\/www.ubfc.fr\/wp-content\/uploads\/2021\/01\/Rapport-n\u00b02_CAC-UBFC-20.01.21_reporting-EIPHI-BFC.pdf\">Rapport n\u00b02 : Reporting EIPHI-BFC<\/a><\/li><li><a href=\"https:\/\/www.ubfc.fr\/wp-content\/uploads\/2021\/01\/Rapport-n\u00b03_CAC-CER.pdf\">Rapport n\u00b03 : Comit\u00e9 d&rsquo;\u00e9thique de la recherche (CER)<\/a><\/li><li><a href=\"https:\/\/www.ubfc.fr\/wp-content\/uploads\/2021\/01\/Rapport-n\u00b04_dat@UBFC_CAC_2001_2021.pdf\">Rapport n\u00b04 : Dat@UBFC<\/a><\/li><\/ul><\/div>\n\t\t\t\t<\/div>\n\t\t\t\t\t\t\t\t<\/div>\n\t\t\t\t\t\t<\/div>\n\t\t\t\t<\/div>\n\t\t\t\t\t<\/div>\n\t\t<\/div>\n\t\t\t\t\t<\/div>\n\t\t<\/section>\n\t\t\t\t<\/div>\n\t\t","protected":false},"excerpt":{"rendered":"<p>Conseil Acad\u00e9mique du 9 d\u00e9cembre 2021 Rapport 1 : Approbation du verbatim du CAC du 21 octobre 2021_Part.1 Rapport 1 : Approbation du verbatim du CAC du 21 octobre 2021_Part.2 Rapport 2 : Avis d&#8217;UBFC sur les dossiers soumis aux appels \u00e0 projets R\u00e9gion 2022 Rapport 3 : Ventilation des cr\u00e9dits r\u00e9currents 2022 des laboratoires &hellip; <a href=\"https:\/\/www.ubfc.fr\/en\/ubfc\/gouvernance\/instances\/conseil-academique\/cac-proces-verbaux-2021\/\">Continued<\/a><\/p>\n","protected":false},"author":18,"featured_media":0,"parent":735,"menu_order":69,"comment_status":"closed","ping_status":"closed","template":"","meta":{"_acf_changed":false,"footnotes":""},"class_list":["post-50887","page","type-page","status-publish","hentry"],"acf":[],"yoast_head":"<!-- This site is optimized with the Yoast SEO plugin v27.5 - https:\/\/yoast.com\/product\/yoast-seo-wordpress\/ -->\n<title>CAC - Proc\u00e8s verbaux 2021 - COMUE Universit\u00e9 Bourgogne-Franche-Comt\u00e9<\/title>\n<meta name=\"robots\" content=\"index, follow, max-snippet:-1, max-image-preview:large, max-video-preview:-1\" \/>\n<link rel=\"canonical\" href=\"https:\/\/www.ubfc.fr\/en\/ubfc\/gouvernance\/instances\/conseil-academique\/cac-proces-verbaux-2021\/\" \/>\n<meta property=\"og:locale\" content=\"en_US\" \/>\n<meta property=\"og:type\" content=\"article\" \/>\n<meta property=\"og:title\" content=\"CAC - Proc\u00e8s verbaux 2021 - COMUE Universit\u00e9 Bourgogne-Franche-Comt\u00e9\" \/>\n<meta property=\"og:description\" content=\"Conseil Acad\u00e9mique du 9 d\u00e9cembre 2021 Rapport 1 : Approbation du verbatim du CAC du 21 octobre 2021_Part.1 Rapport 1 : Approbation du verbatim du CAC du 21 octobre 2021_Part.2 Rapport 2 : Avis d&#8217;UBFC sur les dossiers soumis aux appels \u00e0 projets R\u00e9gion 2022 Rapport 3 : Ventilation des cr\u00e9dits r\u00e9currents 2022 des laboratoires &hellip; Continued\" \/>\n<meta property=\"og:url\" content=\"https:\/\/www.ubfc.fr\/en\/ubfc\/gouvernance\/instances\/conseil-academique\/cac-proces-verbaux-2021\/\" \/>\n<meta property=\"og:site_name\" content=\"COMUE Universit\u00e9 Bourgogne-Franche-Comt\u00e9\" \/>\n<meta property=\"article:publisher\" content=\"https:\/\/www.facebook.com\/UnivBFC\/\" \/>\n<meta property=\"article:modified_time\" content=\"2022-05-13T12:23:52+00:00\" \/>\n<meta name=\"twitter:card\" content=\"summary_large_image\" \/>\n<meta name=\"twitter:site\" content=\"@univ_bfc\" \/>\n<meta name=\"twitter:label1\" content=\"Est. reading time\" \/>\n\t<meta name=\"twitter:data1\" content=\"3 minutes\" \/>\n<script type=\"application\/ld+json\" class=\"yoast-schema-graph\">{\"@context\":\"https:\\\/\\\/schema.org\",\"@graph\":[{\"@type\":\"WebPage\",\"@id\":\"https:\\\/\\\/www.ubfc.fr\\\/en\\\/ubfc\\\/gouvernance\\\/instances\\\/conseil-academique\\\/cac-proces-verbaux-2021\\\/\",\"url\":\"https:\\\/\\\/www.ubfc.fr\\\/en\\\/ubfc\\\/gouvernance\\\/instances\\\/conseil-academique\\\/cac-proces-verbaux-2021\\\/\",\"name\":\"CAC - Proc\u00e8s verbaux 2021 - COMUE Universit\u00e9 Bourgogne-Franche-Comt\u00e9\",\"isPartOf\":{\"@id\":\"https:\\\/\\\/www.ubfc.fr\\\/#website\"},\"datePublished\":\"2021-01-21T07:49:26+00:00\",\"dateModified\":\"2022-05-13T12:23:52+00:00\",\"breadcrumb\":{\"@id\":\"https:\\\/\\\/www.ubfc.fr\\\/en\\\/ubfc\\\/gouvernance\\\/instances\\\/conseil-academique\\\/cac-proces-verbaux-2021\\\/#breadcrumb\"},\"inLanguage\":\"en-US\",\"potentialAction\":[{\"@type\":\"ReadAction\",\"target\":[\"https:\\\/\\\/www.ubfc.fr\\\/en\\\/ubfc\\\/gouvernance\\\/instances\\\/conseil-academique\\\/cac-proces-verbaux-2021\\\/\"]}]},{\"@type\":\"BreadcrumbList\",\"@id\":\"https:\\\/\\\/www.ubfc.fr\\\/en\\\/ubfc\\\/gouvernance\\\/instances\\\/conseil-academique\\\/cac-proces-verbaux-2021\\\/#breadcrumb\",\"itemListElement\":[{\"@type\":\"ListItem\",\"position\":1,\"name\":\"Accueil\",\"item\":\"https:\\\/\\\/www.ubfc.fr\\\/en\\\/\"},{\"@type\":\"ListItem\",\"position\":2,\"name\":\"UBFC\",\"item\":\"https:\\\/\\\/www.ubfc.fr\\\/ubfc\\\/\"},{\"@type\":\"ListItem\",\"position\":3,\"name\":\"Gouvernance\",\"item\":\"https:\\\/\\\/www.ubfc.fr\\\/ubfc\\\/gouvernance\\\/\"},{\"@type\":\"ListItem\",\"position\":4,\"name\":\"Instances\",\"item\":\"https:\\\/\\\/www.ubfc.fr\\\/ubfc\\\/gouvernance\\\/instances\\\/\"},{\"@type\":\"ListItem\",\"position\":5,\"name\":\"Conseil Acad\u00e9mique\",\"item\":\"https:\\\/\\\/www.ubfc.fr\\\/ubfc\\\/gouvernance\\\/instances\\\/conseil-academique\\\/\"},{\"@type\":\"ListItem\",\"position\":6,\"name\":\"CAC &#8211; Proc\u00e8s verbaux 2021\"}]},{\"@type\":\"WebSite\",\"@id\":\"https:\\\/\\\/www.ubfc.fr\\\/#website\",\"url\":\"https:\\\/\\\/www.ubfc.fr\\\/\",\"name\":\"COMUE Universit\u00e9 Bourgogne-Franche-Comt\u00e9\",\"description\":\"\",\"publisher\":{\"@id\":\"https:\\\/\\\/www.ubfc.fr\\\/#organization\"},\"potentialAction\":[{\"@type\":\"SearchAction\",\"target\":{\"@type\":\"EntryPoint\",\"urlTemplate\":\"https:\\\/\\\/www.ubfc.fr\\\/?s={search_term_string}\"},\"query-input\":{\"@type\":\"PropertyValueSpecification\",\"valueRequired\":true,\"valueName\":\"search_term_string\"}}],\"inLanguage\":\"en-US\"},{\"@type\":\"Organization\",\"@id\":\"https:\\\/\\\/www.ubfc.fr\\\/#organization\",\"name\":\"Universit\u00e9 Bourgogne-Franche-Comt\u00e9\",\"url\":\"https:\\\/\\\/www.ubfc.fr\\\/\",\"logo\":{\"@type\":\"ImageObject\",\"inLanguage\":\"en-US\",\"@id\":\"https:\\\/\\\/www.ubfc.fr\\\/#\\\/schema\\\/logo\\\/image\\\/\",\"url\":\"https:\\\/\\\/www.ubfc.fr\\\/wp-content\\\/uploads\\\/2022\\\/03\\\/vagueUBFC_favicon.png\",\"contentUrl\":\"https:\\\/\\\/www.ubfc.fr\\\/wp-content\\\/uploads\\\/2022\\\/03\\\/vagueUBFC_favicon.png\",\"width\":512,\"height\":512,\"caption\":\"Universit\u00e9 Bourgogne-Franche-Comt\u00e9\"},\"image\":{\"@id\":\"https:\\\/\\\/www.ubfc.fr\\\/#\\\/schema\\\/logo\\\/image\\\/\"},\"sameAs\":[\"https:\\\/\\\/www.facebook.com\\\/UnivBFC\\\/\",\"https:\\\/\\\/x.com\\\/univ_bfc\",\"https:\\\/\\\/www.linkedin.com\\\/school\\\/universitebourgognefranchecomte\\\/mycompany\\\/\"]}]}<\/script>\n<!-- \/ Yoast SEO plugin. -->","yoast_head_json":{"title":"CAC - Proc\u00e8s verbaux 2021 - COMUE Universit\u00e9 Bourgogne-Franche-Comt\u00e9","robots":{"index":"index","follow":"follow","max-snippet":"max-snippet:-1","max-image-preview":"max-image-preview:large","max-video-preview":"max-video-preview:-1"},"canonical":"https:\/\/www.ubfc.fr\/en\/ubfc\/gouvernance\/instances\/conseil-academique\/cac-proces-verbaux-2021\/","og_locale":"en_US","og_type":"article","og_title":"CAC - Proc\u00e8s verbaux 2021 - COMUE Universit\u00e9 Bourgogne-Franche-Comt\u00e9","og_description":"Conseil Acad\u00e9mique du 9 d\u00e9cembre 2021 Rapport 1 : Approbation du verbatim du CAC du 21 octobre 2021_Part.1 Rapport 1 : Approbation du verbatim du CAC du 21 octobre 2021_Part.2 Rapport 2 : Avis d&#8217;UBFC sur les dossiers soumis aux appels \u00e0 projets R\u00e9gion 2022 Rapport 3 : Ventilation des cr\u00e9dits r\u00e9currents 2022 des laboratoires &hellip; Continued","og_url":"https:\/\/www.ubfc.fr\/en\/ubfc\/gouvernance\/instances\/conseil-academique\/cac-proces-verbaux-2021\/","og_site_name":"COMUE Universit\u00e9 Bourgogne-Franche-Comt\u00e9","article_publisher":"https:\/\/www.facebook.com\/UnivBFC\/","article_modified_time":"2022-05-13T12:23:52+00:00","twitter_card":"summary_large_image","twitter_site":"@univ_bfc","twitter_misc":{"Est. reading time":"3 minutes"},"schema":{"@context":"https:\/\/schema.org","@graph":[{"@type":"WebPage","@id":"https:\/\/www.ubfc.fr\/en\/ubfc\/gouvernance\/instances\/conseil-academique\/cac-proces-verbaux-2021\/","url":"https:\/\/www.ubfc.fr\/en\/ubfc\/gouvernance\/instances\/conseil-academique\/cac-proces-verbaux-2021\/","name":"CAC - Proc\u00e8s verbaux 2021 - COMUE Universit\u00e9 Bourgogne-Franche-Comt\u00e9","isPartOf":{"@id":"https:\/\/www.ubfc.fr\/#website"},"datePublished":"2021-01-21T07:49:26+00:00","dateModified":"2022-05-13T12:23:52+00:00","breadcrumb":{"@id":"https:\/\/www.ubfc.fr\/en\/ubfc\/gouvernance\/instances\/conseil-academique\/cac-proces-verbaux-2021\/#breadcrumb"},"inLanguage":"en-US","potentialAction":[{"@type":"ReadAction","target":["https:\/\/www.ubfc.fr\/en\/ubfc\/gouvernance\/instances\/conseil-academique\/cac-proces-verbaux-2021\/"]}]},{"@type":"BreadcrumbList","@id":"https:\/\/www.ubfc.fr\/en\/ubfc\/gouvernance\/instances\/conseil-academique\/cac-proces-verbaux-2021\/#breadcrumb","itemListElement":[{"@type":"ListItem","position":1,"name":"Accueil","item":"https:\/\/www.ubfc.fr\/en\/"},{"@type":"ListItem","position":2,"name":"UBFC","item":"https:\/\/www.ubfc.fr\/ubfc\/"},{"@type":"ListItem","position":3,"name":"Gouvernance","item":"https:\/\/www.ubfc.fr\/ubfc\/gouvernance\/"},{"@type":"ListItem","position":4,"name":"Instances","item":"https:\/\/www.ubfc.fr\/ubfc\/gouvernance\/instances\/"},{"@type":"ListItem","position":5,"name":"Conseil Acad\u00e9mique","item":"https:\/\/www.ubfc.fr\/ubfc\/gouvernance\/instances\/conseil-academique\/"},{"@type":"ListItem","position":6,"name":"CAC &#8211; Proc\u00e8s verbaux 2021"}]},{"@type":"WebSite","@id":"https:\/\/www.ubfc.fr\/#website","url":"https:\/\/www.ubfc.fr\/","name":"COMUE Universit\u00e9 Bourgogne-Franche-Comt\u00e9","description":"","publisher":{"@id":"https:\/\/www.ubfc.fr\/#organization"},"potentialAction":[{"@type":"SearchAction","target":{"@type":"EntryPoint","urlTemplate":"https:\/\/www.ubfc.fr\/?s={search_term_string}"},"query-input":{"@type":"PropertyValueSpecification","valueRequired":true,"valueName":"search_term_string"}}],"inLanguage":"en-US"},{"@type":"Organization","@id":"https:\/\/www.ubfc.fr\/#organization","name":"Universit\u00e9 Bourgogne-Franche-Comt\u00e9","url":"https:\/\/www.ubfc.fr\/","logo":{"@type":"ImageObject","inLanguage":"en-US","@id":"https:\/\/www.ubfc.fr\/#\/schema\/logo\/image\/","url":"https:\/\/www.ubfc.fr\/wp-content\/uploads\/2022\/03\/vagueUBFC_favicon.png","contentUrl":"https:\/\/www.ubfc.fr\/wp-content\/uploads\/2022\/03\/vagueUBFC_favicon.png","width":512,"height":512,"caption":"Universit\u00e9 Bourgogne-Franche-Comt\u00e9"},"image":{"@id":"https:\/\/www.ubfc.fr\/#\/schema\/logo\/image\/"},"sameAs":["https:\/\/www.facebook.com\/UnivBFC\/","https:\/\/x.com\/univ_bfc","https:\/\/www.linkedin.com\/school\/universitebourgognefranchecomte\/mycompany\/"]}]}},"_links":{"self":[{"href":"https:\/\/www.ubfc.fr\/en\/wp-json\/wp\/v2\/pages\/50887","targetHints":{"allow":["GET"]}}],"collection":[{"href":"https:\/\/www.ubfc.fr\/en\/wp-json\/wp\/v2\/pages"}],"about":[{"href":"https:\/\/www.ubfc.fr\/en\/wp-json\/wp\/v2\/types\/page"}],"author":[{"embeddable":true,"href":"https:\/\/www.ubfc.fr\/en\/wp-json\/wp\/v2\/users\/18"}],"replies":[{"embeddable":true,"href":"https:\/\/www.ubfc.fr\/en\/wp-json\/wp\/v2\/comments?post=50887"}],"version-history":[{"count":0,"href":"https:\/\/www.ubfc.fr\/en\/wp-json\/wp\/v2\/pages\/50887\/revisions"}],"up":[{"embeddable":true,"href":"https:\/\/www.ubfc.fr\/en\/wp-json\/wp\/v2\/pages\/735"}],"wp:attachment":[{"href":"https:\/\/www.ubfc.fr\/en\/wp-json\/wp\/v2\/media?parent=50887"}],"curies":[{"name":"wp","href":"https:\/\/api.w.org\/{rel}","templated":true}]}}