{"id":45920,"date":"2020-09-01T16:17:00","date_gmt":"2020-09-01T14:17:00","guid":{"rendered":"https:\/\/www.ubfc.fr\/everyday-life\/culture\/"},"modified":"2020-09-01T16:17:02","modified_gmt":"2020-09-01T14:17:02","slug":"culture","status":"publish","type":"page","link":"https:\/\/www.ubfc.fr\/en\/campus-life\/everyday-life\/culture\/","title":{"rendered":"Culture"},"content":{"rendered":"\t\t<div data-elementor-type=\"wp-page\" data-elementor-id=\"45920\" class=\"elementor elementor-45920 elementor-43358\" data-elementor-post-type=\"page\">\n\t\t\t\t\t\t<section class=\"elementor-section elementor-top-section elementor-element elementor-element-aca72f1 elementor-section-boxed elementor-section-height-default elementor-section-height-default\" data-id=\"aca72f1\" data-element_type=\"section\" data-e-type=\"section\">\n\t\t\t\t\t\t<div class=\"elementor-container elementor-column-gap-default\">\n\t\t\t\t\t<div class=\"elementor-column elementor-col-100 elementor-top-column elementor-element elementor-element-98d1082\" data-id=\"98d1082\" data-element_type=\"column\" data-e-type=\"column\">\n\t\t\t<div class=\"elementor-widget-wrap elementor-element-populated\">\n\t\t\t\t\t\t<div class=\"elementor-element elementor-element-9e8bfcc elementor-widget elementor-widget-text-editor\" data-id=\"9e8bfcc\" data-element_type=\"widget\" data-e-type=\"widget\" data-widget_type=\"text-editor.default\">\n\t\t\t\t<div class=\"elementor-widget-container\">\n\t\t\t\t\t\t\t\t\t<p>UBFC institutes and student associations propose cultural events in all campuses and sites round the year.<\/p>\n\t\t\t\t\t\t\t\t<\/div>\n\t\t\t\t<\/div>\n\t\t\t\t\t<\/div>\n\t\t<\/div>\n\t\t\t\t\t<\/div>\n\t\t<\/section>\n\t\t\t\t<section class=\"elementor-section elementor-top-section elementor-element elementor-element-b96ac4b elementor-section-boxed elementor-section-height-default elementor-section-height-default\" data-id=\"b96ac4b\" data-element_type=\"section\" data-e-type=\"section\">\n\t\t\t\t\t\t<div class=\"elementor-container elementor-column-gap-default\">\n\t\t\t\t\t<div class=\"elementor-column elementor-col-50 elementor-top-column elementor-element elementor-element-71e86ff\" data-id=\"71e86ff\" data-element_type=\"column\" data-e-type=\"column\">\n\t\t\t<div class=\"elementor-widget-wrap elementor-element-populated\">\n\t\t\t\t\t\t<div class=\"elementor-element elementor-element-b095ba1 elementor-widget elementor-widget-heading\" data-id=\"b095ba1\" data-element_type=\"widget\" data-e-type=\"widget\" data-widget_type=\"heading.default\">\n\t\t\t\t<div class=\"elementor-widget-container\">\n\t\t\t\t\t<h2 class=\"elementor-heading-title elementor-size-medium\">In Besan\u00e7on<\/h2>\t\t\t\t<\/div>\n\t\t\t\t<\/div>\n\t\t\t\t\t<\/div>\n\t\t<\/div>\n\t\t\t\t<div class=\"elementor-column elementor-col-50 elementor-top-column elementor-element elementor-element-b45a296\" data-id=\"b45a296\" data-element_type=\"column\" data-e-type=\"column\">\n\t\t\t<div class=\"elementor-widget-wrap elementor-element-populated\">\n\t\t\t\t\t\t<div class=\"elementor-element elementor-element-d64d8c3 elementor-widget elementor-widget-heading\" data-id=\"d64d8c3\" data-element_type=\"widget\" data-e-type=\"widget\" data-widget_type=\"heading.default\">\n\t\t\t\t<div class=\"elementor-widget-container\">\n\t\t\t\t\t<h2 class=\"elementor-heading-title elementor-size-medium\">In Dijon<\/h2>\t\t\t\t<\/div>\n\t\t\t\t<\/div>\n\t\t\t\t\t<\/div>\n\t\t<\/div>\n\t\t\t\t\t<\/div>\n\t\t<\/section>\n\t\t\t\t<section class=\"elementor-section elementor-top-section elementor-element elementor-element-98a86bd elementor-section-boxed elementor-section-height-default elementor-section-height-default\" data-id=\"98a86bd\" data-element_type=\"section\" data-e-type=\"section\">\n\t\t\t\t\t\t<div class=\"elementor-container elementor-column-gap-default\">\n\t\t\t\t\t<div class=\"elementor-column elementor-col-50 elementor-top-column elementor-element elementor-element-588927d\" data-id=\"588927d\" data-element_type=\"column\" data-e-type=\"column\">\n\t\t\t<div class=\"elementor-widget-wrap elementor-element-populated\">\n\t\t\t\t\t\t<div class=\"elementor-element elementor-element-854777d elementor-widget elementor-widget-text-editor\" data-id=\"854777d\" data-element_type=\"widget\" data-e-type=\"widget\" data-widget_type=\"text-editor.default\">\n\t\t\t\t<div class=\"elementor-widget-container\">\n\t\t\t\t\t\t\t\t\t<ul>\n<li><strong><a href=\"http:\/\/www.univ-fcomte.fr\/lieux-culturels\/la-fabrika#.XnjWEG7jK7w\">La Fabrik\u00e0<\/a><br \/>\n<\/strong><\/li>\n<\/ul>\n<p>The place is located on the \u201cBouloie\u201d campus. It is dedicated to the discovery of sciences and research \u201cin the making\u201d. The team works in tight collaboration with Universit\u00e9 de Franche-Comt\u00e9 researchers to propose recreational and interactive exhibitions and events accessible to all.<\/p>\n<ul>\n<li><strong><a href=\"http:\/\/www.univ-fcomte.fr\/lieux-culturels\/salle-jenny-dhericourt#.XnjWR27jK7w\">La Salle Jenny d\u2019H\u00e9ricourt<\/a> and the <a href=\"http:\/\/www.univ-fcomte.fr\/les-maisons-des-etudiants#.XnjWaG7jK7w\">Maison des \u00e9tudiants of Besan\u00e7on<\/a><br \/>\n<\/strong><\/li>\n<\/ul>\n<p>The salle Jenny of H\u00e9ricourt (Crous BFC) and the Maison des \u00e9tudiants (UFC) of Besan\u00e7on can host student associations for rehearsals, workshops (drama, dance, music, etc.) and events (concerts, festivals, outcomes of student projects funded by the university and the Crous).<\/p>\n<p>Theme nights organised by the office of student life and managed by student associations take place at the Maison des \u00e9tudiants on a regular basis.<\/p>\n<ul>\n<li><strong><span style=\"color: #32acc4;\">The<\/span> <a href=\"http:\/\/www.univ-fcomte.fr\/lieux-culturels\/le-14101#.XnjXrW7jK7w\">14.101<\/a><\/strong><\/li>\n<\/ul>\n<p>The 14.101 is a place dedicated to creation and rehearsals, located above the Petit Th\u00e9\u00e2tre de la Bouloie in Gaffiot residence hall. It hosts companies, professional, amateur and student artists for different cultural and artistic projects, e.g., staging, writing, workshops, etc.<\/p>\n<p><a href=\"http:\/\/www.crous-bfc.fr\">www.crous-bfc.fr<\/a><\/p>\n<p>&nbsp;<\/p>\n<ul>\n<li><a href=\"http:\/\/www.univ-fcomte.fr\/lieux-culturels\/petit-theatre-de-la-bouloie#.XnjXym7jK7w\"><span style=\"color: #32acc4;\"><strong>The Petit Th\u00e9\u00e2tre de la Bouloie<\/strong><\/span><\/a><\/li>\n<\/ul>\n<p>Located at the heart of the campus, it offers a wide range of programmes overseen by the culture service of the Crous BFC, dealing with all facets of live shows. The culture department receives and helps the projects in residence of emerging regional and student theater companies to offer them a place dedicated to creation and rehearsals adapted to their needs.<br \/>\n<a href=\"http:\/\/www.crous-bfc.fr\">www.crous-bfc.fr<\/a><\/p>\n<p>&nbsp;<\/p>\n<ul>\n<li><a href=\"http:\/\/www.crous-bfc.fr\/service\/cafe-international\/\"><strong>The Caf\u00e9 international<\/strong><\/a><\/li>\n<\/ul>\n<p>This caf\u00e9 is located downtown, at the foot of the cit\u00e9 Canot. It hosts concerts organised by the culture department of the Crous BFC, as well as events developed in partnership with student associations.<br \/>\n<a href=\"http:\/\/www.crous-bfc.fr\">www.crous-bfc.fr<\/a><\/p>\n<p>&nbsp;<\/p>\n\t\t\t\t\t\t\t\t<\/div>\n\t\t\t\t<\/div>\n\t\t\t\t\t<\/div>\n\t\t<\/div>\n\t\t\t\t<div class=\"elementor-column elementor-col-50 elementor-top-column elementor-element elementor-element-a1c8d51\" data-id=\"a1c8d51\" data-element_type=\"column\" data-e-type=\"column\">\n\t\t\t<div class=\"elementor-widget-wrap elementor-element-populated\">\n\t\t\t\t\t\t<div class=\"elementor-element elementor-element-3c1d737 elementor-widget elementor-widget-text-editor\" data-id=\"3c1d737\" data-element_type=\"widget\" data-e-type=\"widget\" data-widget_type=\"text-editor.default\">\n\t\t\t\t<div class=\"elementor-widget-container\">\n\t\t\t\t\t\t\t\t\t<ul>\n<li><span style=\"color: #32acc4;\"><strong>The<\/strong><strong> th\u00e9\u00e2tre MANSART<\/strong><\/span><\/li>\n<\/ul>\n<p>The th\u00e9\u00e2tre MANSART is located on Dijon campus and overseen by the culture department of the Crous BFC. It is dedicated to thinking, working, creating, and sharing, and aimed at student associations. Numerous young artists and young theater companies, stakeholders of the regional cultural life, find opportunities for residence and meetings at the th\u00e9\u00e2tre Mansart. A link is building up between the town and the campus to make Mansart a space of novel expression.<br \/>\n<a href=\"http:\/\/www.crous-bfc.fr\">www.crous-bfc.fr<\/a><\/p>\n<ul>\n<li><strong>The<\/strong><strong> atheneum<\/strong><\/li>\n<\/ul>\n<p>Located at the heart of Dijon campus, the atheneum is the cultural centre of the Universit\u00e9 de Bourgogne. It is dedicated to creation and research, transmission, debates, experimentation and sensitization to art and culture. Strongly anchored around contemporary creation, it is one of the places for making student or professional creations visible, and a working space for artists who can go there to develop projects with students and lecturers-researchers. Dance or theater shows, exhibitions, concerts, colloquiums, workshops, a scientific and technical culture forum are on the agenda every season. These events are as many finds for students and the general public.<br \/>\n<a href=\"https:\/\/atheneum.u-bourgogne.fr\/\">atheneum.u-bourgogne.fr<\/a><\/p>\n\t\t\t\t\t\t\t\t<\/div>\n\t\t\t\t<\/div>\n\t\t\t\t\t<\/div>\n\t\t<\/div>\n\t\t\t\t\t<\/div>\n\t\t<\/section>\n\t\t\t\t<section class=\"elementor-section elementor-top-section elementor-element elementor-element-c239060 elementor-section-boxed elementor-section-height-default elementor-section-height-default\" data-id=\"c239060\" data-element_type=\"section\" data-e-type=\"section\">\n\t\t\t\t\t\t<div class=\"elementor-container elementor-column-gap-default\">\n\t\t\t\t\t<div class=\"elementor-column elementor-col-100 elementor-top-column elementor-element elementor-element-9a9ffe9\" data-id=\"9a9ffe9\" data-element_type=\"column\" data-e-type=\"column\">\n\t\t\t<div class=\"elementor-widget-wrap elementor-element-populated\">\n\t\t\t\t\t\t<div class=\"elementor-element elementor-element-70d73a6 elementor-widget-divider--view-line elementor-widget elementor-widget-divider\" data-id=\"70d73a6\" data-element_type=\"widget\" data-e-type=\"widget\" data-widget_type=\"divider.default\">\n\t\t\t\t<div class=\"elementor-widget-container\">\n\t\t\t\t\t\t\t<div class=\"elementor-divider\">\n\t\t\t<span class=\"elementor-divider-separator\">\n\t\t\t\t\t\t<\/span>\n\t\t<\/div>\n\t\t\t\t\t\t<\/div>\n\t\t\t\t<\/div>\n\t\t\t\t\t<\/div>\n\t\t<\/div>\n\t\t\t\t\t<\/div>\n\t\t<\/section>\n\t\t\t\t<section class=\"elementor-section elementor-top-section elementor-element elementor-element-f927a33 elementor-section-boxed elementor-section-height-default elementor-section-height-default\" data-id=\"f927a33\" data-element_type=\"section\" data-e-type=\"section\">\n\t\t\t\t\t\t<div class=\"elementor-container elementor-column-gap-default\">\n\t\t\t\t\t<div class=\"elementor-column elementor-col-100 elementor-top-column elementor-element elementor-element-a3f6bd2\" data-id=\"a3f6bd2\" data-element_type=\"column\" data-e-type=\"column\">\n\t\t\t<div class=\"elementor-widget-wrap elementor-element-populated\">\n\t\t\t\t\t\t<div class=\"elementor-element elementor-element-cc078ad elementor-widget elementor-widget-heading\" data-id=\"cc078ad\" data-element_type=\"widget\" data-e-type=\"widget\" data-widget_type=\"heading.default\">\n\t\t\t\t<div class=\"elementor-widget-container\">\n\t\t\t\t\t<h2 class=\"elementor-heading-title elementor-size-medium\">Scientific culture events<\/h2>\t\t\t\t<\/div>\n\t\t\t\t<\/div>\n\t\t\t\t\t<\/div>\n\t\t<\/div>\n\t\t\t\t\t<\/div>\n\t\t<\/section>\n\t\t\t\t<section class=\"elementor-section elementor-top-section elementor-element elementor-element-4bbe9dd elementor-section-boxed elementor-section-height-default elementor-section-height-default\" data-id=\"4bbe9dd\" data-element_type=\"section\" data-e-type=\"section\">\n\t\t\t\t\t\t<div class=\"elementor-container elementor-column-gap-default\">\n\t\t\t\t\t<div class=\"elementor-column elementor-col-100 elementor-top-column elementor-element elementor-element-ac78061\" data-id=\"ac78061\" data-element_type=\"column\" data-e-type=\"column\">\n\t\t\t<div class=\"elementor-widget-wrap elementor-element-populated\">\n\t\t\t\t\t\t<div class=\"elementor-element elementor-element-aa275fb elementor-widget elementor-widget-text-editor\" data-id=\"aa275fb\" data-element_type=\"widget\" data-e-type=\"widget\" data-widget_type=\"text-editor.default\">\n\t\t\t\t<div class=\"elementor-widget-container\">\n\t\t\t\t\t\t\t\t\t<ul>\n<li><span style=\"color: #32acc4;\"><strong>The science festival<\/strong><\/span><\/li>\n<\/ul>\n<p>The science festival is a great popular and scientific event organised every year at a national scale and in Bourgogne \u2013 Franche-Comt\u00e9.<br \/>\n<a href=\"https:\/\/www.fetedelascience.fr\/\">www.fetedelascience.fr<\/a><\/p>\n<ul>\n<li><span style=\"color: #32acc4;\"><strong>European researcher&#8217;s night<\/strong><\/span><\/li>\n<\/ul>\n<p>This event is organised every year. It offers any one of us the opportunity to meet researchers, take part to true scientific experiments and surprising activities.<br \/>\n<a href=\"https:\/\/nuitdeschercheurs-france.eu\/?EntrezdanslEnquete\">nuitdeschercheurs-france.eu<\/a><\/p>\n<ul>\n<li><span style=\"color: #32acc4;\"><strong>The art \u2013 science biennial<\/strong><\/span><\/li>\n<\/ul>\n<p>The art-science biennial initiates meetings between higher-education stakeholders of Bourgogne \u2013 Franche-Comt\u00e9 and the civil society. Each edition has a different theme. The biennial offers perspectives at the crossroads of arts and sciences, under different operating modes that allow the sharing of approaches, experiments and different views of the world. During this event, the general public can get to grips with the scientific themes of UBFC institutions.<\/p>\n\t\t\t\t\t\t\t\t<\/div>\n\t\t\t\t<\/div>\n\t\t\t\t\t<\/div>\n\t\t<\/div>\n\t\t\t\t\t<\/div>\n\t\t<\/section>\n\t\t\t\t<section class=\"elementor-section elementor-top-section elementor-element elementor-element-4799da1 elementor-section-boxed elementor-section-height-default elementor-section-height-default\" data-id=\"4799da1\" data-element_type=\"section\" data-e-type=\"section\">\n\t\t\t\t\t\t<div class=\"elementor-container elementor-column-gap-default\">\n\t\t\t\t\t<div class=\"elementor-column elementor-col-100 elementor-top-column elementor-element elementor-element-504ae7d\" data-id=\"504ae7d\" data-element_type=\"column\" data-e-type=\"column\">\n\t\t\t<div class=\"elementor-widget-wrap elementor-element-populated\">\n\t\t\t\t\t\t<div class=\"elementor-element elementor-element-fecf3bc elementor-widget-divider--view-line elementor-widget elementor-widget-divider\" data-id=\"fecf3bc\" data-element_type=\"widget\" data-e-type=\"widget\" data-widget_type=\"divider.default\">\n\t\t\t\t<div class=\"elementor-widget-container\">\n\t\t\t\t\t\t\t<div class=\"elementor-divider\">\n\t\t\t<span class=\"elementor-divider-separator\">\n\t\t\t\t\t\t<\/span>\n\t\t<\/div>\n\t\t\t\t\t\t<\/div>\n\t\t\t\t<\/div>\n\t\t\t\t\t<\/div>\n\t\t<\/div>\n\t\t\t\t\t<\/div>\n\t\t<\/section>\n\t\t\t\t<section class=\"elementor-section elementor-top-section elementor-element elementor-element-8bc9f5c elementor-section-boxed elementor-section-height-default elementor-section-height-default\" data-id=\"8bc9f5c\" data-element_type=\"section\" data-e-type=\"section\">\n\t\t\t\t\t\t<div class=\"elementor-container elementor-column-gap-default\">\n\t\t\t\t\t<div class=\"elementor-column elementor-col-100 elementor-top-column elementor-element elementor-element-a41858c\" data-id=\"a41858c\" data-element_type=\"column\" data-e-type=\"column\">\n\t\t\t<div class=\"elementor-widget-wrap elementor-element-populated\">\n\t\t\t\t\t\t<div class=\"elementor-element elementor-element-8b3f7f2 elementor-widget elementor-widget-heading\" data-id=\"8b3f7f2\" data-element_type=\"widget\" data-e-type=\"widget\" data-widget_type=\"heading.default\">\n\t\t\t\t<div class=\"elementor-widget-container\">\n\t\t\t\t\t<h2 class=\"elementor-heading-title elementor-size-medium\">Student radios<\/h2>\t\t\t\t<\/div>\n\t\t\t\t<\/div>\n\t\t\t\t\t<\/div>\n\t\t<\/div>\n\t\t\t\t\t<\/div>\n\t\t<\/section>\n\t\t\t\t<section class=\"elementor-section elementor-top-section elementor-element elementor-element-de92da1 elementor-section-boxed elementor-section-height-default elementor-section-height-default\" data-id=\"de92da1\" data-element_type=\"section\" data-e-type=\"section\">\n\t\t\t\t\t\t<div class=\"elementor-container elementor-column-gap-default\">\n\t\t\t\t\t<div class=\"elementor-column elementor-col-100 elementor-top-column elementor-element elementor-element-5e2649e\" data-id=\"5e2649e\" data-element_type=\"column\" data-e-type=\"column\">\n\t\t\t<div class=\"elementor-widget-wrap elementor-element-populated\">\n\t\t\t\t\t\t<div class=\"elementor-element elementor-element-49181a1 elementor-widget elementor-widget-text-editor\" data-id=\"49181a1\" data-element_type=\"widget\" data-e-type=\"widget\" data-widget_type=\"text-editor.default\">\n\t\t\t\t<div class=\"elementor-widget-container\">\n\t\t\t\t\t\t\t\t\t<p>Different student radios are on the air:<\/p>\n<ul>\n<li><a href=\"http:\/\/www.rebm.fr\/\"><strong>Radio \u00e9tudiante Belfort-Montb\u00e9liard (REBM)<\/strong><\/a><\/li>\n<\/ul>\n<p>It is the web radio of students living in the urban area of Belfort-Montb\u00e9liard. It is dedicated to the promotion of local groups and local\/student initiatives. It has regular topical programmes and live event broadcasts.<\/p>\n<ul>\n<li><a href=\"https:\/\/campusbesancon.fr\/\"><strong>Radio Campus Besan\u00e7on<\/strong><\/a><\/li>\n<\/ul>\n<p>Radio campus Besan\u00e7on is an essential medium of musical, cultural and student information, whose programmes reflect a great interest in present-day music. It also has topical programmes, reports, and leads actions in various fields.<\/p>\n<ul>\n<li><a href=\"http:\/\/radiodijoncampus.com\/\"><strong>Radio Dijon Campus<\/strong><\/a><\/li>\n<\/ul>\n<p>The editorial policy of Radio Dijon is centered around two main topics, i.e., emerging cultures and a critical eye. It is located at the heart of Dijon university campus, in the atheneum cultural centre.<\/p>\n\t\t\t\t\t\t\t\t<\/div>\n\t\t\t\t<\/div>\n\t\t\t\t\t<\/div>\n\t\t<\/div>\n\t\t\t\t\t<\/div>\n\t\t<\/section>\n\t\t\t\t<\/div>\n\t\t","protected":false},"excerpt":{"rendered":"<p>UBFC institutes and student associations propose cultural events in all campuses and sites round the year. In Besan\u00e7on In Dijon La Fabrik\u00e0 The place is located on the \u201cBouloie\u201d campus. It is dedicated to the discovery of sciences and research \u201cin the making\u201d. The team works in tight collaboration with Universit\u00e9 de Franche-Comt\u00e9 researchers to &hellip; <a href=\"https:\/\/www.ubfc.fr\/en\/campus-life\/everyday-life\/culture\/\">Continued<\/a><\/p>\n","protected":false},"author":18,"featured_media":0,"parent":45898,"menu_order":233,"comment_status":"closed","ping_status":"closed","template":"","meta":{"_acf_changed":false,"footnotes":""},"class_list":["post-45920","page","type-page","status-publish","hentry"],"acf":[],"yoast_head":"<!-- This site is optimized with the Yoast SEO plugin v27.5 - https:\/\/yoast.com\/product\/yoast-seo-wordpress\/ -->\n<title>Culture - COMUE Universit\u00e9 Bourgogne-Franche-Comt\u00e9<\/title>\n<meta name=\"robots\" content=\"index, follow, max-snippet:-1, max-image-preview:large, max-video-preview:-1\" \/>\n<link rel=\"canonical\" href=\"https:\/\/www.ubfc.fr\/en\/campus-life\/everyday-life\/culture\/\" \/>\n<meta property=\"og:locale\" content=\"en_US\" \/>\n<meta property=\"og:type\" content=\"article\" \/>\n<meta property=\"og:title\" content=\"Culture - COMUE Universit\u00e9 Bourgogne-Franche-Comt\u00e9\" \/>\n<meta property=\"og:description\" content=\"UBFC institutes and student associations propose cultural events in all campuses and sites round the year. In Besan\u00e7on In Dijon La Fabrik\u00e0 The place is located on the \u201cBouloie\u201d campus. It is dedicated to the discovery of sciences and research \u201cin the making\u201d. The team works in tight collaboration with Universit\u00e9 de Franche-Comt\u00e9 researchers to &hellip; Continued\" \/>\n<meta property=\"og:url\" content=\"https:\/\/www.ubfc.fr\/en\/campus-life\/everyday-life\/culture\/\" \/>\n<meta property=\"og:site_name\" content=\"COMUE Universit\u00e9 Bourgogne-Franche-Comt\u00e9\" \/>\n<meta property=\"article:publisher\" content=\"https:\/\/www.facebook.com\/UnivBFC\/\" \/>\n<meta property=\"article:modified_time\" content=\"2020-09-01T14:17:02+00:00\" \/>\n<meta name=\"twitter:card\" content=\"summary_large_image\" \/>\n<meta name=\"twitter:site\" content=\"@univ_bfc\" \/>\n<meta name=\"twitter:label1\" content=\"Est. reading time\" \/>\n\t<meta name=\"twitter:data1\" content=\"4 minutes\" \/>\n<script type=\"application\/ld+json\" class=\"yoast-schema-graph\">{\"@context\":\"https:\\\/\\\/schema.org\",\"@graph\":[{\"@type\":\"WebPage\",\"@id\":\"https:\\\/\\\/www.ubfc.fr\\\/en\\\/campus-life\\\/everyday-life\\\/culture\\\/\",\"url\":\"https:\\\/\\\/www.ubfc.fr\\\/en\\\/campus-life\\\/everyday-life\\\/culture\\\/\",\"name\":\"Culture - COMUE Universit\u00e9 Bourgogne-Franche-Comt\u00e9\",\"isPartOf\":{\"@id\":\"https:\\\/\\\/www.ubfc.fr\\\/#website\"},\"datePublished\":\"2020-09-01T14:17:00+00:00\",\"dateModified\":\"2020-09-01T14:17:02+00:00\",\"breadcrumb\":{\"@id\":\"https:\\\/\\\/www.ubfc.fr\\\/en\\\/campus-life\\\/everyday-life\\\/culture\\\/#breadcrumb\"},\"inLanguage\":\"en-US\",\"potentialAction\":[{\"@type\":\"ReadAction\",\"target\":[\"https:\\\/\\\/www.ubfc.fr\\\/en\\\/campus-life\\\/everyday-life\\\/culture\\\/\"]}]},{\"@type\":\"BreadcrumbList\",\"@id\":\"https:\\\/\\\/www.ubfc.fr\\\/en\\\/campus-life\\\/everyday-life\\\/culture\\\/#breadcrumb\",\"itemListElement\":[{\"@type\":\"ListItem\",\"position\":1,\"name\":\"Accueil\",\"item\":\"https:\\\/\\\/www.ubfc.fr\\\/en\\\/\"},{\"@type\":\"ListItem\",\"position\":2,\"name\":\"Campus life\",\"item\":\"https:\\\/\\\/www.ubfc.fr\\\/en\\\/campus-life\\\/\"},{\"@type\":\"ListItem\",\"position\":3,\"name\":\"Everyday life\",\"item\":\"https:\\\/\\\/www.ubfc.fr\\\/en\\\/campus-life\\\/everyday-life\\\/\"},{\"@type\":\"ListItem\",\"position\":4,\"name\":\"Culture\"}]},{\"@type\":\"WebSite\",\"@id\":\"https:\\\/\\\/www.ubfc.fr\\\/#website\",\"url\":\"https:\\\/\\\/www.ubfc.fr\\\/\",\"name\":\"COMUE Universit\u00e9 Bourgogne-Franche-Comt\u00e9\",\"description\":\"\",\"publisher\":{\"@id\":\"https:\\\/\\\/www.ubfc.fr\\\/#organization\"},\"potentialAction\":[{\"@type\":\"SearchAction\",\"target\":{\"@type\":\"EntryPoint\",\"urlTemplate\":\"https:\\\/\\\/www.ubfc.fr\\\/?s={search_term_string}\"},\"query-input\":{\"@type\":\"PropertyValueSpecification\",\"valueRequired\":true,\"valueName\":\"search_term_string\"}}],\"inLanguage\":\"en-US\"},{\"@type\":\"Organization\",\"@id\":\"https:\\\/\\\/www.ubfc.fr\\\/#organization\",\"name\":\"Universit\u00e9 Bourgogne-Franche-Comt\u00e9\",\"url\":\"https:\\\/\\\/www.ubfc.fr\\\/\",\"logo\":{\"@type\":\"ImageObject\",\"inLanguage\":\"en-US\",\"@id\":\"https:\\\/\\\/www.ubfc.fr\\\/#\\\/schema\\\/logo\\\/image\\\/\",\"url\":\"https:\\\/\\\/www.ubfc.fr\\\/wp-content\\\/uploads\\\/2022\\\/03\\\/vagueUBFC_favicon.png\",\"contentUrl\":\"https:\\\/\\\/www.ubfc.fr\\\/wp-content\\\/uploads\\\/2022\\\/03\\\/vagueUBFC_favicon.png\",\"width\":512,\"height\":512,\"caption\":\"Universit\u00e9 Bourgogne-Franche-Comt\u00e9\"},\"image\":{\"@id\":\"https:\\\/\\\/www.ubfc.fr\\\/#\\\/schema\\\/logo\\\/image\\\/\"},\"sameAs\":[\"https:\\\/\\\/www.facebook.com\\\/UnivBFC\\\/\",\"https:\\\/\\\/x.com\\\/univ_bfc\",\"https:\\\/\\\/www.linkedin.com\\\/school\\\/universitebourgognefranchecomte\\\/mycompany\\\/\"]}]}<\/script>\n<!-- \/ Yoast SEO plugin. -->","yoast_head_json":{"title":"Culture - COMUE Universit\u00e9 Bourgogne-Franche-Comt\u00e9","robots":{"index":"index","follow":"follow","max-snippet":"max-snippet:-1","max-image-preview":"max-image-preview:large","max-video-preview":"max-video-preview:-1"},"canonical":"https:\/\/www.ubfc.fr\/en\/campus-life\/everyday-life\/culture\/","og_locale":"en_US","og_type":"article","og_title":"Culture - COMUE Universit\u00e9 Bourgogne-Franche-Comt\u00e9","og_description":"UBFC institutes and student associations propose cultural events in all campuses and sites round the year. In Besan\u00e7on In Dijon La Fabrik\u00e0 The place is located on the \u201cBouloie\u201d campus. It is dedicated to the discovery of sciences and research \u201cin the making\u201d. The team works in tight collaboration with Universit\u00e9 de Franche-Comt\u00e9 researchers to &hellip; Continued","og_url":"https:\/\/www.ubfc.fr\/en\/campus-life\/everyday-life\/culture\/","og_site_name":"COMUE Universit\u00e9 Bourgogne-Franche-Comt\u00e9","article_publisher":"https:\/\/www.facebook.com\/UnivBFC\/","article_modified_time":"2020-09-01T14:17:02+00:00","twitter_card":"summary_large_image","twitter_site":"@univ_bfc","twitter_misc":{"Est. reading time":"4 minutes"},"schema":{"@context":"https:\/\/schema.org","@graph":[{"@type":"WebPage","@id":"https:\/\/www.ubfc.fr\/en\/campus-life\/everyday-life\/culture\/","url":"https:\/\/www.ubfc.fr\/en\/campus-life\/everyday-life\/culture\/","name":"Culture - COMUE Universit\u00e9 Bourgogne-Franche-Comt\u00e9","isPartOf":{"@id":"https:\/\/www.ubfc.fr\/#website"},"datePublished":"2020-09-01T14:17:00+00:00","dateModified":"2020-09-01T14:17:02+00:00","breadcrumb":{"@id":"https:\/\/www.ubfc.fr\/en\/campus-life\/everyday-life\/culture\/#breadcrumb"},"inLanguage":"en-US","potentialAction":[{"@type":"ReadAction","target":["https:\/\/www.ubfc.fr\/en\/campus-life\/everyday-life\/culture\/"]}]},{"@type":"BreadcrumbList","@id":"https:\/\/www.ubfc.fr\/en\/campus-life\/everyday-life\/culture\/#breadcrumb","itemListElement":[{"@type":"ListItem","position":1,"name":"Accueil","item":"https:\/\/www.ubfc.fr\/en\/"},{"@type":"ListItem","position":2,"name":"Campus life","item":"https:\/\/www.ubfc.fr\/en\/campus-life\/"},{"@type":"ListItem","position":3,"name":"Everyday life","item":"https:\/\/www.ubfc.fr\/en\/campus-life\/everyday-life\/"},{"@type":"ListItem","position":4,"name":"Culture"}]},{"@type":"WebSite","@id":"https:\/\/www.ubfc.fr\/#website","url":"https:\/\/www.ubfc.fr\/","name":"COMUE Universit\u00e9 Bourgogne-Franche-Comt\u00e9","description":"","publisher":{"@id":"https:\/\/www.ubfc.fr\/#organization"},"potentialAction":[{"@type":"SearchAction","target":{"@type":"EntryPoint","urlTemplate":"https:\/\/www.ubfc.fr\/?s={search_term_string}"},"query-input":{"@type":"PropertyValueSpecification","valueRequired":true,"valueName":"search_term_string"}}],"inLanguage":"en-US"},{"@type":"Organization","@id":"https:\/\/www.ubfc.fr\/#organization","name":"Universit\u00e9 Bourgogne-Franche-Comt\u00e9","url":"https:\/\/www.ubfc.fr\/","logo":{"@type":"ImageObject","inLanguage":"en-US","@id":"https:\/\/www.ubfc.fr\/#\/schema\/logo\/image\/","url":"https:\/\/www.ubfc.fr\/wp-content\/uploads\/2022\/03\/vagueUBFC_favicon.png","contentUrl":"https:\/\/www.ubfc.fr\/wp-content\/uploads\/2022\/03\/vagueUBFC_favicon.png","width":512,"height":512,"caption":"Universit\u00e9 Bourgogne-Franche-Comt\u00e9"},"image":{"@id":"https:\/\/www.ubfc.fr\/#\/schema\/logo\/image\/"},"sameAs":["https:\/\/www.facebook.com\/UnivBFC\/","https:\/\/x.com\/univ_bfc","https:\/\/www.linkedin.com\/school\/universitebourgognefranchecomte\/mycompany\/"]}]}},"_links":{"self":[{"href":"https:\/\/www.ubfc.fr\/en\/wp-json\/wp\/v2\/pages\/45920","targetHints":{"allow":["GET"]}}],"collection":[{"href":"https:\/\/www.ubfc.fr\/en\/wp-json\/wp\/v2\/pages"}],"about":[{"href":"https:\/\/www.ubfc.fr\/en\/wp-json\/wp\/v2\/types\/page"}],"author":[{"embeddable":true,"href":"https:\/\/www.ubfc.fr\/en\/wp-json\/wp\/v2\/users\/18"}],"replies":[{"embeddable":true,"href":"https:\/\/www.ubfc.fr\/en\/wp-json\/wp\/v2\/comments?post=45920"}],"version-history":[{"count":0,"href":"https:\/\/www.ubfc.fr\/en\/wp-json\/wp\/v2\/pages\/45920\/revisions"}],"up":[{"embeddable":true,"href":"https:\/\/www.ubfc.fr\/en\/wp-json\/wp\/v2\/pages\/45898"}],"wp:attachment":[{"href":"https:\/\/www.ubfc.fr\/en\/wp-json\/wp\/v2\/media?parent=45920"}],"curies":[{"name":"wp","href":"https:\/\/api.w.org\/{rel}","templated":true}]}}