{"id":44663,"date":"2020-06-18T11:05:37","date_gmt":"2020-06-18T09:05:37","guid":{"rendered":"https:\/\/www.ubfc.fr\/?page_id=44663"},"modified":"2021-01-06T15:28:00","modified_gmt":"2021-01-06T14:28:00","slug":"rapports-deliberations-et-verbatims-2017","status":"publish","type":"page","link":"https:\/\/www.ubfc.fr\/en\/ubfc\/gouvernance\/instances\/conseil-dadministration\/rapports-deliberations-et-verbatims-2017\/","title":{"rendered":"Rapports, d\u00e9lib\u00e9rations et verbatims 2017"},"content":{"rendered":"\t\t<div data-elementor-type=\"wp-page\" data-elementor-id=\"44663\" class=\"elementor elementor-44663\" data-elementor-post-type=\"page\">\n\t\t\t\t\t\t<section class=\"elementor-section elementor-top-section elementor-element elementor-element-1c18996 elementor-section-boxed elementor-section-height-default elementor-section-height-default\" data-id=\"1c18996\" data-element_type=\"section\" data-e-type=\"section\">\n\t\t\t\t\t\t<div class=\"elementor-container elementor-column-gap-default\">\n\t\t\t\t\t<div class=\"elementor-column elementor-col-100 elementor-top-column elementor-element elementor-element-74640b3\" data-id=\"74640b3\" data-element_type=\"column\" data-e-type=\"column\">\n\t\t\t<div class=\"elementor-widget-wrap elementor-element-populated\">\n\t\t\t\t\t\t<div class=\"elementor-element elementor-element-0f6390b elementor-widget elementor-widget-toggle\" data-id=\"0f6390b\" data-element_type=\"widget\" data-e-type=\"widget\" data-widget_type=\"toggle.default\">\n\t\t\t\t<div class=\"elementor-widget-container\">\n\t\t\t\t\t\t\t<div class=\"elementor-toggle\">\n\t\t\t\t\t\t\t<div class=\"elementor-toggle-item\">\n\t\t\t\t\t<div id=\"elementor-tab-title-1611\" class=\"elementor-tab-title\" data-tab=\"1\" role=\"button\" aria-controls=\"elementor-tab-content-1611\" aria-expanded=\"false\">\n\t\t\t\t\t\t\t\t\t\t\t\t<span class=\"elementor-toggle-icon elementor-toggle-icon-left\" aria-hidden=\"true\">\n\t\t\t\t\t\t\t\t\t\t\t\t\t\t\t<span class=\"elementor-toggle-icon-closed\"><i class=\"fas fa-caret-right\"><\/i><\/span>\n\t\t\t\t\t\t\t\t<span class=\"elementor-toggle-icon-opened\"><i class=\"elementor-toggle-icon-opened fas fa-caret-up\"><\/i><\/span>\n\t\t\t\t\t\t\t\t\t\t\t\t\t<\/span>\n\t\t\t\t\t\t\t\t\t\t\t\t<a class=\"elementor-toggle-title\" tabindex=\"0\"> Conseil d\u2019administration du 21 d\u00e9cembre 2017 <\/a>\n\t\t\t\t\t<\/div>\n\n\t\t\t\t\t<div id=\"elementor-tab-content-1611\" class=\"elementor-tab-content elementor-clearfix\" data-tab=\"1\" role=\"region\" aria-labelledby=\"elementor-tab-title-1611\"><ul id=\"document-list-21\" class=\"collapse show\" data-parent=\"#document-section-21\"><li><a class=\"type-pdf\" href=\"https:\/\/www.ubfc.fr\/wp-content\/uploads\/2018\/09\/DELIB_2017_CA.60_Approbation_verbatimCA14112017-1.pdf\" target=\"_blank\" rel=\"noopener\">D\u00e9lib\u00e9ration n\u00b060 : Approbation du verbatim du 14 novembre 2017<\/a><\/li><li><a class=\"type-pdf\" href=\"https:\/\/www.ubfc.fr\/wp-content\/uploads\/2018\/09\/RAPPORT_N\u00b01_Verbatim-CA14112017-1.pdf\" target=\"_blank\" rel=\"noopener\">Verbatim du 14 novembre 2017<\/a><\/li><li><a class=\"type-pdf\" href=\"https:\/\/www.ubfc.fr\/wp-content\/uploads\/2018\/09\/DELIB_2017_CA.61_Indicateurs_contrat_de_site-1.pdf\" target=\"_blank\" rel=\"noopener\">D\u00e9lib\u00e9ration n\u00b061 : Indicateurs contrat de site<\/a><\/li><li><a class=\"type-pdf\" href=\"https:\/\/www.ubfc.fr\/wp-content\/uploads\/2018\/09\/RAPPORT_N\u00b04_Indicateurs_contrat_de_site-1.pdf\" target=\"_blank\" rel=\"noopener\">Rapport pr\u00e9paratoire<\/a><\/li><li><a class=\"type-pdf\" href=\"https:\/\/www.ubfc.fr\/wp-content\/uploads\/2018\/09\/DELIB_2017_CA.62_Convention_attributive_aide_ISITE-BFC-1.pdf\" target=\"_blank\" rel=\"noopener\">D\u00e9lib\u00e9ration n\u00b062 : Convention attributive d\u2019aide ISITE-BFC<\/a><\/li><li><a class=\"type-pdf\" href=\"https:\/\/www.ubfc.fr\/wp-content\/uploads\/2018\/09\/RAPPORT_N\u00b05_Convention-attributive_aide_ISITE-BFC-1.pdf\" target=\"_blank\" rel=\"noopener\">Rapport pr\u00e9paratoire<\/a><\/li><li><a class=\"type-pdf\" href=\"https:\/\/www.ubfc.fr\/wp-content\/uploads\/2018\/09\/RAPPORT_N\u00b05_ANNEXE_Convention_attributive_aide_ISITE-BFC-1.pdf\" target=\"_blank\" rel=\"noopener\">Annexe du rapport pr\u00e9paratoire <\/a><\/li><li><a class=\"type-pdf\" href=\"https:\/\/www.ubfc.fr\/wp-content\/uploads\/2018\/09\/DELIB_2017_CA.63_Ouverture_mastersUBFC_rentr\u00e9e2018-1.pdf\" target=\"_blank\" rel=\"noopener\">D\u00e9lib\u00e9ration n\u00b063 : Ouverture de nouveaux MASTERS UBFC pour la rentr\u00e9e 2018, laur\u00e9ats d\u2019ISITE-BFC<\/a><\/li><li><a class=\"type-pdf\" href=\"https:\/\/www.ubfc.fr\/wp-content\/uploads\/2018\/09\/RAPPORT_N\u00b06_Masters-UBFC_rentr\u00e9e2018-1.pdf\" target=\"_blank\" rel=\"noopener\">Rapport pr\u00e9paratoire<\/a><\/li><li><a class=\"type-pdf\" href=\"https:\/\/www.ubfc.fr\/wp-content\/uploads\/2018\/09\/DELIB_2017_CA.64_Primes_pour_charges_administratives-1.pdf\" target=\"_blank\" rel=\"noopener\">D\u00e9lib\u00e9ration n\u00b064 : Primes pour charges administratives<\/a><\/li><li><a class=\"type-pdf\" href=\"https:\/\/www.ubfc.fr\/wp-content\/uploads\/2018\/09\/RAPPORT_N\u00b08_Prime_pour_charges_administratives-1-1.pdf\" target=\"_blank\" rel=\"noopener\">Rapport pr\u00e9paratoire<\/a><\/li><\/ul><\/div>\n\t\t\t\t<\/div>\n\t\t\t\t\t\t\t<div class=\"elementor-toggle-item\">\n\t\t\t\t\t<div id=\"elementor-tab-title-1612\" class=\"elementor-tab-title\" data-tab=\"2\" role=\"button\" aria-controls=\"elementor-tab-content-1612\" aria-expanded=\"false\">\n\t\t\t\t\t\t\t\t\t\t\t\t<span class=\"elementor-toggle-icon elementor-toggle-icon-left\" aria-hidden=\"true\">\n\t\t\t\t\t\t\t\t\t\t\t\t\t\t\t<span class=\"elementor-toggle-icon-closed\"><i class=\"fas fa-caret-right\"><\/i><\/span>\n\t\t\t\t\t\t\t\t<span class=\"elementor-toggle-icon-opened\"><i class=\"elementor-toggle-icon-opened fas fa-caret-up\"><\/i><\/span>\n\t\t\t\t\t\t\t\t\t\t\t\t\t<\/span>\n\t\t\t\t\t\t\t\t\t\t\t\t<a class=\"elementor-toggle-title\" tabindex=\"0\"> Conseil d\u2019Administration du 14 novembre 2017 <\/a>\n\t\t\t\t\t<\/div>\n\n\t\t\t\t\t<div id=\"elementor-tab-content-1612\" class=\"elementor-tab-content elementor-clearfix\" data-tab=\"2\" role=\"region\" aria-labelledby=\"elementor-tab-title-1612\"><ul id=\"document-list-22\" class=\"collapse show\" data-parent=\"#document-section-22\"><li><a class=\"type-pdf\" href=\"https:\/\/www.ubfc.fr\/wp-content\/uploads\/2018\/09\/DELIB_2017.CA_.48_Approbation_verbatim_congrC3A8sUBFC_26092017-1.pdf\" target=\"_blank\" rel=\"noopener\">D\u00e9lib\u00e9ration n\u00b048 : Approbation du verbatim du congr\u00e8s UBFC du 26 septembre 2017<\/a><\/li><li><a class=\"type-pdf\" href=\"https:\/\/www.ubfc.fr\/wp-content\/uploads\/2018\/09\/RAPPORT-N\u00b02_Verbatim-Congr\u00e8s-Comue-26092017-1.pdf\" target=\"_blank\" rel=\"noopener\">Rapport pr\u00e9paratoire<\/a><\/li><li><a class=\"type-pdf\" href=\"https:\/\/www.ubfc.fr\/wp-content\/uploads\/2018\/09\/RAPPORT-NC2B02_Verbatim-CongrC3A8s-Comue-26092017-1.pdf\" target=\"_blank\" rel=\"noopener\">Annexe de la d\u00e9lib\u00e9ration n\u00b048 : Verbatim du congr\u00e8s UBFC du 26 septembre 2017<\/a><\/li><li><a class=\"type-pdf\" href=\"https:\/\/www.ubfc.fr\/wp-content\/uploads\/2018\/09\/DELIB_2017.CA_.49_Approbation_verbatim_CAUBFC_26092017-1.pdf\" target=\"_blank\" rel=\"noopener\">D\u00e9lib\u00e9ration n\u00b049 : Approbation du verbatim du CA du 26 septembre 2017<\/a><\/li><li><a class=\"type-pdf\" href=\"https:\/\/www.ubfc.fr\/wp-content\/uploads\/2018\/09\/RAPPORT-N\u00b03-Verbatim-CA-Comue-26092017-1-1.pdf\" target=\"_blank\" rel=\"noopener\">Rapport pr\u00e9paratoire<\/a><\/li><li><a class=\"type-pdf\" href=\"https:\/\/www.ubfc.fr\/wp-content\/uploads\/2018\/09\/RAPPORT-NC2B03-Verbatim-CA-Comue-26092017-1.pdf\" target=\"_blank\" rel=\"noopener\">Annexe de la d\u00e9lib\u00e9ration n\u00b049 : Verbatim du CA du 26 septembre 2017<\/a><\/li><li><a class=\"type-pdf\" href=\"https:\/\/www.ubfc.fr\/wp-content\/uploads\/2018\/09\/RAPPORT-N\u00b05_D\u00e9bat_dorientation_budg\u00e9taire-1.pdf\" target=\"_blank\" rel=\"noopener\">Rapport pr\u00e9paratoire : D\u00e9bat d\u2019orientation budg\u00e9taire<\/a><\/li><li><a class=\"type-pdf\" href=\"https:\/\/www.ubfc.fr\/wp-content\/uploads\/2018\/09\/DELIB_2017.CA_.50_Campagne_emplois2018-1.pdf\" target=\"_blank\" rel=\"noopener\">D\u00e9lib\u00e9ration n\u00b050 : La campagne d\u2019emplois 2018<\/a><\/li><li><a class=\"type-pdf\" href=\"https:\/\/www.ubfc.fr\/wp-content\/uploads\/2018\/09\/RAPPORT-N\u00b06-Campagne-demploi-2018-1.pdf\" target=\"_blank\" rel=\"noopener\">Rapport pr\u00e9paratoire<\/a><\/li><li><a class=\"type-pdf\" href=\"https:\/\/www.ubfc.fr\/wp-content\/uploads\/2018\/09\/DELIB_2017.CA_.51_Primes_pour_charges_administratives-1.pdf\" target=\"_blank\" rel=\"noopener\">D\u00e9lib\u00e9ration n\u00b051 : Primes pour charges administratives<\/a><\/li><li><a class=\"type-pdf\" href=\"https:\/\/www.ubfc.fr\/wp-content\/uploads\/2018\/09\/RAPPORT-N\u00b07-Primes-pour-charges-administratives-1.pdf\" target=\"_blank\" rel=\"noopener\">Rapport pr\u00e9paratoire<\/a><\/li><li><a class=\"type-pdf\" href=\"https:\/\/www.ubfc.fr\/wp-content\/uploads\/2018\/09\/DELIB_2017.CA_.52_Gestion_bons_de_commande_contrats_de_recherche-1.pdf\" target=\"_blank\" rel=\"noopener\">D\u00e9lib\u00e9ration n\u00b052 : Gestion des bons de commande dans le cadre des contrats de recherche<\/a><\/li><li><a class=\"type-pdf\" href=\"https:\/\/www.ubfc.fr\/wp-content\/uploads\/2018\/09\/RAPPORT-N\u00b08-Gestion-des-bons-de-commande-pour-les-projets-de-recherche-1.pdf\" target=\"_blank\" rel=\"noopener\">Rapport pr\u00e9paratoire<\/a><\/li><li><a class=\"type-pdf\" href=\"https:\/\/www.ubfc.fr\/wp-content\/uploads\/2018\/09\/DELIB_2017.CA_.53_Amortissement_immobilisations-1.pdf\" target=\"_blank\" rel=\"noopener\">D\u00e9lib\u00e9ration n\u00b053 : Amortissement des immobilisations<\/a><\/li><li><a class=\"type-pdf\" href=\"https:\/\/www.ubfc.fr\/wp-content\/uploads\/2018\/09\/RAPPORT-N\u00b09-Amortissements-des-immobilisations-1.pdf\" target=\"_blank\" rel=\"noopener\">Rapport pr\u00e9paratoire<\/a><\/li><li><a class=\"type-pdf\" href=\"https:\/\/www.ubfc.fr\/wp-content\/uploads\/2018\/09\/DELIB_2017.CA_.54_Actualisation_composition_Conseil_stratC3A9gique_ProjetISITE-BFC-1.pdf\" target=\"_blank\" rel=\"noopener\">D\u00e9lib\u00e9ration n\u00b054 : Actualisation de la composition du Conseil strat\u00e9gique du Projet ISITE-BFC<\/a><\/li><li><a class=\"type-pdf\" href=\"https:\/\/www.ubfc.fr\/wp-content\/uploads\/2018\/09\/RAPPORT-N\u00b010-Actualisation-de-la-composition-du-conseil-strat\u00e9gique-ISITE-BFC-1.pdf\" target=\"_blank\" rel=\"noopener\">Rapport pr\u00e9paratoire<\/a><\/li><li><a class=\"type-pdf\" href=\"https:\/\/www.ubfc.fr\/wp-content\/uploads\/2018\/09\/DELIB_2017.CA_.55_Indemnisation_participants_projetsderecherche_ISITEBFC-1.pdf\" target=\"_blank\" rel=\"noopener\">D\u00e9lib\u00e9ration n\u00b055 : Indemnisation des participants \u00e0 un projet de recherche ISITE-BFC<\/a><\/li><li><a class=\"type-pdf\" href=\"https:\/\/www.ubfc.fr\/wp-content\/uploads\/2018\/09\/RAPPORT-N\u00b011-Indemnisation-participants-projet-de-recherche-ISITE-BFC_ANRH2020-1.pdf\" target=\"_blank\" rel=\"noopener\">Rapport pr\u00e9paratoire<\/a><\/li><li><a class=\"type-pdf\" href=\"https:\/\/www.ubfc.fr\/wp-content\/uploads\/2018\/09\/DELIB_2017.CA_.56_PortageUBFC_rC3A9seaunational_findelaviemC3A9decinepalliative-1.pdf\" target=\"_blank\" rel=\"noopener\">D\u00e9lib\u00e9ration n\u00b056 : Portage par UBFC du r\u00e9seau national fin de la vie et m\u00e9decine palliative<\/a><\/li><li><a class=\"type-pdf\" href=\"https:\/\/www.ubfc.fr\/wp-content\/uploads\/2018\/09\/RAPPORT-N\u00b012-R\u00e9seau-national-fin-de-vie-et-m\u00e9decine-palliative-1.pdf\" target=\"_blank\" rel=\"noopener\">Rapport pr\u00e9paratoire<\/a><\/li><li><a class=\"type-pdf\" href=\"https:\/\/www.ubfc.fr\/wp-content\/uploads\/2018\/09\/RAPPORT-N\u00b013a-PIA-3-NCU_Pr\u00e9sentation-projet-RITM-BFC-1.pdf\" target=\"_blank\" rel=\"noopener\">Rapport pr\u00e9paratoire : Nouveaux Cursus \u00e0 l\u2019Universit\u00e9<\/a><\/li><li><a class=\"type-pdf\" href=\"https:\/\/www.ubfc.fr\/wp-content\/uploads\/2018\/09\/RAPPORT-N\u00b013b-Ecole-Universitaire-de-Recherche-EUR-EIPHI-1.pdf\" target=\"_blank\" rel=\"noopener\">Rapport pr\u00e9paratoire : \u00c9cole Universitaire de Recherche<\/a><\/li><li><a class=\"type-pdf\" href=\"https:\/\/www.ubfc.fr\/wp-content\/uploads\/2018\/09\/DELIB_2017.CA_.57_Commissions_disciplinaires-1.pdf\" target=\"_blank\" rel=\"noopener\">D\u00e9lib\u00e9ration n\u00b057 : Cr\u00e9ation concert\u00e9e de Commissions Disciplinaires (CD) dans l\u2019ensemble des \u00e9tablissements \u2013 membres d\u2019UBFC<\/a><\/li><li><a class=\"type-pdf\" href=\"https:\/\/www.ubfc.fr\/wp-content\/uploads\/2018\/09\/RAPPORT-N\u00b014_Commissions-Experts-Disciplinaires-1.pdf\" target=\"_blank\" rel=\"noopener\">Rapport pr\u00e9paratoire<\/a><\/li><li><a class=\"type-pdf\" href=\"https:\/\/www.ubfc.fr\/wp-content\/uploads\/2018\/09\/RAPPORT-N\u00b014_ANNEXE_Commissions-Experts-Disciplinaires-1.pdf\" target=\"_blank\" rel=\"noopener\">Annexe du rapport pr\u00e9paratoire<\/a><\/li><li><a class=\"type-pdf\" href=\"https:\/\/www.ubfc.fr\/wp-content\/uploads\/2018\/09\/DELIB_2017.CA_.58_PrixPEPITE_TREMPLIN2017-1.pdf\" target=\"_blank\" rel=\"noopener\">D\u00e9lib\u00e9ration n\u00b058 : Prix PEPITE TREMPLIN 2017<\/a><\/li><li><a class=\"type-pdf\" href=\"https:\/\/www.ubfc.fr\/wp-content\/uploads\/2018\/09\/RAPPORT-N\u00b015a-Prix-PEPITE-TREMPLIN-1.pdf\" target=\"_blank\" rel=\"noopener\">Rapport pr\u00e9paratoire<\/a><\/li><li><a class=\"type-pdf\" href=\"https:\/\/www.ubfc.fr\/wp-content\/uploads\/2018\/09\/DELIB_2017.CA_.59_PrixPEPITE_Prix_spC3A9cial_C3A9tudiante_Concoursinitiative_aufC3A9minin-1.pdf\" target=\"_blank\" rel=\"noopener\">D\u00e9lib\u00e9ration n\u00b059 : Prix sp\u00e9cial \u00ab \u00e9tudiante \u00bb \u2013 Concours initiative au f\u00e9minin<\/a><\/li><li><a class=\"type-pdf\" href=\"https:\/\/www.ubfc.fr\/wp-content\/uploads\/2018\/09\/RAPPORT-N\u00b015b-Prix-P\u00e9pite-Initiative-au-f\u00e9minin-1.pdf\" target=\"_blank\" rel=\"noopener\">Rapport pr\u00e9paratoire<\/a><\/li><\/ul><\/div>\n\t\t\t\t<\/div>\n\t\t\t\t\t\t\t<div class=\"elementor-toggle-item\">\n\t\t\t\t\t<div id=\"elementor-tab-title-1613\" class=\"elementor-tab-title\" data-tab=\"3\" role=\"button\" aria-controls=\"elementor-tab-content-1613\" aria-expanded=\"false\">\n\t\t\t\t\t\t\t\t\t\t\t\t<span class=\"elementor-toggle-icon elementor-toggle-icon-left\" aria-hidden=\"true\">\n\t\t\t\t\t\t\t\t\t\t\t\t\t\t\t<span class=\"elementor-toggle-icon-closed\"><i class=\"fas fa-caret-right\"><\/i><\/span>\n\t\t\t\t\t\t\t\t<span class=\"elementor-toggle-icon-opened\"><i class=\"elementor-toggle-icon-opened fas fa-caret-up\"><\/i><\/span>\n\t\t\t\t\t\t\t\t\t\t\t\t\t<\/span>\n\t\t\t\t\t\t\t\t\t\t\t\t<a class=\"elementor-toggle-title\" tabindex=\"0\"> Conseil d\u2019Administration du 26 septembre 2017 <\/a>\n\t\t\t\t\t<\/div>\n\n\t\t\t\t\t<div id=\"elementor-tab-content-1613\" class=\"elementor-tab-content elementor-clearfix\" data-tab=\"3\" role=\"region\" aria-labelledby=\"elementor-tab-title-1613\"><ul id=\"document-list-23\" class=\"collapse show\" data-parent=\"#document-section-23\"><li><a class=\"type-pdf\" href=\"https:\/\/www.ubfc.fr\/wp-content\/uploads\/2018\/09\/2017_CA_43_Approbation_verbatimCA12072017-1.pdf\" target=\"_blank\" rel=\"noopener\">D\u00e9lib\u00e9ration n\u00b043 : approbation du verbatim du 12\/07\/2017<\/a><\/li><li><a class=\"type-pdf\" href=\"https:\/\/www.ubfc.fr\/wp-content\/uploads\/2018\/09\/Rapport-1_Verbatim-CA12072017-1.pdf\" target=\"_blank\" rel=\"noopener\">Rapport pr\u00e9paratoire<\/a><\/li><li><a class=\"type-pdf\" href=\"https:\/\/www.ubfc.fr\/wp-content\/uploads\/2018\/09\/2017_CA_43_ANNEXE_verbatimCA12072017-1.pdf\" target=\"_blank\" rel=\"noopener\">Annexe \u00e0 la d\u00e9lib\u00e9ration n\u00b043 : Verbatim du 12\/07\/2017<\/a><\/li><li><a class=\"type-pdf\" href=\"https:\/\/www.ubfc.fr\/wp-content\/uploads\/2018\/09\/Rapport-2_Pr\u00e9sentation-SATT-Grand-Est-1.pdf\" target=\"_blank\" rel=\"noopener\">Rapport pr\u00e9paratoire : Pr\u00e9sentation SATT Grand-Est<\/a><\/li><li><a class=\"type-pdf\" href=\"https:\/\/www.ubfc.fr\/wp-content\/uploads\/2018\/09\/Rapport-3_Sch\u00e9ma-Directeur-du-Num\u00e9rique-1.pdf\" target=\"_blank\" rel=\"noopener\">Rapport pr\u00e9paratoire : Sch\u00e9ma Directeur du Num\u00e9rique<\/a><\/li><li><a class=\"type-pdf\" href=\"https:\/\/www.ubfc.fr\/wp-content\/uploads\/2018\/09\/Rapport-3-ANNEXE-SDN_Programme_Axes_Projet_vs0.4.4_170906-1-1.pdf\" target=\"_blank\" rel=\"noopener\">Annexe au rapport pr\u00e9paratoire<\/a><\/li><li><a class=\"type-pdf\" href=\"https:\/\/www.ubfc.fr\/wp-content\/uploads\/2018\/09\/2017_CA_44_FTLV_Convention_reversement-1.pdf\" target=\"_blank\" rel=\"noopener\">D\u00e9lib\u00e9ration n\u00b044 : Formation Tout au Long de la Vie : convention de reversement<\/a><\/li><li><a class=\"type-pdf\" href=\"https:\/\/www.ubfc.fr\/wp-content\/uploads\/2018\/09\/Rapport-5_FTLV-1.pdf\" target=\"_blank\" rel=\"noopener\">Rapport pr\u00e9paratoire<\/a><\/li><li><a class=\"type-pdf\" href=\"https:\/\/www.ubfc.fr\/wp-content\/uploads\/2018\/09\/2017_CA_45_Primes_directeursEDcoll\u00e8gedoctoral-1.pdf\" target=\"_blank\" rel=\"noopener\">D\u00e9lib\u00e9ration n\u00b045 : Primes des directeurs ED et coll\u00e8ge doctoral<\/a><\/li><li><a class=\"type-pdf\" href=\"https:\/\/www.ubfc.fr\/wp-content\/uploads\/2018\/09\/Rapport-6_PCA-directeurs-ED_ANNULEREMPLACE-1.pdf\" target=\"_blank\" rel=\"noopener\">Rapport pr\u00e9paratoire<\/a><\/li><li><a class=\"type-pdf\" href=\"https:\/\/www.ubfc.fr\/wp-content\/uploads\/2018\/09\/2017_CA_46_Appel_\u00e0projets_r\u00e8gles_attribution_subventions_association_doctorants-1.pdf\" target=\"_blank\" rel=\"noopener\">D\u00e9lib\u00e9ration n\u00b046 : Appel \u00e0 projets : r\u00e8gles d\u2019attribution de subventions aux associations de doctorants<\/a><\/li><li><a class=\"type-pdf\" href=\"https:\/\/www.ubfc.fr\/wp-content\/uploads\/2018\/09\/Rapport-7_-AAP-Associations-de-doctorants-1.pdf\" target=\"_blank\" rel=\"noopener\">Rapport pr\u00e9paratoire<\/a><\/li><li><a class=\"type-pdf\" href=\"https:\/\/www.ubfc.fr\/wp-content\/uploads\/2018\/09\/Rapport-7-ANNEXE-AAP-Coll\u00e8ge-doctoral-1.pdf\" target=\"_blank\" rel=\"noopener\">Annexe au rapport pr\u00e9paratoire<\/a><\/li><li><a class=\"type-pdf\" href=\"https:\/\/www.ubfc.fr\/wp-content\/uploads\/2018\/09\/2017_CA_47_Bourses_\u00e9tudiants_mastersUBFC_projetISITE-BFC-1.pdf\" target=\"_blank\" rel=\"noopener\">D\u00e9lib\u00e9ration n\u00b047 : Montant des bourses pour \u00e9tudiants de masters UBFC financ\u00e9es par le projet ISITE-BFC en soutien aux : \u2013 mobilit\u00e9s entrantes ; \u2013 mobilit\u00e9s sortantes.<\/a><\/li><li><a class=\"type-pdf\" href=\"https:\/\/www.ubfc.fr\/wp-content\/uploads\/2018\/09\/Rapport-8_Montant-des-bourses-pour-\u00e9tudiants-de-masters-UBFC-1.pdf\" target=\"_blank\" rel=\"noopener\">Rapport pr\u00e9paratoire<\/a><\/li><\/ul><\/div>\n\t\t\t\t<\/div>\n\t\t\t\t\t\t\t<div class=\"elementor-toggle-item\">\n\t\t\t\t\t<div id=\"elementor-tab-title-1614\" class=\"elementor-tab-title\" data-tab=\"4\" role=\"button\" aria-controls=\"elementor-tab-content-1614\" aria-expanded=\"false\">\n\t\t\t\t\t\t\t\t\t\t\t\t<span class=\"elementor-toggle-icon elementor-toggle-icon-left\" aria-hidden=\"true\">\n\t\t\t\t\t\t\t\t\t\t\t\t\t\t\t<span class=\"elementor-toggle-icon-closed\"><i class=\"fas fa-caret-right\"><\/i><\/span>\n\t\t\t\t\t\t\t\t<span class=\"elementor-toggle-icon-opened\"><i class=\"elementor-toggle-icon-opened fas fa-caret-up\"><\/i><\/span>\n\t\t\t\t\t\t\t\t\t\t\t\t\t<\/span>\n\t\t\t\t\t\t\t\t\t\t\t\t<a class=\"elementor-toggle-title\" tabindex=\"0\"> Conseil d\u2019Administration du 12 juillet 2017 <\/a>\n\t\t\t\t\t<\/div>\n\n\t\t\t\t\t<div id=\"elementor-tab-content-1614\" class=\"elementor-tab-content elementor-clearfix\" data-tab=\"4\" role=\"region\" aria-labelledby=\"elementor-tab-title-1614\"><ul id=\"document-list-24\" class=\"collapse show\" data-parent=\"#document-section-24\"><li><a class=\"type-pdf\" href=\"https:\/\/www.ubfc.fr\/wp-content\/uploads\/2018\/09\/DELIB-2017-33-Approbation-verbatim-310517-1.pdf\" target=\"_blank\" rel=\"noopener\">D\u00e9lib\u00e9ration n\u00b033 : approbation du verbatim du 31\/05\/2017<\/a><\/li><li><a class=\"type-pdf\" href=\"https:\/\/www.ubfc.fr\/wp-content\/uploads\/2018\/09\/Rapport-n\u00b01-Verbatim-CA-Comue-31-05-2017-1.pdf\" target=\"_blank\" rel=\"noopener\">Rapport pr\u00e9paratoire<\/a><\/li><li><a class=\"type-pdf\" href=\"https:\/\/www.ubfc.fr\/wp-content\/uploads\/2018\/09\/Verbatim-CA-Comue-31_05_2017-1.pdf\" target=\"_blank\" rel=\"noopener\">Annexe \u00e0 la d\u00e9lib\u00e9ration n\u00b033 : Verbatim du 31\/05\/2017<\/a><\/li><li><a class=\"type-pdf\" href=\"https:\/\/www.ubfc.fr\/wp-content\/uploads\/2018\/09\/DELIB-2017-34-Modification-Statuts-1.pdf\" target=\"_blank\" rel=\"noopener\">D\u00e9lib\u00e9ration n\u00b034 : Modification des statuts d\u2019UBFC<\/a><\/li><li><a class=\"type-pdf\" href=\"https:\/\/www.ubfc.fr\/wp-content\/uploads\/2018\/09\/Rapport-n\u00b02-Modification-des-statuts-dUBFC-1.pdf\" target=\"_blank\" rel=\"noopener\">Rapport pr\u00e9paratoire<\/a><\/li><li><a class=\"type-pdf\" href=\"https:\/\/www.ubfc.fr\/wp-content\/uploads\/2018\/09\/DELIB-2017-35-DECA-BFC-1.pdf\" target=\"_blank\" rel=\"noopener\">D\u00e9lib\u00e9ration n\u00b035 : DECA-BFC<\/a><\/li><li><a class=\"type-pdf\" href=\"https:\/\/www.ubfc.fr\/wp-content\/uploads\/2018\/09\/Rapport-n\u00b03-Cr\u00e9ation-nouvel-incubateur-DECA-BFC-1.pdf\" target=\"_blank\" rel=\"noopener\">Rapport pr\u00e9paratoire<\/a><\/li><li><a class=\"type-pdf\" href=\"https:\/\/www.ubfc.fr\/wp-content\/uploads\/2018\/09\/DELIB-2017-36-Budget-ISITE-BFC-1.pdf\" target=\"_blank\" rel=\"noopener\">D\u00e9lib\u00e9ration n\u00b036 : Budget ISITE-BFC<\/a><\/li><li><a class=\"type-pdf\" href=\"https:\/\/www.ubfc.fr\/wp-content\/uploads\/2018\/09\/Rapport-n\u00b04-Approbation-du-budget-ISITE-BFC-1.pdf\" target=\"_blank\" rel=\"noopener\">Rapport pr\u00e9paratoire<\/a><\/li><li><a class=\"type-pdf\" href=\"https:\/\/www.ubfc.fr\/wp-content\/uploads\/2018\/09\/DELIB-2017-37-Organisation-et-modalit\u00e9s-de-fonctionnement-1.pdf\" target=\"_blank\" rel=\"noopener\">D\u00e9lib\u00e9ration n\u00b037 : Organisation et modalit\u00e9s de fonctionnement d\u2019UBFC pour le suivi et l\u2019accompagnement des projets<\/a><\/li><li><a class=\"type-pdf\" href=\"https:\/\/www.ubfc.fr\/wp-content\/uploads\/2018\/09\/Rapport-n\u00b05-Oganisation-et-fonctionnement-dUBFC-1.pdf\" target=\"_blank\" rel=\"noopener\">Rapport pr\u00e9paratoire<\/a><\/li><li><a class=\"type-pdf\" href=\"https:\/\/www.ubfc.fr\/wp-content\/uploads\/2018\/09\/DELIB-2017-38-D\u00e9placements-profesionnels-1.pdf\" target=\"_blank\" rel=\"noopener\">D\u00e9lib\u00e9ration n\u00b038 : D\u00e9placements professionnels pour le compte d\u2019UBFC<\/a><\/li><li><a class=\"type-pdf\" href=\"https:\/\/www.ubfc.fr\/wp-content\/uploads\/2018\/09\/Rapport-n\u00b06-D\u00e9placements-professionnels-\u00e0-lUBFC-v12-07-17-1.pdf\" target=\"_blank\" rel=\"noopener\">Rapport pr\u00e9paratoire<\/a><\/li><li><a class=\"type-pdf\" href=\"https:\/\/www.ubfc.fr\/wp-content\/uploads\/2018\/09\/DELIB-2017-39-Note-de-cadrage-pour-les-bons-de-commande-dans-le-cadre-des-contrats-de-recherche-1.pdf\" target=\"_blank\" rel=\"noopener\">D\u00e9lib\u00e9ration n\u00b039 : Note de cadrage pour les bons de commande dans le cadre des contrats de recherche<\/a><\/li><li><a class=\"type-pdf\" href=\"https:\/\/www.ubfc.fr\/wp-content\/uploads\/2018\/09\/Rapport-n\u00b07-Note-de-cadrage-bon-de-commande-CA-12-07-17-1.pdf\" target=\"_blank\" rel=\"noopener\">Rapport pr\u00e9paratoire<\/a><\/li><li><a class=\"type-pdf\" href=\"https:\/\/www.ubfc.fr\/wp-content\/uploads\/2018\/09\/DELIB-2017-40-Masters-UBFC-organisation-universitaire-2017-18-1.pdf\" target=\"_blank\" rel=\"noopener\">D\u00e9lib\u00e9ration n\u00b040 : Masters UBFC organisation universitaire 2017\/2018<\/a><\/li><li><a class=\"type-pdf\" href=\"https:\/\/www.ubfc.fr\/wp-content\/uploads\/2018\/09\/Rapport-n\u00b08-Master-UBFC-organisation-de-lann\u00e9e-Universitaire-2017-18-1.pdf\" target=\"_blank\" rel=\"noopener\">Rapport pr\u00e9paratoire<\/a><\/li><li><a class=\"type-pdf\" href=\"https:\/\/www.ubfc.fr\/wp-content\/uploads\/2018\/09\/DELIB-2017-41-Droits-de-scolarit\u00e9s-1.pdf\" target=\"_blank\" rel=\"noopener\">D\u00e9lib\u00e9ration n\u00b041 : Droits de scolarit\u00e9<\/a><\/li><li><a class=\"type-pdf\" href=\"https:\/\/www.ubfc.fr\/wp-content\/uploads\/2018\/09\/Rapport-n\u00b09-Droits_scolarit\u00e9-1.pdf\" target=\"_blank\" rel=\"noopener\">Rapport pr\u00e9paratoire<\/a><\/li><li><a class=\"type-pdf\" href=\"https:\/\/www.ubfc.fr\/wp-content\/uploads\/2018\/09\/Rapport-n\u00b09-ANNEXE1_Tableau-droits-inscription-circulaire-rentr\u00e9e-2017-1.pdf\" target=\"_blank\" rel=\"noopener\">Annexe 1 au rapport pr\u00e9paratoire<\/a><\/li><li><a class=\"type-pdf\" href=\"https:\/\/www.ubfc.fr\/wp-content\/uploads\/2018\/09\/Rapport-n\u00b09-ANNEXE2_Circulaire-2017-2018-1.pdf\" target=\"_blank\" rel=\"noopener\">Annexe 2 au rapport pr\u00e9paratoire<\/a><\/li><li><a class=\"type-pdf\" href=\"https:\/\/www.ubfc.fr\/wp-content\/uploads\/2018\/09\/DELIB-2017-42-Financement-Th\u00e8se-par-la-R\u00e9gion-BFC-1.pdf\" target=\"_blank\" rel=\"noopener\">D\u00e9lib\u00e9ration n\u00b042 : Financement de th\u00e8se par la R\u00e9gion BFC<\/a><\/li><li><a class=\"type-pdf\" href=\"https:\/\/www.ubfc.fr\/wp-content\/uploads\/2018\/09\/Rapport-n\u00b09bis-Financement-Th\u00e8se-R\u00e9gion-BFC2-1.pdf\" target=\"_blank\" rel=\"noopener\">Rapport pr\u00e9paratoire<\/a><\/li><li><a class=\"type-pdf\" href=\"https:\/\/www.ubfc.fr\/wp-content\/uploads\/2018\/09\/Rapport-n\u00b09bis-ANNEXE_2017_RECH-EXCEL_Presentation_du_projet_FLUM-1.pdf\" target=\"_blank\" rel=\"noopener\">Annexe au rapport pr\u00e9paratoire<\/a><\/li><\/ul><\/div>\n\t\t\t\t<\/div>\n\t\t\t\t\t\t\t<div class=\"elementor-toggle-item\">\n\t\t\t\t\t<div id=\"elementor-tab-title-1615\" class=\"elementor-tab-title\" data-tab=\"5\" role=\"button\" aria-controls=\"elementor-tab-content-1615\" aria-expanded=\"false\">\n\t\t\t\t\t\t\t\t\t\t\t\t<span class=\"elementor-toggle-icon elementor-toggle-icon-left\" aria-hidden=\"true\">\n\t\t\t\t\t\t\t\t\t\t\t\t\t\t\t<span class=\"elementor-toggle-icon-closed\"><i class=\"fas fa-caret-right\"><\/i><\/span>\n\t\t\t\t\t\t\t\t<span class=\"elementor-toggle-icon-opened\"><i class=\"elementor-toggle-icon-opened fas fa-caret-up\"><\/i><\/span>\n\t\t\t\t\t\t\t\t\t\t\t\t\t<\/span>\n\t\t\t\t\t\t\t\t\t\t\t\t<a class=\"elementor-toggle-title\" tabindex=\"0\"> Conseil d\u2019Administration du 31 mai 2017 <\/a>\n\t\t\t\t\t<\/div>\n\n\t\t\t\t\t<div id=\"elementor-tab-content-1615\" class=\"elementor-tab-content elementor-clearfix\" data-tab=\"5\" role=\"region\" aria-labelledby=\"elementor-tab-title-1615\"><ul id=\"document-list-25\" class=\"collapse show\" data-parent=\"#document-section-25\"><li><a class=\"type-pdf\" href=\"https:\/\/www.ubfc.fr\/wp-content\/uploads\/2018\/09\/DELIB_2017.CA_.20_Verbatim-1.pdf\" target=\"_blank\" rel=\"noopener\">D\u00e9lib\u00e9ration n\u00b020 : approbation du verbatim du 14\/04\/2017<\/a><\/li><li><a class=\"type-pdf\" href=\"https:\/\/www.ubfc.fr\/wp-content\/uploads\/2018\/09\/Rapport-n\u00b01-Verbatim-CA-du-14-avril-2017-1.pdf\" target=\"_blank\" rel=\"noopener\">Rapport pr\u00e9paratoire<\/a><\/li><li><a class=\"type-pdf\" href=\"https:\/\/www.ubfc.fr\/wp-content\/uploads\/2018\/09\/DELIB_2017.CA_.20_ANNEXE_Verbatim14042017-1.pdf\" target=\"_blank\" rel=\"noopener\">Annexe \u00e0 la d\u00e9lib\u00e9ration n\u00b020 : Verbatim14\/04\/2017<\/a><\/li><li><a class=\"type-pdf\" href=\"https:\/\/www.ubfc.fr\/wp-content\/uploads\/2018\/09\/Rapport-n\u00b02-Informations-du-Pr\u00e9sident-1.pdf\" target=\"_blank\" rel=\"noopener\">Rapport pr\u00e9paratoire : Informations du Pr\u00e9sident<\/a><\/li><li><a class=\"type-pdf\" href=\"https:\/\/www.ubfc.fr\/wp-content\/uploads\/2018\/09\/DELIB_2017.CA_.21_Convention-cadre_R\u00e9gionBFC-1.pdf\" target=\"_blank\" rel=\"noopener\">D\u00e9lib\u00e9ration n\u00b021 : Convention-cadre_R\u00e9gionBFC<\/a><\/li><li><a class=\"type-pdf\" href=\"https:\/\/www.ubfc.fr\/wp-content\/uploads\/2018\/09\/Rapport-n\u00b03-Convention-cadre-avec-la-R\u00e9gion-Bourgogne-Franche-Comt\u00e9-1.pdf\" target=\"_blank\" rel=\"noopener\">Rapport pr\u00e9paratoire<\/a><\/li><li><a class=\"type-pdf\" href=\"https:\/\/www.ubfc.fr\/wp-content\/uploads\/2018\/09\/Rapport-n\u00b03-ANNEXE_Convention-cadre-entre-CRBFC_UBFC18052017-1.pdf\" target=\"_blank\" rel=\"noopener\">Annexe au rapport pr\u00e9paratoire<\/a><\/li><li><a class=\"type-pdf\" href=\"https:\/\/www.ubfc.fr\/wp-content\/uploads\/2018\/09\/DELIB_2017.CA_.22_Accord_de_consortium-1.pdf\" target=\"_blank\" rel=\"noopener\">D\u00e9lib\u00e9ration n\u00b022 : Accord_de_consortium<\/a><\/li><li><a class=\"type-pdf\" href=\"https:\/\/www.ubfc.fr\/wp-content\/uploads\/2018\/09\/Rapport-n\u00b04a-Accord-de-consortium-P\u00f4le-ding\u00e9nerie-et-de-management-1.pdf\" target=\"_blank\" rel=\"noopener\">Rapport pr\u00e9paratoire<\/a><\/li><li><a class=\"type-pdf\" href=\"https:\/\/www.ubfc.fr\/wp-content\/uploads\/2018\/09\/Rapport-n\u00b04a-ANNEXE_Accord-de-consortium-P\u00f4le-ding\u00e9nerie-et-de-management-1.pdf\" target=\"_blank\" rel=\"noopener\">Annexe au rapport pr\u00e9paratoire<\/a><\/li><li><a class=\"type-pdf\" href=\"https:\/\/www.ubfc.fr\/wp-content\/uploads\/2018\/09\/DELIB_2017.CA_.23_Nomination_VP_PIM-1.pdf\" target=\"_blank\" rel=\"noopener\">D\u00e9lib\u00e9ration n\u00b023 : Nomination_VP_PIM<\/a><\/li><li><a class=\"type-pdf\" href=\"https:\/\/www.ubfc.fr\/wp-content\/uploads\/2018\/09\/Rapport-n\u00b04b-Nomination-VP-PIM-1.pdf\" target=\"_blank\" rel=\"noopener\">Rapport pr\u00e9paratoire<\/a><\/li><li><a class=\"type-pdf\" href=\"https:\/\/www.ubfc.fr\/wp-content\/uploads\/2018\/09\/Rapport-n\u00b05a-PIA3_Ecole_universitaire_de_recherche-1.pdf\" target=\"_blank\" rel=\"noopener\">Rapport pr\u00e9paratoire : PIA3 \u00c9cole Universitaire de Recherche<\/a><\/li><li><a class=\"type-pdf\" href=\"https:\/\/www.ubfc.fr\/wp-content\/uploads\/2018\/09\/Rapport-n\u00b05b-PIA-3-nouveaux-cursus-\u00e0-luniversit\u00e9-1.pdf\" target=\"_blank\" rel=\"noopener\">Rapport pr\u00e9paratoire : PIA3 Nouveaux Cursus \u00e0 l\u2019Universit\u00e9<\/a><\/li><li><a class=\"type-pdf\" href=\"https:\/\/www.ubfc.fr\/wp-content\/uploads\/2018\/09\/DELIB_2017.CA_.24_Fiche_action_Homme-Nature-1.pdf\" target=\"_blank\" rel=\"noopener\">D\u00e9lib\u00e9ration n\u00b024 : Fiche_action_Homme-Nature<\/a><\/li><li><a class=\"type-pdf\" href=\"https:\/\/www.ubfc.fr\/wp-content\/uploads\/2018\/09\/Rapport-n\u00b06-CSTI-Homme-Nature-VIVO-CA-31-mai-17-1.pdf\" target=\"_blank\" rel=\"noopener\">Rapport pr\u00e9paratoire<\/a><\/li><li><a class=\"type-pdf\" href=\"https:\/\/www.ubfc.fr\/wp-content\/uploads\/2018\/09\/DELIB_2017.CA_.25_FinancementISITE-BFC_implication_LabExIDEFI-1.pdf\" target=\"_blank\" rel=\"noopener\">D\u00e9lib\u00e9ration n\u00b025 : Financement ISITE BFC_implication_LabEx&amp;amp;IDEFI<\/a><\/li><li><a class=\"type-pdf\" href=\"https:\/\/www.ubfc.fr\/wp-content\/uploads\/2018\/09\/Rapport-n\u00b07a-ISITE-BFC-implications-concernant-les-labEx-et-IDEFI-1.pdf\" target=\"_blank\" rel=\"noopener\">Rapport pr\u00e9paratoire<\/a><\/li><li><a class=\"type-pdf\" href=\"https:\/\/www.ubfc.fr\/wp-content\/uploads\/2018\/09\/DELIB_2017.CA_.26_FinancementISITE-BFC_relationFCS_BFC-1.pdf\" target=\"_blank\" rel=\"noopener\">D\u00e9lib\u00e9ration n\u00b026 : Financement ISITE-BFC_relationFCS_BFC<\/a><\/li><li><a class=\"type-pdf\" href=\"https:\/\/www.ubfc.fr\/wp-content\/uploads\/2018\/09\/Rapport-n\u00b07b-ISITE-BFC-relation-avec-la-FCS-1.pdf\" target=\"_blank\" rel=\"noopener\">Rapport pr\u00e9paratoire<\/a><\/li><li><a class=\"type-pdf\" href=\"https:\/\/www.ubfc.fr\/wp-content\/uploads\/2018\/09\/DELIB_2017.CA_.27_MastersMOOC_Montants_reversementsUBFC-1.pdf\" target=\"_blank\" rel=\"noopener\">D\u00e9lib\u00e9ration n\u00b027 : Masters&amp;amp;MOOC_Montants_reversementsUBFC<\/a><\/li><li><a class=\"type-pdf\" href=\"https:\/\/www.ubfc.fr\/wp-content\/uploads\/2018\/09\/DELIB_2017.CA_.28_MastersMOOC_Convention_type_de_reversement-1.pdf\" target=\"_blank\" rel=\"noopener\">D\u00e9lib\u00e9ration n\u00b028 : Masters&amp;amp;MOOC_Convention_type_de_reversement<\/a><\/li><li><a class=\"type-pdf\" href=\"https:\/\/www.ubfc.fr\/wp-content\/uploads\/2018\/09\/Rapport-n\u00b08-Reversement-Master-et-MOOC-1.pdf\" target=\"_blank\" rel=\"noopener\">Rapport pr\u00e9paratoire<\/a><\/li><li><a class=\"type-pdf\" href=\"https:\/\/www.ubfc.fr\/wp-content\/uploads\/2018\/09\/Rapport-n\u00b08_ANNEXE_20170519_Convention_reversement_Master_anonym\u00e9e-1.pdf\" target=\"_blank\" rel=\"noopener\">Annexe au rapport pr\u00e9paratoire<\/a><\/li><li><a class=\"type-pdf\" href=\"https:\/\/www.ubfc.fr\/wp-content\/uploads\/2018\/09\/DELIB_2017.CA_.29_MastersMOOC_Autorisation_signature-1.pdf\" target=\"_blank\" rel=\"noopener\">D\u00e9lib\u00e9ration n\u00b029 : Masters&amp;amp;MOOC_Autorisation_signature<\/a><\/li><li><a class=\"type-pdf\" href=\"https:\/\/www.ubfc.fr\/wp-content\/uploads\/2018\/09\/Rapport-n\u00b09-D\u00e9placements-professionnels-\u00e0-lUBFC-1.pdf\" target=\"_blank\" rel=\"noopener\">Rapport pr\u00e9paratoire : D\u00e9placements professionnels<\/a><\/li><li><a class=\"type-pdf\" href=\"https:\/\/www.ubfc.fr\/wp-content\/uploads\/2018\/09\/DELIB_2017.CA_.30_Rentr\u00e9e_universitaire_doctorants-1.pdf\" target=\"_blank\" rel=\"noopener\">D\u00e9lib\u00e9ration n\u00b030 : Rentr\u00e9e_universitaire_doctorants<\/a><\/li><li><a class=\"type-pdf\" href=\"https:\/\/www.ubfc.fr\/wp-content\/uploads\/2018\/09\/Rapport-n\u00b010-Rentr\u00e9e-universitaire-2017-des-doctorants-1.pdf\" target=\"_blank\" rel=\"noopener\">Rapport pr\u00e9paratoire<\/a><\/li><li><a class=\"type-pdf\" href=\"https:\/\/www.ubfc.fr\/wp-content\/uploads\/2018\/09\/DELIB_2017.CA_.31_Convention_ABES-1.pdf\" target=\"_blank\" rel=\"noopener\">D\u00e9lib\u00e9ration n\u00b031 : Convention_ABES<\/a><\/li><li><a class=\"type-pdf\" href=\"https:\/\/www.ubfc.fr\/wp-content\/uploads\/2018\/09\/Rapport-n\u00b011-Convention-ABES-1.pdf\" target=\"_blank\" rel=\"noopener\">Rapport pr\u00e9paratoire<\/a><\/li><li><a class=\"type-pdf\" href=\"https:\/\/www.ubfc.fr\/wp-content\/uploads\/2018\/09\/Rapport-n\u00b011-ANNEXE_Convention-ABES-1.pdf\" target=\"_blank\" rel=\"noopener\">Annexe au rapport pr\u00e9paratoire<\/a><\/li><li><a class=\"type-pdf\" href=\"https:\/\/www.ubfc.fr\/wp-content\/uploads\/2018\/09\/DELIB_2017.CA_.32_Adh\u00e9sionUBFC_\u00e0_associationVP-NUM-1.pdf\" target=\"_blank\" rel=\"noopener\">D\u00e9lib\u00e9ration n\u00b032 : Adh\u00e9sion d\u2019UBFC \u00e0 l\u2019association VP-NUM<\/a><\/li><li><a class=\"type-pdf\" href=\"https:\/\/www.ubfc.fr\/wp-content\/uploads\/2018\/09\/Rapport-n\u00b012-Adh\u00e9sion-dUBFC-\u00e0-lAssociation-VP-Num-1.pdf\" target=\"_blank\" rel=\"noopener\">Rapport pr\u00e9paratoire<\/a><\/li><\/ul><\/div>\n\t\t\t\t<\/div>\n\t\t\t\t\t\t\t<div class=\"elementor-toggle-item\">\n\t\t\t\t\t<div id=\"elementor-tab-title-1616\" class=\"elementor-tab-title\" data-tab=\"6\" role=\"button\" aria-controls=\"elementor-tab-content-1616\" aria-expanded=\"false\">\n\t\t\t\t\t\t\t\t\t\t\t\t<span class=\"elementor-toggle-icon elementor-toggle-icon-left\" aria-hidden=\"true\">\n\t\t\t\t\t\t\t\t\t\t\t\t\t\t\t<span class=\"elementor-toggle-icon-closed\"><i class=\"fas fa-caret-right\"><\/i><\/span>\n\t\t\t\t\t\t\t\t<span class=\"elementor-toggle-icon-opened\"><i class=\"elementor-toggle-icon-opened fas fa-caret-up\"><\/i><\/span>\n\t\t\t\t\t\t\t\t\t\t\t\t\t<\/span>\n\t\t\t\t\t\t\t\t\t\t\t\t<a class=\"elementor-toggle-title\" tabindex=\"0\"> Conseil d\u2019Administration du 14 avril 2017 <\/a>\n\t\t\t\t\t<\/div>\n\n\t\t\t\t\t<div id=\"elementor-tab-content-1616\" class=\"elementor-tab-content elementor-clearfix\" data-tab=\"6\" role=\"region\" aria-labelledby=\"elementor-tab-title-1616\"><ul id=\"document-list-26\" class=\"collapse show\" data-parent=\"#document-section-26\"><li><a class=\"type-pdf\" href=\"https:\/\/www.ubfc.fr\/wp-content\/uploads\/2018\/09\/D\u00e9lib_2017.CA_.08_Approbation_verbatim_14022017-1-1.pdf\" target=\"_blank\" rel=\"noopener\">D\u00e9lib\u00e9ration n\u00b008 : approbation du verbatim du 14\/02\/2017<\/a><\/li><li><a class=\"type-pdf\" href=\"https:\/\/www.ubfc.fr\/wp-content\/uploads\/2018\/09\/Rapport_n\u00b01_Verbatim_14.02-1.pdf\" target=\"_blank\" rel=\"noopener\">Rapport pr\u00e9paratoire<\/a><\/li><li><a class=\"type-pdf\" href=\"https:\/\/www.ubfc.fr\/wp-content\/uploads\/2018\/09\/D\u00e9lib_2017.CA_.09_Compte_financier_article1-1.pdf\" target=\"_blank\" rel=\"noopener\">D\u00e9lib\u00e9ration n\u00b009 : compte financier \u2013 article 1<\/a><\/li><li><a class=\"type-pdf\" href=\"https:\/\/www.ubfc.fr\/wp-content\/uploads\/2018\/09\/D\u00e9lib_2017.CA_.10_Compte_financier_article2-1.pdf\" target=\"_blank\" rel=\"noopener\">D\u00e9lib\u00e9ration n\u00b010 : compte financier \u2013 article 2<\/a><\/li><li><a class=\"type-pdf\" href=\"https:\/\/www.ubfc.fr\/wp-content\/uploads\/2018\/09\/D\u00e9lib_2017.CA_.11_Compte_financier_article3-1.pdf\" target=\"_blank\" rel=\"noopener\">D\u00e9lib\u00e9ration n\u00b011 : compte financier \u2013 article 3<\/a><\/li><li><a class=\"type-pdf\" href=\"https:\/\/www.ubfc.fr\/wp-content\/uploads\/2018\/09\/D\u00e9lib_2017.CA_.12_Compte_financier_affectationr\u00e9sultat-1.pdf\" target=\"_blank\" rel=\"noopener\">D\u00e9lib\u00e9ration n\u00b012 : compte financier \u2013 affectation r\u00e9sultat <\/a><\/li><li><a class=\"type-pdf\" href=\"https:\/\/www.ubfc.fr\/wp-content\/uploads\/2018\/09\/Rapport_N\u00b03_Compte_financier2016_RAPPORT-DE-PRESENTATION-1-1.pdf\" target=\"_blank\" rel=\"noopener\">Rapport pr\u00e9paratoire<\/a><\/li><li><a class=\"type-pdf\" href=\"https:\/\/www.ubfc.fr\/wp-content\/uploads\/2018\/09\/RAPPORT_N\u00b03_rapport_agentcomptable_comptefinancier_2016-1.pdf\" target=\"_blank\" rel=\"noopener\">Rapport pr\u00e9paratoire 2<\/a><\/li><li><a class=\"type-pdf\" href=\"https:\/\/www.ubfc.fr\/wp-content\/uploads\/2018\/09\/Rapport_n\u00b04_rapport_HCERES-1.pdf\" target=\"_blank\" rel=\"noopener\">Rapport pr\u00e9paratoire : Rapport HCERES<\/a><\/li><li><a class=\"type-pdf\" href=\"https:\/\/www.ubfc.fr\/wp-content\/uploads\/2018\/09\/Rapport_N\u00b04_ANNEXE_Rapport-HCERES-Evaluation-UBFC-1-1.pdf\" target=\"_blank\" rel=\"noopener\">Annexe au rapport pr\u00e9paratoire<\/a><\/li><li><a class=\"type-pdf\" href=\"https:\/\/www.ubfc.fr\/wp-content\/uploads\/2018\/09\/D\u00e9lib_2017.CA_.13_voletcommun_contratsite_jalonstrajectoire_et_SDVE-1.pdf\" target=\"_blank\" rel=\"noopener\">D\u00e9lib\u00e9ration n\u00b013 : volet commun du contrat de site \u2013 jalons &amp;amp; trajectoire \u2013 SDVE<\/a><\/li><li><a class=\"type-pdf\" href=\"https:\/\/www.ubfc.fr\/wp-content\/uploads\/2018\/09\/rapport_n\u00b05_Contrat_de_site-1.pdf\" target=\"_blank\" rel=\"noopener\">Rapport pr\u00e9paratoire<\/a><\/li><li><a class=\"type-pdf\" href=\"https:\/\/www.ubfc.fr\/wp-content\/uploads\/2018\/09\/Rapport_N\u00b05_ANNEXE1_Volet-commun-contrat-de-Site-UBFC-2017-2022-1.pdf\" target=\"_blank\" rel=\"noopener\">Annexe 1 au rapport pr\u00e9paratoire<\/a><\/li><li><a class=\"type-pdf\" href=\"https:\/\/www.ubfc.fr\/wp-content\/uploads\/2018\/09\/Rapport_N\u00b05_ANNEXE2_Trajectoire_jalons_UBFC_6-avril_NOUVELLE_VERSION-1.pdf\" target=\"_blank\" rel=\"noopener\">Annexe 2 au rapport pr\u00e9paratoire<\/a><\/li><li><a class=\"type-pdf\" href=\"https:\/\/www.ubfc.fr\/wp-content\/uploads\/2018\/09\/Rapport_N\u00b05_ANNEXE3_Sch\u00e9ma-Directeur-de-la-Vie-Etudiante-UBFC-volet-1-1.pdf\" target=\"_blank\" rel=\"noopener\">Annexe 3 au rapport pr\u00e9paratoire<\/a><\/li><li><a class=\"type-pdf\" href=\"https:\/\/www.ubfc.fr\/wp-content\/uploads\/2018\/09\/Rapport_N\u00b05_ANNEXE4_Note-dintention-SDN-UBFC-1-1.pdf\" target=\"_blank\" rel=\"noopener\">Annexe 4 au rapport pr\u00e9paratoire<\/a><\/li><li><a class=\"type-pdf\" href=\"https:\/\/www.ubfc.fr\/wp-content\/uploads\/2018\/09\/D\u00e9lib_2017.CA_.14_bail_b\u00e2timent_exCNRS-1.pdf\" target=\"_blank\" rel=\"noopener\">D\u00e9lib\u00e9ration n\u00b014 : bail b\u00e2timent ex-CNRS<\/a><\/li><li><a class=\"type-pdf\" href=\"https:\/\/www.ubfc.fr\/wp-content\/uploads\/2018\/09\/Rapport_n\u00b06_Rapport_Baux_emphyt\u00e9otiques-1.pdf\" target=\"_blank\" rel=\"noopener\">Rapport pr\u00e9paratoire<\/a><\/li><li><a class=\"type-pdf\" href=\"https:\/\/www.ubfc.fr\/wp-content\/uploads\/2018\/09\/D\u00e9lib_2017.CA_.15_bail_pavillon_Directeur_observatoire-1.pdf\" target=\"_blank\" rel=\"noopener\">D\u00e9lib\u00e9ration n\u00b015 : bail pavillon Directeur observatoire<\/a><\/li><li><a class=\"type-pdf\" href=\"https:\/\/www.ubfc.fr\/wp-content\/uploads\/2018\/09\/D\u00e9lib_2017.CA_.16_Conventions_CASDENMGEN_maTh\u00e8seen180s-1.pdf\" target=\"_blank\" rel=\"noopener\">D\u00e9lib\u00e9ration n\u00b016 : conventions CASDEN et MGEN MT108s<\/a><\/li><li><a class=\"type-pdf\" href=\"https:\/\/www.ubfc.fr\/wp-content\/uploads\/2018\/09\/Rapport_N\u00b0-7_Ma-th\u00e8se-en-180-s_NOUVELLE_VERSION-1.pdf\" target=\"_blank\" rel=\"noopener\">Rapport pr\u00e9paratoire<\/a><\/li><li><a class=\"type-pdf\" href=\"https:\/\/www.ubfc.fr\/wp-content\/uploads\/2018\/09\/D\u00e9lib_2017.CA_.17_Modificatif_dates_fermeture_campagne_candidatures_mastersUBFC-1.pdf\" target=\"_blank\" rel=\"noopener\">D\u00e9lib\u00e9ration n\u00b017 : modificatif des dates de fermeture de la campagne de candidatures aux Masters UBFC <\/a><\/li><li><a class=\"type-pdf\" href=\"https:\/\/www.ubfc.fr\/wp-content\/uploads\/2018\/09\/D\u00e9lib_2017.CA_.17_ANNEXE_Modificatif_dates_fermeture_campagne_candidatures_mastersUBFC-1.pdf\" target=\"_blank\" rel=\"noopener\">Annexe \u00e0 la d\u00e9lib\u00e9ration n\u00b017 : modificatif dates fermeture campagne candidatures Masters UBFC<\/a><\/li><li><a class=\"type-pdf\" href=\"https:\/\/www.ubfc.fr\/wp-content\/uploads\/2018\/09\/D\u00e9lib_2017.CA_.18_Exon\u00e9ration_frais_inscriptions_doctorants-1.pdf\" target=\"_blank\" rel=\"noopener\">D\u00e9lib\u00e9ration n\u00b018 : exon\u00e9ration des frais d\u2019inscriptions doctorants<\/a><\/li><li><a class=\"type-pdf\" href=\"https:\/\/www.ubfc.fr\/wp-content\/uploads\/2018\/09\/Rapport_n\u00b09_-_Exon\u00e9ration_Frais_Inscriptions-1.pdf\" target=\"_blank\" rel=\"noopener\">Rapport pr\u00e9paratoire<\/a><\/li><li><a class=\"type-pdf\" href=\"https:\/\/www.ubfc.fr\/wp-content\/uploads\/2018\/09\/D\u00e9lib_2017.CA_.19_Adh\u00e9sion_UBFC_\u00e0_AMUE-1.pdf\" target=\"_blank\" rel=\"noopener\">D\u00e9lib\u00e9ration n\u00b019 : adh\u00e9sion d\u2019UBFC \u00e0 l\u2019AMUE<\/a><\/li><li><a class=\"type-pdf\" href=\"https:\/\/www.ubfc.fr\/wp-content\/uploads\/2018\/09\/Rapport_N\u00b010__Adh\u00e9sion_d_UBFC_\u00e0_l_AMUE-1.pdf\" target=\"_blank\" rel=\"noopener\">Rapport pr\u00e9paratoire<\/a><\/li><li><a class=\"type-pdf\" href=\"https:\/\/www.ubfc.fr\/wp-content\/uploads\/2018\/09\/Rapport_n\u00b011_date_des_prochains_CA-1.pdf\" target=\"_blank\" rel=\"noopener\">Rapport pr\u00e9paratoire : Date des prochains Conseils d\u2019Administration<\/a><\/li><\/ul><\/div>\n\t\t\t\t<\/div>\n\t\t\t\t\t\t\t<div class=\"elementor-toggle-item\">\n\t\t\t\t\t<div id=\"elementor-tab-title-1617\" class=\"elementor-tab-title\" data-tab=\"7\" role=\"button\" aria-controls=\"elementor-tab-content-1617\" aria-expanded=\"false\">\n\t\t\t\t\t\t\t\t\t\t\t\t<span class=\"elementor-toggle-icon elementor-toggle-icon-left\" aria-hidden=\"true\">\n\t\t\t\t\t\t\t\t\t\t\t\t\t\t\t<span class=\"elementor-toggle-icon-closed\"><i class=\"fas fa-caret-right\"><\/i><\/span>\n\t\t\t\t\t\t\t\t<span class=\"elementor-toggle-icon-opened\"><i class=\"elementor-toggle-icon-opened fas fa-caret-up\"><\/i><\/span>\n\t\t\t\t\t\t\t\t\t\t\t\t\t<\/span>\n\t\t\t\t\t\t\t\t\t\t\t\t<a class=\"elementor-toggle-title\" tabindex=\"0\"> Conseil d\u2019Administration du 14 f\u00e9vrier 2017 <\/a>\n\t\t\t\t\t<\/div>\n\n\t\t\t\t\t<div id=\"elementor-tab-content-1617\" class=\"elementor-tab-content elementor-clearfix\" data-tab=\"7\" role=\"region\" aria-labelledby=\"elementor-tab-title-1617\"><ul id=\"document-list-27\" class=\"collapse show\" data-parent=\"#document-section-27\"><li><a class=\"type-pdf\" href=\"https:\/\/www.ubfc.fr\/wp-content\/uploads\/2018\/09\/deliberation-CA-UBFC-2017-01-approbation-verbatim-1.pdf\" target=\"_blank\" rel=\"noopener\">D\u00e9lib\u00e9ration n\u00b001 : approbation du verbatim du 13\/12\/16<\/a><\/li><li><a class=\"type-pdf\" href=\"https:\/\/www.ubfc.fr\/wp-content\/uploads\/2018\/09\/1Rapport_N1-_Approbation-VERBATIM-SG-1-1.pdf\" target=\"_blank\" rel=\"noopener\">Rapport pr\u00e9paratoire<\/a><\/li><li><a class=\"type-pdf\" href=\"https:\/\/www.ubfc.fr\/wp-content\/uploads\/2018\/09\/deliberation-CA-UBFC-2017-01bis-VERBATIM-13-12-2016-modifi\u00e9-1.pdf\" target=\"_blank\" rel=\"noopener\">Annexe \u00e0 la d\u00e9lib\u00e9ration n\u00b001: verbatim du 13\/12\/2016<\/a><\/li><li><a class=\"type-pdf\" href=\"https:\/\/www.ubfc.fr\/wp-content\/uploads\/2018\/09\/2Rapport_N2_Informations-Pr\u00e9sident-SG-1.pdf\" target=\"_blank\" rel=\"noopener\">Rapport pr\u00e9paratoire : Informations du Pr\u00e9sident<\/a><\/li><li><a class=\"type-pdf\" href=\"https:\/\/www.ubfc.fr\/wp-content\/uploads\/2018\/09\/3Rapport_N3-ISITE-BFC-1.pdf\" target=\"_blank\" rel=\"noopener\">Rapport pr\u00e9paratoire : ISITE-BFC<\/a><\/li><li><a class=\"type-pdf\" href=\"https:\/\/www.ubfc.fr\/wp-content\/uploads\/2018\/09\/deliberation-CA-UBFC-2017-02-masters-UBFC-1.pdf\" target=\"_blank\" rel=\"noopener\">D\u00e9lib\u00e9ration n\u00b002 : masters UBFC<\/a><\/li><li><a class=\"type-pdf\" href=\"https:\/\/www.ubfc.fr\/wp-content\/uploads\/2018\/09\/4Rapport-N-4-masters-CA-1.pdf\" target=\"_blank\" rel=\"noopener\">Rapport pr\u00e9paratoire<\/a><\/li><li><a class=\"type-pdf\" href=\"https:\/\/www.ubfc.fr\/wp-content\/uploads\/2018\/09\/4tableau-Capacit\u00e9s-daccueil-et-criteres-selection-Master-UBFC-CA-14-Fev-2017-1.pdf\" target=\"_blank\" rel=\"noopener\">Annexe au rapport pr\u00e9paratoire<\/a><\/li><li><a class=\"type-pdf\" href=\"https:\/\/www.ubfc.fr\/wp-content\/uploads\/2018\/09\/5Rapport_N5-Contrat-de-site-et-SDVE-1.pdf\" target=\"_blank\" rel=\"noopener\">Rapport pr\u00e9paratoire : Contrat de site et SDVE<\/a><\/li><li><a class=\"type-pdf\" href=\"https:\/\/www.ubfc.fr\/wp-content\/uploads\/2018\/09\/5Projet-Contrat-de-site-1.pdf\" target=\"_blank\" rel=\"noopener\">Annexe 1 au rapport pr\u00e9paratoire<\/a><\/li><li><a class=\"type-pdf\" href=\"https:\/\/www.ubfc.fr\/wp-content\/uploads\/2018\/09\/5Sch\u00e9ma-Directeur-de-la-Vie-Etudiante-version-du-7-f\u00e9vrier-2017-1.pdf\" target=\"_blank\" rel=\"noopener\">Annexe 2 au rapport pr\u00e9paratoire<\/a><\/li><li><a class=\"type-pdf\" href=\"https:\/\/www.ubfc.fr\/wp-content\/uploads\/2018\/09\/deliberation-CA-UBFC-2017-03-VP-vie-\u00e9tudiante-1.pdf\" target=\"_blank\" rel=\"noopener\">D\u00e9lib\u00e9ration n\u00b003 : nomination du VP vie \u00e9tudiante<\/a><\/li><li><a class=\"type-pdf\" href=\"https:\/\/www.ubfc.fr\/wp-content\/uploads\/2018\/09\/6Rapport_N6_Nomination-T-STEINMETZ-1.pdf\" target=\"_blank\" rel=\"noopener\">Rapport pr\u00e9paratoire<\/a><\/li><li><a class=\"type-pdf\" href=\"https:\/\/www.ubfc.fr\/wp-content\/uploads\/2018\/09\/7Rapport-N7-Accord-de-consortium-1.pdf\" target=\"_blank\" rel=\"noopener\">Rapport pr\u00e9paratoire : Accord de consortium<\/a><\/li><li><a class=\"type-pdf\" href=\"https:\/\/www.ubfc.fr\/wp-content\/uploads\/2018\/09\/7Accord-de-consortium-Pole-IM-UBFC_Validation-1.pdf\" target=\"_blank\" rel=\"noopener\">Annexe au rapport pr\u00e9paratoire<\/a><\/li><li><a class=\"type-pdf\" href=\"https:\/\/www.ubfc.fr\/wp-content\/uploads\/2018\/09\/8Rapport_N8_Nomination-B-CRETIN-1.pdf\" target=\"_blank\" rel=\"noopener\">Rapport pr\u00e9paratoire : Nomination VP PIM<\/a><\/li><li><a class=\"type-pdf\" href=\"https:\/\/www.ubfc.fr\/wp-content\/uploads\/2018\/09\/deliberation-CA-UBFC-2017-04-commission-recherche-1.pdf\" target=\"_blank\" rel=\"noopener\">D\u00e9lib\u00e9ration n\u00b004 : commission recherche<\/a><\/li><li><a class=\"type-pdf\" href=\"https:\/\/www.ubfc.fr\/wp-content\/uploads\/2018\/09\/9Rapport_N9_Commission-recherche-CAC-1.pdf\" target=\"_blank\" rel=\"noopener\">Rapport pr\u00e9paratoire<\/a><\/li><li><a class=\"type-pdf\" href=\"https:\/\/www.ubfc.fr\/wp-content\/uploads\/2018\/09\/10Rapport_N10-Pr\u00e9sentation-PEPITE-1.pdf\" target=\"_blank\" rel=\"noopener\">Rapport pr\u00e9paratoire : Pr\u00e9sentation PEPITE<\/a><\/li><li><a class=\"type-pdf\" href=\"https:\/\/www.ubfc.fr\/wp-content\/uploads\/2018\/09\/deliberation-CA-UBFC-2017-05-PEPITE-Startup-weekend-1.pdf\" target=\"_blank\" rel=\"noopener\">D\u00e9lib\u00e9ration n\u00b005 : PEPITE Startup weekend<\/a><\/li><li><a class=\"type-pdf\" href=\"https:\/\/www.ubfc.fr\/wp-content\/uploads\/2018\/09\/10.1Rapport_N10.1-StartUp-Week-end-1.pdf\" target=\"_blank\" rel=\"noopener\">Rapport pr\u00e9paratoire<\/a><\/li><li><a class=\"type-pdf\" href=\"https:\/\/www.ubfc.fr\/wp-content\/uploads\/2018\/09\/deliberation-CA-UBFC-2017-06-PEPITE-D2E-1.pdf\" target=\"_blank\" rel=\"noopener\">D\u00e9lib\u00e9ration n\u00b006 : PEPITE D2E<\/a><\/li><li><a class=\"type-pdf\" href=\"https:\/\/www.ubfc.fr\/wp-content\/uploads\/2018\/09\/10.2Rapport_N10.2-Dip\u00f4me-entrepreunariat-\u00e9tudiant-1.pdf\" target=\"_blank\" rel=\"noopener\">Rapport pr\u00e9paratoire<\/a><\/li><li><a class=\"type-pdf\" href=\"https:\/\/www.ubfc.fr\/wp-content\/uploads\/2018\/09\/d\u00e9liberation-CA-UBFC-2017-07-PEPITE-financement-actions-1.pdf\" target=\"_blank\" rel=\"noopener\">D\u00e9lib\u00e9ration n\u00b007 : PEPITE financement actions<\/a><\/li><li><a class=\"type-pdf\" href=\"https:\/\/www.ubfc.fr\/wp-content\/uploads\/2018\/09\/10.3Rapport_N10.3-Intervants-PEPITE-CA-1.pdf\" target=\"_blank\" rel=\"noopener\">Rapport pr\u00e9paratoire<\/a><\/li><li><a class=\"type-pdf\" href=\"https:\/\/www.ubfc.fr\/wp-content\/uploads\/2018\/09\/11Rapport_N11-PIA3-1.pdf\" target=\"_blank\" rel=\"noopener\">Rapport pr\u00e9paratoire : PIA3<\/a><\/li><li><a class=\"type-pdf\" href=\"https:\/\/www.ubfc.fr\/wp-content\/uploads\/2018\/09\/deliberation-CA-UBFC-2017-07BIS-D\u00e9charges_DirecteursDirecteursadjoints_ED-1.pdf\" target=\"_blank\" rel=\"noopener\">D\u00e9lib\u00e9ration n\u00b007bis: D\u00e9charges Directeurs &amp;amp; Directeurs adjoints ED<\/a><\/li><li><a class=\"type-pdf\" href=\"https:\/\/www.ubfc.fr\/wp-content\/uploads\/2018\/09\/12RAPPORT-N12-Decharges-directeurs-ED-CA-14-F\u00e9vrier-2017-1.pdf\" target=\"_blank\" rel=\"noopener\">Rapport pr\u00e9paratoire<\/a><\/li><li><a class=\"type-pdf\" href=\"https:\/\/www.ubfc.fr\/wp-content\/uploads\/2018\/09\/13Rapport-N-13-Subvention-Assoc-1.pdf\" target=\"_blank\" rel=\"noopener\">Rapport pr\u00e9paratoire : Subvention association<\/a><\/li><\/ul><\/div>\n\t\t\t\t<\/div>\n\t\t\t\t\t\t\t\t<\/div>\n\t\t\t\t\t\t<\/div>\n\t\t\t\t<\/div>\n\t\t\t\t\t<\/div>\n\t\t<\/div>\n\t\t\t\t\t<\/div>\n\t\t<\/section>\n\t\t\t\t<\/div>\n\t\t","protected":false},"excerpt":{"rendered":"<p>Conseil d\u2019administration du 21 d\u00e9cembre 2017 D\u00e9lib\u00e9ration n\u00b060 : Approbation du verbatim du 14 novembre 2017 Verbatim du 14 novembre 2017 D\u00e9lib\u00e9ration n\u00b061 : Indicateurs contrat de site Rapport pr\u00e9paratoire D\u00e9lib\u00e9ration n\u00b062 : Convention attributive d\u2019aide ISITE-BFC Rapport pr\u00e9paratoire Annexe du rapport pr\u00e9paratoire D\u00e9lib\u00e9ration n\u00b063 : Ouverture de nouveaux MASTERS UBFC pour la rentr\u00e9e 2018, &hellip; <a href=\"https:\/\/www.ubfc.fr\/en\/ubfc\/gouvernance\/instances\/conseil-dadministration\/rapports-deliberations-et-verbatims-2017\/\">Continued<\/a><\/p>\n","protected":false},"author":18,"featured_media":0,"parent":44653,"menu_order":112,"comment_status":"closed","ping_status":"closed","template":"","meta":{"_acf_changed":false,"footnotes":""},"class_list":["post-44663","page","type-page","status-publish","hentry"],"acf":[],"yoast_head":"<!-- This site is optimized with the Yoast SEO plugin v27.4 - https:\/\/yoast.com\/product\/yoast-seo-wordpress\/ -->\n<title>Rapports, d\u00e9lib\u00e9rations et verbatims 2017 - COMUE Universit\u00e9 Bourgogne-Franche-Comt\u00e9<\/title>\n<meta name=\"robots\" content=\"index, follow, max-snippet:-1, max-image-preview:large, max-video-preview:-1\" \/>\n<link rel=\"canonical\" href=\"https:\/\/www.ubfc.fr\/en\/ubfc\/gouvernance\/instances\/conseil-dadministration\/rapports-deliberations-et-verbatims-2017\/\" \/>\n<meta property=\"og:locale\" content=\"en_US\" \/>\n<meta property=\"og:type\" content=\"article\" \/>\n<meta property=\"og:title\" content=\"Rapports, d\u00e9lib\u00e9rations et verbatims 2017 - COMUE Universit\u00e9 Bourgogne-Franche-Comt\u00e9\" \/>\n<meta property=\"og:description\" content=\"Conseil d\u2019administration du 21 d\u00e9cembre 2017 D\u00e9lib\u00e9ration n\u00b060 : Approbation du verbatim du 14 novembre 2017 Verbatim du 14 novembre 2017 D\u00e9lib\u00e9ration n\u00b061 : Indicateurs contrat de site Rapport pr\u00e9paratoire D\u00e9lib\u00e9ration n\u00b062 : Convention attributive d\u2019aide ISITE-BFC Rapport pr\u00e9paratoire Annexe du rapport pr\u00e9paratoire D\u00e9lib\u00e9ration n\u00b063 : Ouverture de nouveaux MASTERS UBFC pour la rentr\u00e9e 2018, &hellip; Continued\" \/>\n<meta property=\"og:url\" content=\"https:\/\/www.ubfc.fr\/en\/ubfc\/gouvernance\/instances\/conseil-dadministration\/rapports-deliberations-et-verbatims-2017\/\" \/>\n<meta property=\"og:site_name\" content=\"COMUE Universit\u00e9 Bourgogne-Franche-Comt\u00e9\" \/>\n<meta property=\"article:publisher\" content=\"https:\/\/www.facebook.com\/UnivBFC\/\" \/>\n<meta property=\"article:modified_time\" content=\"2021-01-06T14:28:00+00:00\" \/>\n<meta name=\"twitter:card\" content=\"summary_large_image\" \/>\n<meta name=\"twitter:site\" content=\"@univ_bfc\" \/>\n<meta name=\"twitter:label1\" content=\"Est. reading time\" \/>\n\t<meta name=\"twitter:data1\" content=\"6 minutes\" \/>\n<script type=\"application\/ld+json\" class=\"yoast-schema-graph\">{\"@context\":\"https:\\\/\\\/schema.org\",\"@graph\":[{\"@type\":\"WebPage\",\"@id\":\"https:\\\/\\\/www.ubfc.fr\\\/en\\\/ubfc\\\/gouvernance\\\/instances\\\/conseil-dadministration\\\/rapports-deliberations-et-verbatims-2017\\\/\",\"url\":\"https:\\\/\\\/www.ubfc.fr\\\/en\\\/ubfc\\\/gouvernance\\\/instances\\\/conseil-dadministration\\\/rapports-deliberations-et-verbatims-2017\\\/\",\"name\":\"Rapports, d\u00e9lib\u00e9rations et verbatims 2017 - COMUE Universit\u00e9 Bourgogne-Franche-Comt\u00e9\",\"isPartOf\":{\"@id\":\"https:\\\/\\\/www.ubfc.fr\\\/#website\"},\"datePublished\":\"2020-06-18T09:05:37+00:00\",\"dateModified\":\"2021-01-06T14:28:00+00:00\",\"breadcrumb\":{\"@id\":\"https:\\\/\\\/www.ubfc.fr\\\/en\\\/ubfc\\\/gouvernance\\\/instances\\\/conseil-dadministration\\\/rapports-deliberations-et-verbatims-2017\\\/#breadcrumb\"},\"inLanguage\":\"en-US\",\"potentialAction\":[{\"@type\":\"ReadAction\",\"target\":[\"https:\\\/\\\/www.ubfc.fr\\\/en\\\/ubfc\\\/gouvernance\\\/instances\\\/conseil-dadministration\\\/rapports-deliberations-et-verbatims-2017\\\/\"]}]},{\"@type\":\"BreadcrumbList\",\"@id\":\"https:\\\/\\\/www.ubfc.fr\\\/en\\\/ubfc\\\/gouvernance\\\/instances\\\/conseil-dadministration\\\/rapports-deliberations-et-verbatims-2017\\\/#breadcrumb\",\"itemListElement\":[{\"@type\":\"ListItem\",\"position\":1,\"name\":\"Accueil\",\"item\":\"https:\\\/\\\/www.ubfc.fr\\\/en\\\/\"},{\"@type\":\"ListItem\",\"position\":2,\"name\":\"UBFC\",\"item\":\"https:\\\/\\\/www.ubfc.fr\\\/ubfc\\\/\"},{\"@type\":\"ListItem\",\"position\":3,\"name\":\"Gouvernance\",\"item\":\"https:\\\/\\\/www.ubfc.fr\\\/ubfc\\\/gouvernance\\\/\"},{\"@type\":\"ListItem\",\"position\":4,\"name\":\"Instances\",\"item\":\"https:\\\/\\\/www.ubfc.fr\\\/ubfc\\\/gouvernance\\\/instances\\\/\"},{\"@type\":\"ListItem\",\"position\":5,\"name\":\"Conseil d&#8217;Administration\",\"item\":\"https:\\\/\\\/www.ubfc.fr\\\/ubfc\\\/gouvernance\\\/instances\\\/conseil-dadministration\\\/\"},{\"@type\":\"ListItem\",\"position\":6,\"name\":\"Rapports, d\u00e9lib\u00e9rations et verbatims 2017\"}]},{\"@type\":\"WebSite\",\"@id\":\"https:\\\/\\\/www.ubfc.fr\\\/#website\",\"url\":\"https:\\\/\\\/www.ubfc.fr\\\/\",\"name\":\"COMUE Universit\u00e9 Bourgogne-Franche-Comt\u00e9\",\"description\":\"\",\"publisher\":{\"@id\":\"https:\\\/\\\/www.ubfc.fr\\\/#organization\"},\"potentialAction\":[{\"@type\":\"SearchAction\",\"target\":{\"@type\":\"EntryPoint\",\"urlTemplate\":\"https:\\\/\\\/www.ubfc.fr\\\/?s={search_term_string}\"},\"query-input\":{\"@type\":\"PropertyValueSpecification\",\"valueRequired\":true,\"valueName\":\"search_term_string\"}}],\"inLanguage\":\"en-US\"},{\"@type\":\"Organization\",\"@id\":\"https:\\\/\\\/www.ubfc.fr\\\/#organization\",\"name\":\"Universit\u00e9 Bourgogne-Franche-Comt\u00e9\",\"url\":\"https:\\\/\\\/www.ubfc.fr\\\/\",\"logo\":{\"@type\":\"ImageObject\",\"inLanguage\":\"en-US\",\"@id\":\"https:\\\/\\\/www.ubfc.fr\\\/#\\\/schema\\\/logo\\\/image\\\/\",\"url\":\"https:\\\/\\\/www.ubfc.fr\\\/wp-content\\\/uploads\\\/2022\\\/03\\\/vagueUBFC_favicon.png\",\"contentUrl\":\"https:\\\/\\\/www.ubfc.fr\\\/wp-content\\\/uploads\\\/2022\\\/03\\\/vagueUBFC_favicon.png\",\"width\":512,\"height\":512,\"caption\":\"Universit\u00e9 Bourgogne-Franche-Comt\u00e9\"},\"image\":{\"@id\":\"https:\\\/\\\/www.ubfc.fr\\\/#\\\/schema\\\/logo\\\/image\\\/\"},\"sameAs\":[\"https:\\\/\\\/www.facebook.com\\\/UnivBFC\\\/\",\"https:\\\/\\\/x.com\\\/univ_bfc\",\"https:\\\/\\\/www.linkedin.com\\\/school\\\/universitebourgognefranchecomte\\\/mycompany\\\/\"]}]}<\/script>\n<!-- \/ Yoast SEO plugin. -->","yoast_head_json":{"title":"Rapports, d\u00e9lib\u00e9rations et verbatims 2017 - COMUE Universit\u00e9 Bourgogne-Franche-Comt\u00e9","robots":{"index":"index","follow":"follow","max-snippet":"max-snippet:-1","max-image-preview":"max-image-preview:large","max-video-preview":"max-video-preview:-1"},"canonical":"https:\/\/www.ubfc.fr\/en\/ubfc\/gouvernance\/instances\/conseil-dadministration\/rapports-deliberations-et-verbatims-2017\/","og_locale":"en_US","og_type":"article","og_title":"Rapports, d\u00e9lib\u00e9rations et verbatims 2017 - COMUE Universit\u00e9 Bourgogne-Franche-Comt\u00e9","og_description":"Conseil d\u2019administration du 21 d\u00e9cembre 2017 D\u00e9lib\u00e9ration n\u00b060 : Approbation du verbatim du 14 novembre 2017 Verbatim du 14 novembre 2017 D\u00e9lib\u00e9ration n\u00b061 : Indicateurs contrat de site Rapport pr\u00e9paratoire D\u00e9lib\u00e9ration n\u00b062 : Convention attributive d\u2019aide ISITE-BFC Rapport pr\u00e9paratoire Annexe du rapport pr\u00e9paratoire D\u00e9lib\u00e9ration n\u00b063 : Ouverture de nouveaux MASTERS UBFC pour la rentr\u00e9e 2018, &hellip; Continued","og_url":"https:\/\/www.ubfc.fr\/en\/ubfc\/gouvernance\/instances\/conseil-dadministration\/rapports-deliberations-et-verbatims-2017\/","og_site_name":"COMUE Universit\u00e9 Bourgogne-Franche-Comt\u00e9","article_publisher":"https:\/\/www.facebook.com\/UnivBFC\/","article_modified_time":"2021-01-06T14:28:00+00:00","twitter_card":"summary_large_image","twitter_site":"@univ_bfc","twitter_misc":{"Est. reading time":"6 minutes"},"schema":{"@context":"https:\/\/schema.org","@graph":[{"@type":"WebPage","@id":"https:\/\/www.ubfc.fr\/en\/ubfc\/gouvernance\/instances\/conseil-dadministration\/rapports-deliberations-et-verbatims-2017\/","url":"https:\/\/www.ubfc.fr\/en\/ubfc\/gouvernance\/instances\/conseil-dadministration\/rapports-deliberations-et-verbatims-2017\/","name":"Rapports, d\u00e9lib\u00e9rations et verbatims 2017 - COMUE Universit\u00e9 Bourgogne-Franche-Comt\u00e9","isPartOf":{"@id":"https:\/\/www.ubfc.fr\/#website"},"datePublished":"2020-06-18T09:05:37+00:00","dateModified":"2021-01-06T14:28:00+00:00","breadcrumb":{"@id":"https:\/\/www.ubfc.fr\/en\/ubfc\/gouvernance\/instances\/conseil-dadministration\/rapports-deliberations-et-verbatims-2017\/#breadcrumb"},"inLanguage":"en-US","potentialAction":[{"@type":"ReadAction","target":["https:\/\/www.ubfc.fr\/en\/ubfc\/gouvernance\/instances\/conseil-dadministration\/rapports-deliberations-et-verbatims-2017\/"]}]},{"@type":"BreadcrumbList","@id":"https:\/\/www.ubfc.fr\/en\/ubfc\/gouvernance\/instances\/conseil-dadministration\/rapports-deliberations-et-verbatims-2017\/#breadcrumb","itemListElement":[{"@type":"ListItem","position":1,"name":"Accueil","item":"https:\/\/www.ubfc.fr\/en\/"},{"@type":"ListItem","position":2,"name":"UBFC","item":"https:\/\/www.ubfc.fr\/ubfc\/"},{"@type":"ListItem","position":3,"name":"Gouvernance","item":"https:\/\/www.ubfc.fr\/ubfc\/gouvernance\/"},{"@type":"ListItem","position":4,"name":"Instances","item":"https:\/\/www.ubfc.fr\/ubfc\/gouvernance\/instances\/"},{"@type":"ListItem","position":5,"name":"Conseil d&#8217;Administration","item":"https:\/\/www.ubfc.fr\/ubfc\/gouvernance\/instances\/conseil-dadministration\/"},{"@type":"ListItem","position":6,"name":"Rapports, d\u00e9lib\u00e9rations et verbatims 2017"}]},{"@type":"WebSite","@id":"https:\/\/www.ubfc.fr\/#website","url":"https:\/\/www.ubfc.fr\/","name":"COMUE Universit\u00e9 Bourgogne-Franche-Comt\u00e9","description":"","publisher":{"@id":"https:\/\/www.ubfc.fr\/#organization"},"potentialAction":[{"@type":"SearchAction","target":{"@type":"EntryPoint","urlTemplate":"https:\/\/www.ubfc.fr\/?s={search_term_string}"},"query-input":{"@type":"PropertyValueSpecification","valueRequired":true,"valueName":"search_term_string"}}],"inLanguage":"en-US"},{"@type":"Organization","@id":"https:\/\/www.ubfc.fr\/#organization","name":"Universit\u00e9 Bourgogne-Franche-Comt\u00e9","url":"https:\/\/www.ubfc.fr\/","logo":{"@type":"ImageObject","inLanguage":"en-US","@id":"https:\/\/www.ubfc.fr\/#\/schema\/logo\/image\/","url":"https:\/\/www.ubfc.fr\/wp-content\/uploads\/2022\/03\/vagueUBFC_favicon.png","contentUrl":"https:\/\/www.ubfc.fr\/wp-content\/uploads\/2022\/03\/vagueUBFC_favicon.png","width":512,"height":512,"caption":"Universit\u00e9 Bourgogne-Franche-Comt\u00e9"},"image":{"@id":"https:\/\/www.ubfc.fr\/#\/schema\/logo\/image\/"},"sameAs":["https:\/\/www.facebook.com\/UnivBFC\/","https:\/\/x.com\/univ_bfc","https:\/\/www.linkedin.com\/school\/universitebourgognefranchecomte\/mycompany\/"]}]}},"_links":{"self":[{"href":"https:\/\/www.ubfc.fr\/en\/wp-json\/wp\/v2\/pages\/44663","targetHints":{"allow":["GET"]}}],"collection":[{"href":"https:\/\/www.ubfc.fr\/en\/wp-json\/wp\/v2\/pages"}],"about":[{"href":"https:\/\/www.ubfc.fr\/en\/wp-json\/wp\/v2\/types\/page"}],"author":[{"embeddable":true,"href":"https:\/\/www.ubfc.fr\/en\/wp-json\/wp\/v2\/users\/18"}],"replies":[{"embeddable":true,"href":"https:\/\/www.ubfc.fr\/en\/wp-json\/wp\/v2\/comments?post=44663"}],"version-history":[{"count":0,"href":"https:\/\/www.ubfc.fr\/en\/wp-json\/wp\/v2\/pages\/44663\/revisions"}],"up":[{"embeddable":true,"href":"https:\/\/www.ubfc.fr\/en\/wp-json\/wp\/v2\/pages\/44653"}],"wp:attachment":[{"href":"https:\/\/www.ubfc.fr\/en\/wp-json\/wp\/v2\/media?parent=44663"}],"curies":[{"name":"wp","href":"https:\/\/api.w.org\/{rel}","templated":true}]}}