{"id":44658,"date":"2020-06-18T11:03:55","date_gmt":"2020-06-18T09:03:55","guid":{"rendered":"https:\/\/www.ubfc.fr\/?page_id=44658"},"modified":"2021-01-06T15:27:20","modified_gmt":"2021-01-06T14:27:20","slug":"rapports-deliberations-et-verbatims-2019","status":"publish","type":"page","link":"https:\/\/www.ubfc.fr\/en\/ubfc\/gouvernance\/instances\/conseil-dadministration\/rapports-deliberations-et-verbatims-2019\/","title":{"rendered":"Rapports, d\u00e9lib\u00e9rations et verbatims 2019"},"content":{"rendered":"\t\t<div data-elementor-type=\"wp-page\" data-elementor-id=\"44658\" class=\"elementor elementor-44658\" data-elementor-post-type=\"page\">\n\t\t\t\t\t\t<section class=\"elementor-section elementor-top-section elementor-element elementor-element-3b869aa elementor-section-boxed elementor-section-height-default elementor-section-height-default\" data-id=\"3b869aa\" data-element_type=\"section\" data-e-type=\"section\">\n\t\t\t\t\t\t<div class=\"elementor-container elementor-column-gap-default\">\n\t\t\t\t\t<div class=\"elementor-column elementor-col-100 elementor-top-column elementor-element elementor-element-5a3c6e1\" data-id=\"5a3c6e1\" data-element_type=\"column\" data-e-type=\"column\">\n\t\t\t<div class=\"elementor-widget-wrap elementor-element-populated\">\n\t\t\t\t\t\t<div class=\"elementor-element elementor-element-79c6104 elementor-widget elementor-widget-toggle\" data-id=\"79c6104\" data-element_type=\"widget\" data-e-type=\"widget\" data-widget_type=\"toggle.default\">\n\t\t\t\t<div class=\"elementor-widget-container\">\n\t\t\t\t\t\t\t<div class=\"elementor-toggle\">\n\t\t\t\t\t\t\t<div class=\"elementor-toggle-item\">\n\t\t\t\t\t<div id=\"elementor-tab-title-1271\" class=\"elementor-tab-title\" data-tab=\"1\" role=\"button\" aria-controls=\"elementor-tab-content-1271\" aria-expanded=\"false\">\n\t\t\t\t\t\t\t\t\t\t\t\t<span class=\"elementor-toggle-icon elementor-toggle-icon-left\" aria-hidden=\"true\">\n\t\t\t\t\t\t\t\t\t\t\t\t\t\t\t<span class=\"elementor-toggle-icon-closed\"><i class=\"fas fa-caret-right\"><\/i><\/span>\n\t\t\t\t\t\t\t\t<span class=\"elementor-toggle-icon-opened\"><i class=\"elementor-toggle-icon-opened fas fa-caret-up\"><\/i><\/span>\n\t\t\t\t\t\t\t\t\t\t\t\t\t<\/span>\n\t\t\t\t\t\t\t\t\t\t\t\t<a class=\"elementor-toggle-title\" tabindex=\"0\">Conseil d'administration du 12 d\u00e9cembre 2019<\/a>\n\t\t\t\t\t<\/div>\n\n\t\t\t\t\t<div id=\"elementor-tab-content-1271\" class=\"elementor-tab-content elementor-clearfix\" data-tab=\"1\" role=\"region\" aria-labelledby=\"elementor-tab-title-1271\"><ul><li><a class=\"type-pdf\" href=\"https:\/\/www.ubfc.fr\/wp-content\/uploads\/2020\/01\/DELIB_2019_CA_82_Approbation_verbatim_CA14112019.pdf\" target=\"_blank\" rel=\"noopener\">D\u00e9lib\u00e9ration n\u00b082 : Approbation du verbatim du Conseil d&rsquo;administration du 14 novembre 2019<\/a><\/li><li><a class=\"type-pdf\" href=\"https:\/\/www.ubfc.fr\/wp-content\/uploads\/2020\/01\/RAPPORT_N\u00b01_Approbation_verbatim_CA14112019.pdf\" target=\"_blank\" rel=\"noopener\">Verbatim du 14 novembre 2019<\/a><\/li><li><a class=\"type-pdf\" href=\"https:\/\/www.ubfc.fr\/wp-content\/uploads\/2020\/01\/DELIB_2019_CA_83_Budget_initial_2020_ERRATUM.pdf\" target=\"_blank\" rel=\"noopener\">D\u00e9lib\u00e9ration n\u00b083 : Budget initial 2020<\/a><\/li><li><a class=\"type-pdf\" href=\"https:\/\/www.ubfc.fr\/wp-content\/uploads\/2020\/01\/RAPPORT_N\u00b02_Budget_initial_2020.pdf\" target=\"_blank\" rel=\"noopener\">Rapport pr\u00e9paratoire<\/a><\/li><li><a class=\"type-pdf\" href=\"https:\/\/www.ubfc.fr\/wp-content\/uploads\/2020\/01\/DELIB_2019_CA_84_Approbation_conv_moyens_annex\u00e9e_plan_actions.pdf\" target=\"_blank\" rel=\"noopener\"> D\u00e9lib\u00e9ration n\u00b084 : Approbation de la convention de moyens annex\u00e9e au plan d&rsquo;actions (pr\u00e9cisions \u00e9t\u00e9 2019)<\/a><\/li><li><a class=\"type-pdf\" href=\"https:\/\/www.ubfc.fr\/wp-content\/uploads\/2020\/01\/RAPPORT_N\u00b03_Approbation_convention_moyens_plan_actions.pdf\" target=\"_blank\" rel=\"noopener\">Rapport pr\u00e9paratoire<\/a><\/li><li><a class=\"type-pdf\" href=\"https:\/\/www.ubfc.fr\/wp-content\/uploads\/2020\/01\/DELIB_2019_CA_85_Subventions_associations_doctorants.pdf\" target=\"_blank\" rel=\"noopener\"> D\u00e9lib\u00e9ration n\u00b085 : Subventions \u00e0 des associations de doctorants<\/a><\/li><li><a class=\"type-pdf\" href=\"https:\/\/www.ubfc.fr\/wp-content\/uploads\/2020\/01\/INF_2019.CA_.24_Subventions_associations_doctorants.pdf\" target=\"_blank\" rel=\"noopener\"> Information n\u00b024 : Subventions \u00e0 des associations de doctorants<\/a><\/li><li><a class=\"type-pdf\" href=\"https:\/\/www.ubfc.fr\/wp-content\/uploads\/2020\/01\/RAPPORT_N\u00b04_Subventions_association_doctorants.pdf\" target=\"_blank\" rel=\"noopener\">Rapport pr\u00e9paratoire<\/a><\/li><li><a class=\"type-pdf\" href=\"https:\/\/www.ubfc.fr\/wp-content\/uploads\/2020\/01\/DELIB_2019_CA_86_Conv_reversement_co\u00fbt_formations_doctorales_2018-2019.pdf\" target=\"_blank\" rel=\"noopener\"> D\u00e9lib\u00e9ration n\u00b086 : Convention de reversement du co\u00fbt des formations doctorales 2018-2019<\/a><\/li><li><a class=\"type-pdf\" href=\"https:\/\/www.ubfc.fr\/wp-content\/uploads\/2020\/01\/RAPPORT_N\u00b05_Convention_reversement_co\u00fbt_formationsdoctorales_2018-2019.pdf\" target=\"_blank\" rel=\"noopener\">Rapport pr\u00e9paratoire<\/a><\/li><li><a class=\"type-pdf\" href=\"https:\/\/www.ubfc.fr\/wp-content\/uploads\/2020\/01\/DELIB_2019_CA_87_D\u00e9p\u00f4t_des_contrats_doctoraux_AAP_Recherche_R\u00e9gion2020.pdf\" target=\"_blank\" rel=\"noopener\"> D\u00e9lib\u00e9ration n\u00b087 : D\u00e9p\u00f4t des demandes de contrats doctoraux \u00e0 l&rsquo;appel \u00e0 projets Recherche R\u00e9gion 2020<\/a><\/li><li><a class=\"type-pdf\" href=\"https:\/\/www.ubfc.fr\/wp-content\/uploads\/2020\/01\/RAPPORT_N\u00b06_D\u00e9p\u00f4t_dde_contrats_doctoraux_AAP_Recherche_R\u00e9gion2020.pdf\" target=\"_blank\" rel=\"noopener\">Rapport pr\u00e9paratoire<\/a><\/li><li><a class=\"type-pdf\" href=\"https:\/\/www.ubfc.fr\/wp-content\/uploads\/2020\/01\/DELIB_2019_CA_88_Capacit\u00e9_accueilmodalit\u00e9s_s\u00e9lection_premi\u00e8reann\u00e9e_masterUBFC_2020-2021.pdf\" target=\"_blank\" rel=\"noopener\"> D\u00e9lib\u00e9ration n\u00b088 : Capacit\u00e9 d&rsquo;accueil et modalit\u00e9s de s\u00e9lection en premi\u00e8re ann\u00e9e du dipl\u00f4me national de master \u00e0 UBFC pour l&rsquo;ann\u00e9e universitaire 2020-2021<\/a><\/li><li><a class=\"type-pdf\" href=\"https:\/\/www.ubfc.fr\/wp-content\/uploads\/2020\/01\/RAPPORT_N\u00b07_Capacit\u00e9s_accueilmodalit\u00e9s_s\u00e9lection_premiereann\u00e9e_masterUBFC_2020-2021.pdf\" target=\"_blank\" rel=\"noopener\"> Rapport pr\u00e9paratoire<\/a><\/li><li><a class=\"type-pdf\" href=\"https:\/\/www.ubfc.fr\/wp-content\/uploads\/2020\/01\/DELIB_2019_CA_89_Conv_reversement_uB_salaire_IGR__P\u00f4le_01012020-31122020.pdf\" target=\"_blank\" rel=\"noopener\"> D\u00e9lib\u00e9ration n\u00b089 : Convention de reversement en faveur de l&rsquo;uB concernant le salaire de l&rsquo;IGR recrut\u00e9 pour le P\u00f4le pour la p\u00e9riode 01\/01\/2020 &#8211; 31\/12\/2020<\/a><\/li><li><a class=\"type-pdf\" href=\"https:\/\/www.ubfc.fr\/wp-content\/uploads\/2020\/01\/RAPPORT_N\u00b08_Convention_reversement_uB_salaireIGR_P\u00f4le_p\u00e9riode01012020-31122020.pdf\" target=\"_blank\" rel=\"noopener\">Rapport pr\u00e9paratoire<\/a><\/li><li><a class=\"type-pdf\" href=\"https:\/\/www.ubfc.fr\/wp-content\/uploads\/2020\/01\/DELIB_2019_CA_90_D\u00e9p\u00f4t_projets_LabEx_LipSTIC_AAP_R\u00e9gion_I-SITE2020.pdf\" target=\"_blank\" rel=\"noopener\"> D\u00e9lib\u00e9ration n\u00b090 : D\u00e9p\u00f4t de projets Labex LipSTIC \u00e0 l&rsquo;appel \u00e0 projets R\u00e9gion \u00ab\u00a0I-SITE 2020\u00a0\u00bb<\/a><\/li><li><a class=\"type-pdf\" href=\"https:\/\/www.ubfc.fr\/wp-content\/uploads\/2020\/01\/RAPPORT_N\u00b09_D\u00e9p\u00f4t_projets_LabEx_LipSTIC_AAP_R\u00e9gion_I-SITE2020.pdf\" target=\"_blank\" rel=\"noopener\">Rapport pr\u00e9paratoire<\/a><\/li><li><a class=\"type-pdf\" href=\"https:\/\/www.ubfc.fr\/wp-content\/uploads\/2020\/01\/INF_2019.CA_.25_Changement_tutelle_gestionnaire_ANR_Code-Trackvers_ENIT_Tarbes.pdf\" target=\"_blank\" rel=\"noopener\"> Information n\u00b025 : Changement de tutelle gestionnaire ANR Code-Trackvers ENIT Tarbes<\/a><\/li><li><a class=\"type-pdf\" href=\"https:\/\/www.ubfc.fr\/wp-content\/uploads\/2020\/01\/RAPPORT_N\u00b010_Changement_tutelle_gestionnaire_ANR_Code-Trackvers_ENIT_Tarbes.pdf\" target=\"_blank\" rel=\"noopener\">Rapport pr\u00e9paratoire<\/a><\/li><li><a class=\"type-pdf\" href=\"https:\/\/www.ubfc.fr\/wp-content\/uploads\/2020\/01\/DELIB_2019_CA_91_Conv_reversement_cofinancement_EUR-EIPHI_projets-R\u00e9gion_AAP-Excellence.pdf\" target=\"_blank\" rel=\"noopener\"> D\u00e9lib\u00e9ration n\u00b091 : Convention de reversement &#8211; cofinancement EUR EIPHI pour les projets R\u00e9gion AAP Excellence<\/a><\/li><li><a class=\"type-pdf\" href=\"https:\/\/www.ubfc.fr\/wp-content\/uploads\/2020\/01\/RAPPORT_N\u00b011_Convention_reversement_cofinancement_EUR-EIPHI_projetsR\u00e9gion_AAPExcellencec.pdf\" target=\"_blank\" rel=\"noopener\">Rapport pr\u00e9paratoire<\/a><\/li><li><a class=\"type-pdf\" href=\"https:\/\/www.ubfc.fr\/wp-content\/uploads\/2020\/01\/DELIB_2019_CA_92_Dde_cofinancement_FEDER_Projet_Lipidic_Purge.pdf\" target=\"_blank\" rel=\"noopener\"> D\u00e9lib\u00e9ration n\u00b092 : Demande de cofinancement FEDER &#8211; Projet \u00ab\u00a0Lipidic Purge\u00a0\u00bb<\/a><\/li><li><a class=\"type-pdf\" href=\"https:\/\/www.ubfc.fr\/wp-content\/uploads\/2020\/01\/RAPPORT_N\u00b012_Dde_cofinancement_FEDER_Projet_Lipidic_Purge.pdf\" target=\"_blank\" rel=\"noopener\">Rapport pr\u00e9paratoire<\/a><\/li><li><a class=\"type-pdf\" href=\"https:\/\/www.ubfc.fr\/wp-content\/uploads\/2020\/01\/INF_2019.CA_.26_AAP_Id\u00e9ES_SFRI_TIP_SIA.pdf\" target=\"_blank\" rel=\"noopener\"> Information n\u00b026 : AAP ID\u00e9ES et SFRI, TIP, SIA<\/a><\/li><\/ul><\/div>\n\t\t\t\t<\/div>\n\t\t\t\t\t\t\t<div class=\"elementor-toggle-item\">\n\t\t\t\t\t<div id=\"elementor-tab-title-1272\" class=\"elementor-tab-title\" data-tab=\"2\" role=\"button\" aria-controls=\"elementor-tab-content-1272\" aria-expanded=\"false\">\n\t\t\t\t\t\t\t\t\t\t\t\t<span class=\"elementor-toggle-icon elementor-toggle-icon-left\" aria-hidden=\"true\">\n\t\t\t\t\t\t\t\t\t\t\t\t\t\t\t<span class=\"elementor-toggle-icon-closed\"><i class=\"fas fa-caret-right\"><\/i><\/span>\n\t\t\t\t\t\t\t\t<span class=\"elementor-toggle-icon-opened\"><i class=\"elementor-toggle-icon-opened fas fa-caret-up\"><\/i><\/span>\n\t\t\t\t\t\t\t\t\t\t\t\t\t<\/span>\n\t\t\t\t\t\t\t\t\t\t\t\t<a class=\"elementor-toggle-title\" tabindex=\"0\">Conseil d'administration du 14 novembre 2019<\/a>\n\t\t\t\t\t<\/div>\n\n\t\t\t\t\t<div id=\"elementor-tab-content-1272\" class=\"elementor-tab-content elementor-clearfix\" data-tab=\"2\" role=\"region\" aria-labelledby=\"elementor-tab-title-1272\"><ul id=\"document-list-4\" class=\"collapse show\" data-parent=\"#document-section-4\"><li><a class=\"type-pdf\" href=\"https:\/\/www.ubfc.fr\/wp-content\/uploads\/2019\/11\/DELIB_2019_CA_75_Approbation_verbatim_CA17102019.pdf\" target=\"_blank\" rel=\"noopener\">D\u00e9lib\u00e9ration n\u00b075 : Approbation du verbatim du Conseil d&rsquo;administration du 17 octobre 2019<\/a><\/li><li><a class=\"type-pdf\" href=\"https:\/\/www.ubfc.fr\/wp-content\/uploads\/2019\/11\/RAPPORT_N\u00b01_Approbation_verbatim_CA17102019.pdf\" target=\"_blank\" rel=\"noopener\">Verbatim du 17 octobre 2019<\/a><\/li><li><a class=\"type-pdf\" href=\"https:\/\/www.ubfc.fr\/wp-content\/uploads\/2019\/11\/DELIB_2019_CA_76_DOB.pdf\" target=\"_blank\" rel=\"noopener\">D\u00e9lib\u00e9ration n\u00b076 : D\u00e9bat d&rsquo;orientations budg\u00e9taires (DOB)<\/a><\/li><li><a class=\"type-pdf\" href=\"https:\/\/www.ubfc.fr\/wp-content\/uploads\/2019\/11\/RAPPORT_N\u00b02_DOB_2020.pdf\" target=\"_blank\" rel=\"noopener\">Rapport pr\u00e9paratoire<\/a><\/li><li><a class=\"type-pdf\" href=\"https:\/\/www.ubfc.fr\/wp-content\/uploads\/2019\/11\/DELIB_2019_CA_77_Cr\u00e9dit-r\u00e9current-de-recherche-2019.pdf\" target=\"_blank\" rel=\"noopener\">D\u00e9lib\u00e9ration n\u00b077 : Cr\u00e9dits r\u00e9currents de recherche<\/a><\/li><li><a class=\"type-pdf\" href=\"https:\/\/www.ubfc.fr\/wp-content\/uploads\/2019\/11\/RAPPORT_N\u00b03_Cr\u00e9dits_r\u00e9ccurents_recherche.pdf\" target=\"_blank\" rel=\"noopener\">Rapport pr\u00e9paratoire<\/a><\/li><li><a class=\"type-pdf\" href=\"https:\/\/www.ubfc.fr\/wp-content\/uploads\/2019\/11\/DELIB_2019_CA_78_Reversement-P\u00f4le-sant\u00e9-publique.pdf\" target=\"_blank\" rel=\"noopener\"> D\u00e9lib\u00e9ration n\u00b078 : Convention de reversement pour le soutien d&rsquo;un projet de recherche appliqu\u00e9e par le P\u00f4le f\u00e9d\u00e9ratif de recherche et de formation en sant\u00e9 publique<\/a><\/li><li><a class=\"type-pdf\" href=\"https:\/\/www.ubfc.fr\/wp-content\/uploads\/2019\/11\/RAPPORT_N\u00b04_Conv_reversement_soutien_projetrecherche_P\u00f4leSant\u00e9Publique.pdf\" target=\"_blank\" rel=\"noopener\">Rapport pr\u00e9paratoire<\/a><\/li><li><a class=\"type-pdf\" href=\"https:\/\/www.ubfc.fr\/wp-content\/uploads\/2019\/11\/DELIB_2019_CA_79_P\u00e9pite-Chercheurs-Entrepreneurs-Challenges.pdf\" target=\"_blank\" rel=\"noopener\"> D\u00e9lib\u00e9ration n\u00b079 : R\u00e9sultats du concours Chercheurs Entrepreneurs Challenge<\/a><\/li><li><a class=\"type-pdf\" href=\"https:\/\/www.ubfc.fr\/wp-content\/uploads\/2019\/11\/RAPPORT_N\u00b05_R\u00e9sultats_concours_Chercheurs_Entrepreneurs_Challenge.pdf\" target=\"_blank\" rel=\"noopener\">Rapport pr\u00e9paratoire<\/a><\/li><li><a class=\"type-pdf\" href=\"https:\/\/www.ubfc.fr\/wp-content\/uploads\/2019\/11\/DELIB_2019_CA_80_Prix-PEPITE.pdf\" target=\"_blank\" rel=\"noopener\"> D\u00e9lib\u00e9ration n\u00b080 : Prix PEPITE<\/a><\/li><li><a class=\"type-pdf\" href=\"https:\/\/www.ubfc.fr\/wp-content\/uploads\/2019\/11\/RAPPORT_N\u00b06_Prix_PEPITE.pdf\" target=\"_blank\" rel=\"noopener\">Rapport pr\u00e9paratoire<\/a><\/li><li><a class=\"type-pdf\" href=\"https:\/\/www.ubfc.fr\/wp-content\/uploads\/2019\/11\/DELIB_2019_CA_81_FEDER-ANR-MAP-D-GLOBALB.pdf\" target=\"_blank\" rel=\"noopener\"> D\u00e9lib\u00e9ration n\u00b081 : Demande de co-financement FEDER pour deux ANR PEAVALUE et RANDOM<\/a><\/li><li><a class=\"type-pdf\" href=\"https:\/\/www.ubfc.fr\/wp-content\/uploads\/2019\/11\/RAPPORT_N\u00b07_Dde_co-financement_FEDER_PEAVALUERANDOM.pdf\" target=\"_blank\" rel=\"noopener\">Rapport pr\u00e9paratoire<\/a><\/li><\/ul><\/div>\n\t\t\t\t<\/div>\n\t\t\t\t\t\t\t<div class=\"elementor-toggle-item\">\n\t\t\t\t\t<div id=\"elementor-tab-title-1273\" class=\"elementor-tab-title\" data-tab=\"3\" role=\"button\" aria-controls=\"elementor-tab-content-1273\" aria-expanded=\"false\">\n\t\t\t\t\t\t\t\t\t\t\t\t<span class=\"elementor-toggle-icon elementor-toggle-icon-left\" aria-hidden=\"true\">\n\t\t\t\t\t\t\t\t\t\t\t\t\t\t\t<span class=\"elementor-toggle-icon-closed\"><i class=\"fas fa-caret-right\"><\/i><\/span>\n\t\t\t\t\t\t\t\t<span class=\"elementor-toggle-icon-opened\"><i class=\"elementor-toggle-icon-opened fas fa-caret-up\"><\/i><\/span>\n\t\t\t\t\t\t\t\t\t\t\t\t\t<\/span>\n\t\t\t\t\t\t\t\t\t\t\t\t<a class=\"elementor-toggle-title\" tabindex=\"0\">Conseil d'administration du 17 octobre 2019<\/a>\n\t\t\t\t\t<\/div>\n\n\t\t\t\t\t<div id=\"elementor-tab-content-1273\" class=\"elementor-tab-content elementor-clearfix\" data-tab=\"3\" role=\"region\" aria-labelledby=\"elementor-tab-title-1273\"><ul id=\"document-list-5\" class=\"collapse show\" data-parent=\"#document-section-5\"><li><a class=\"type-pdf\" href=\"https:\/\/www.ubfc.fr\/wp-content\/uploads\/2019\/11\/DELIB_2019_CA.68_Approbation_verbatim_CA26092019.pdf\" target=\"_blank\" rel=\"noopener\">D\u00e9lib\u00e9ration n\u00b068 : Approbation du verbatim du Conseil d&rsquo;administration du 26 septembre 2019<\/a><\/li><li><a class=\"type-pdf\" href=\"https:\/\/www.ubfc.fr\/wp-content\/uploads\/2019\/11\/RAPPORT_N\u00b01_Approbation_verbatim_CA_26092019.pdf\" target=\"_blank\" rel=\"noopener\">Verbatim du 26 septembre 2019<\/a><\/li><li><a class=\"type-pdf\" href=\"https:\/\/www.ubfc.fr\/wp-content\/uploads\/2019\/11\/DELIB_2019_CA.69_Approbation_verbatim_Congr\u00e8s25092019.pdf\" target=\"_blank\" rel=\"noopener\">D\u00e9lib\u00e9ration n\u00b069 : Approbation du verbatim du Congr\u00e8s du 25 septembre 2019<\/a><\/li><li><a class=\"type-pdf\" href=\"https:\/\/www.ubfc.fr\/wp-content\/uploads\/2019\/11\/RAPPORT_N\u00b02_Approbation_verbatim_Congr\u00e8s_25092019.pdf\" target=\"_blank\" rel=\"noopener\"> Verbatim du 25 septembre 2019<\/a><\/li><li><a class=\"type-pdf\" href=\"https:\/\/www.ubfc.fr\/wp-content\/uploads\/2019\/11\/DELIB_2019_CA.70_Transformation_de_poste.pdf\" target=\"_blank\" rel=\"noopener\">D\u00e9lib\u00e9ration n\u00b070 : Transformation de poste<\/a><\/li><li><a class=\"type-pdf\" href=\"https:\/\/www.ubfc.fr\/wp-content\/uploads\/2019\/11\/RAPPORT_N\u00b03_Transformation_de_poste.pdf\" target=\"_blank\" rel=\"noopener\">Rapport pr\u00e9paratoire<\/a><\/li><li><a class=\"type-pdf\" href=\"https:\/\/www.ubfc.fr\/wp-content\/uploads\/2019\/11\/DELIB_2019_CA.71_Campagne_emploi_proposition-ouverture-concours-2020.pdf\" target=\"_blank\" rel=\"noopener\">D\u00e9lib\u00e9ration n\u00b071 : Campagne Emploi &#8211; proposition ouverture concours 2020<\/a><\/li><li><a class=\"type-pdf\" href=\"https:\/\/www.ubfc.fr\/wp-content\/uploads\/2019\/11\/RAPPORT_N\u00b04_Campagne_emploi_proposition_ouverture_concours2020.pdf\" target=\"_blank\" rel=\"noopener\">Rapport pr\u00e9paratoire<\/a><\/li><li><a class=\"type-pdf\" href=\"https:\/\/www.ubfc.fr\/wp-content\/uploads\/2019\/11\/DELIB_2019_CA.72_Organigramme.pdf\" target=\"_blank\" rel=\"noopener\">D\u00e9lib\u00e9ration n\u00b072 : Organigramme<\/a><\/li><li><a class=\"type-pdf\" href=\"https:\/\/www.ubfc.fr\/wp-content\/uploads\/2019\/11\/RAPPORT_N\u00b05_Organigramme.pdf\" target=\"_blank\" rel=\"noopener\">Rapport pr\u00e9paratoire<\/a><\/li><li><a class=\"type-pdf\" href=\"https:\/\/www.ubfc.fr\/wp-content\/uploads\/2019\/11\/INF_2019.CA_.22_Info_organisation_\u00e9lections_professionnelles_CT.pdf\" target=\"_blank\" rel=\"noopener\">Information n\u00b022 : Information sur l&rsquo;organisation des \u00e9lections professionnelles du Comit\u00e9 technique<\/a><\/li><li><a class=\"type-pdf\" href=\"https:\/\/www.ubfc.fr\/wp-content\/uploads\/2019\/11\/RAPPORT_N\u00b06_Information_organisation_\u00e9lections_professionnelles_CT.pdf\" target=\"_blank\" rel=\"noopener\">Rapport pr\u00e9paratoire<\/a><\/li><li><a class=\"type-pdf\" href=\"https:\/\/www.ubfc.fr\/wp-content\/uploads\/2019\/11\/INF_2019.CA_.23_Appel_\u00e0_candidature_CEC__info_sur_mise_en_place_\u00e9lectionsUBFC.pdf\" target=\"_blank\" rel=\"noopener\">Information n\u00b023 : Appel \u00e0 candidature du Comit\u00e9 Electoral Consultatif (CEC) et information sur la mise en place des \u00e9lections UBFC<\/a><\/li><li><a class=\"type-pdf\" href=\"https:\/\/www.ubfc.fr\/wp-content\/uploads\/2019\/11\/RAPPORT_N\u00b07_Appel-\u00e0-candidatures-CECInformation_mise_en_place_\u00e9lectionsUBFC.pdf\" target=\"_blank\" rel=\"noopener\">Rapport pr\u00e9paratoire<\/a><\/li><li><a class=\"type-pdf\" href=\"https:\/\/www.ubfc.fr\/wp-content\/uploads\/2019\/11\/DELIB_2019_CA.73_Augmentation_budget_allou\u00e9_masters_ISITE-BFC_EMMEBEWM.pdf\" target=\"_blank\" rel=\"noopener\">D\u00e9lib\u00e9ration n\u00b073 : Augmentation du budget allou\u00e9 aux masters ISITE-BFC EMME et BEWM<\/a><\/li><li><a class=\"type-pdf\" href=\"https:\/\/www.ubfc.fr\/wp-content\/uploads\/2019\/11\/RAPPORT_N\u00b08_Augmentation_budget_allou\u00e9_mastersISITE-BFC_EMMEBEWM.pdf\" target=\"_blank\" rel=\"noopener\">Rapport pr\u00e9paratoire<\/a><\/li><li><a class=\"type-pdf\" href=\"https:\/\/www.ubfc.fr\/wp-content\/uploads\/2019\/11\/DELIB_2019_CA.74_Th\u00e8ses_ISITE-BFC_cotutelle_bourses_alliances_internationales.pdf\" target=\"_blank\" rel=\"noopener\">Information n\u00b074 : Th\u00e8ses ISITE-BFC en cotutelle et bourses dans le cadre d&rsquo;alliances internationales<\/a><\/li><li><a class=\"type-pdf\" href=\"https:\/\/www.ubfc.fr\/wp-content\/uploads\/2019\/11\/RAPPORT_N\u00b09_Th\u00e8ses_ISITE-BFC_cotutellebourses_alliances_internationales.pdf\" target=\"_blank\" rel=\"noopener\">Rapport pr\u00e9paratoire<\/a><\/li><\/ul><\/div>\n\t\t\t\t<\/div>\n\t\t\t\t\t\t\t<div class=\"elementor-toggle-item\">\n\t\t\t\t\t<div id=\"elementor-tab-title-1274\" class=\"elementor-tab-title\" data-tab=\"4\" role=\"button\" aria-controls=\"elementor-tab-content-1274\" aria-expanded=\"false\">\n\t\t\t\t\t\t\t\t\t\t\t\t<span class=\"elementor-toggle-icon elementor-toggle-icon-left\" aria-hidden=\"true\">\n\t\t\t\t\t\t\t\t\t\t\t\t\t\t\t<span class=\"elementor-toggle-icon-closed\"><i class=\"fas fa-caret-right\"><\/i><\/span>\n\t\t\t\t\t\t\t\t<span class=\"elementor-toggle-icon-opened\"><i class=\"elementor-toggle-icon-opened fas fa-caret-up\"><\/i><\/span>\n\t\t\t\t\t\t\t\t\t\t\t\t\t<\/span>\n\t\t\t\t\t\t\t\t\t\t\t\t<a class=\"elementor-toggle-title\" tabindex=\"0\">Conseil d'administration du 26 septembre 2019<\/a>\n\t\t\t\t\t<\/div>\n\n\t\t\t\t\t<div id=\"elementor-tab-content-1274\" class=\"elementor-tab-content elementor-clearfix\" data-tab=\"4\" role=\"region\" aria-labelledby=\"elementor-tab-title-1274\"><ul id=\"document-list-7\" class=\"collapse show\" data-parent=\"#document-section-7\"><li><a class=\"type-pdf\" href=\"https:\/\/www.ubfc.fr\/wp-content\/uploads\/2019\/10\/DELIB_2019_CA.56_Approbation_verbatim_CA04072019.pdf\" target=\"_blank\" rel=\"noopener\">D\u00e9lib\u00e9ration n\u00b056 : Approbation du verbatim du Conseil d&rsquo;administration du 4 juillet 2019<\/a><\/li><li><a class=\"type-pdf\" href=\"https:\/\/www.ubfc.fr\/wp-content\/uploads\/2019\/10\/RAPPORT_N\u00b01_Approbation_verbatim_CA_04072019.pdf\" target=\"_blank\" rel=\"noopener\">Verbatim du 4 juillet 2019<\/a><\/li><li><a class=\"type-pdf\" href=\"https:\/\/www.ubfc.fr\/wp-content\/uploads\/2019\/10\/DELIB_2019_CA.57_Approbation_PV_CA_29082019.pdf\" target=\"_blank\" rel=\"noopener\">D\u00e9lib\u00e9ration n\u00b057 : Approbation du proc\u00e8s-verbal du 29 ao\u00fbt 2019<\/a><\/li><li><a class=\"type-pdf\" href=\"https:\/\/www.ubfc.fr\/wp-content\/uploads\/2019\/10\/RAPPORT_N\u00b02_Approbation_PV_CA_29082019.pdf\" target=\"_blank\" rel=\"noopener\">Rapport pr\u00e9paratoire<\/a><\/li><li><a class=\"type-pdf\" href=\"https:\/\/www.ubfc.fr\/wp-content\/uploads\/2019\/10\/INF_2019.CA_.16_R\u00e9sultats_AAP_3_ISITE-BFC.pdf\" target=\"_blank\" rel=\"noopener\">Information n\u00b016 : R\u00e9sultats AAP 3 ISITE-BFC<\/a><\/li><li><a class=\"type-pdf\" href=\"https:\/\/www.ubfc.fr\/wp-content\/uploads\/2019\/10\/RAPPORT_N\u00b03_R\u00e9sultats_AAP3_ISITE-BFC.pdf\" target=\"_blank\" rel=\"noopener\">Rapport pr\u00e9paratoire<\/a><\/li><li><a class=\"type-pdf\" href=\"https:\/\/www.ubfc.fr\/wp-content\/uploads\/2019\/10\/INF_2019.CA_.17_Rapport_annuel_ANR_ISITE-BFC-2018.pdf\" target=\"_blank\" rel=\"noopener\">Information n\u00b017 : Rapport annuel ANR ISITE-BFC 2018<\/a><\/li><li><a class=\"type-pdf\" href=\"https:\/\/www.ubfc.fr\/wp-content\/uploads\/2019\/10\/RAPPORT_N\u00b04_Rapport-annuel-ANR-ISITE-BFC-2018.pdf\" target=\"_blank\" rel=\"noopener\">Rapport pr\u00e9paratoire<\/a><\/li><li><a class=\"type-pdf\" href=\"https:\/\/www.ubfc.fr\/wp-content\/uploads\/2019\/10\/DELIB_2019_CA.58_Reversement_aide_ISITE-BFC_MEO_formation_intensive_\u00e9tudiantsBFC_licence.pdf\" target=\"_blank\" rel=\"noopener\">D\u00e9lib\u00e9ration n\u00b058 : Reversement de l&rsquo;aide ISITE-BFC pour la mise en \u0153uvre de la formation intensive des \u00e9tudiants de Bourgogne-Franche-Comt\u00e9 &#8211; Licence<\/a><\/li><li><a class=\"type-pdf\" href=\"https:\/\/www.ubfc.fr\/wp-content\/uploads\/2019\/10\/RAPPORT_N\u00b05-_Reversement_aide-ISITE-BFC_mise_oeuvre_formation_intensive_\u00e9tudiants_BFC.pdf\" target=\"_blank\" rel=\"noopener\">Rapport pr\u00e9paratoire<\/a><\/li><li><a class=\"type-pdf\" href=\"https:\/\/www.ubfc.fr\/wp-content\/uploads\/2019\/10\/INF_2019.CA_.18_Compte_personnel_de_formation.pdf\" target=\"_blank\" rel=\"noopener\">Information n\u00b018 : Compte personnel de formation<\/a><\/li><li><a class=\"type-pdf\" href=\"https:\/\/www.ubfc.fr\/wp-content\/uploads\/2019\/10\/RAPPORT_N\u00b06_Compte_personnel_formation.pdf\" target=\"_blank\" rel=\"noopener\">Rapport pr\u00e9paratoire<\/a><\/li><li><a class=\"type-pdf\" href=\"https:\/\/www.ubfc.fr\/wp-content\/uploads\/2019\/10\/DELIB_2019_CA.59_Bail_emphyt\u00e9otique_modif_locative_suite_installation_CROUS-BFC.pdf\" target=\"_blank\" rel=\"noopener\">D\u00e9lib\u00e9ration n\u00b059 : Bail emphyt\u00e9otique : modification locative suite installation Crous BFC<\/a><\/li><li><a class=\"type-pdf\" href=\"https:\/\/www.ubfc.fr\/wp-content\/uploads\/2019\/10\/RAPPORT_N\u00b07_Bail_emphyt\u00e9otique_modif_locative_installationCrousBFC.pdf\" target=\"_blank\" rel=\"noopener\">Rapport pr\u00e9paratoire<\/a><\/li><li><a class=\"type-pdf\" href=\"https:\/\/www.ubfc.fr\/wp-content\/uploads\/2019\/10\/DELIB_2019_CA.60_Point_liquidation_actifs_association_Polytechnicum.pdf\" target=\"_blank\" rel=\"noopener\">D\u00e9lib\u00e9ration n\u00b060 : Point liquidation des actifs de l&rsquo;association Polytechnicum<\/a><\/li><li><a class=\"type-pdf\" href=\"https:\/\/www.ubfc.fr\/wp-content\/uploads\/2019\/10\/RAPPORT_N\u00b08_Point_liquidation_actifs_association_Polytechnicum.pdf\" target=\"_blank\" rel=\"noopener\">Rapport pr\u00e9paratoire<\/a><\/li><li><a class=\"type-pdf\" href=\"https:\/\/www.ubfc.fr\/wp-content\/uploads\/2019\/10\/DELIB_2019_CA.61_Conv_reversement_laur\u00e9ats_AAP2019_PoleSant\u00e9Publique.pdf\" target=\"_blank\" rel=\"noopener\"> Information n\u00b061 : Conventions de reversement pour les laur\u00e9ats de l&rsquo;Appel A Projets 2019 du P\u00f4le f\u00e9d\u00e9ratif de recherche et de formation en sant\u00e9 publique<\/a><\/li><li><a class=\"type-pdf\" href=\"https:\/\/www.ubfc.fr\/wp-content\/uploads\/2019\/10\/RAPPORT_N\u00b09_Convention_reversement_laur\u00e9atsAAP2019_P\u00f4le_sant\u00e9_Publique.pdf\" target=\"_blank\" rel=\"noopener\">Rapport pr\u00e9paratoire<\/a><\/li><li><a class=\"type-pdf\" href=\"https:\/\/www.ubfc.fr\/wp-content\/uploads\/2019\/10\/DELIB_2019_CA.62_Cofinancement_projet_recherche_INSERM_P\u00f4leSant\u00e9Publique.pdf\" target=\"_blank\" rel=\"noopener\"> Information n\u00b062 : Cofinancement d&rsquo;un projet de recherche INSERM par le P\u00f4le Sant\u00e9 Publique<\/a><\/li><li><a class=\"type-pdf\" href=\"https:\/\/www.ubfc.fr\/wp-content\/uploads\/2019\/10\/RAPPORT_N\u00b010_Cofinancement_projetderecherche_INSERM_P\u00f4leSant\u00e9Publique.pdf\" target=\"_blank\" rel=\"noopener\">Rapport pr\u00e9paratoire<\/a><\/li><li><a class=\"type-pdf\" href=\"https:\/\/www.ubfc.fr\/wp-content\/uploads\/2019\/10\/DELIB_2019_CA.63_Dde_cofinancement_FEDER_Projet_Nano-Neuro-Med.pdf\" target=\"_blank\" rel=\"noopener\"> D\u00e9lib\u00e9ration n\u00b063 : Demande de cofinancement FEDER Projet Nano-Neuro-Med<\/a><\/li><li><a class=\"type-pdf\" href=\"https:\/\/www.ubfc.fr\/wp-content\/uploads\/2019\/10\/RAPPORT_N\u00b011-_Demande_cofinancement_FEDER_Projet_Nano-Neuro-Med.pdf\" target=\"_blank\" rel=\"noopener\">Rapport pr\u00e9paratoire<\/a><\/li><li><a class=\"type-pdf\" href=\"https:\/\/www.ubfc.fr\/wp-content\/uploads\/2019\/10\/DELIB_2019_CA.64_D\u00e9p\u00f4t_projets_Recherche_R\u00e9gion_UBFC.pdf\" target=\"_blank\" rel=\"noopener\"> D\u00e9lib\u00e9ration n\u00b064 : D\u00e9p\u00f4t des projets \u00ab\u00a0Recherche\u00a0\u00bb R\u00e9gion par UBFC<\/a><\/li><li><a class=\"type-pdf\" href=\"https:\/\/www.ubfc.fr\/wp-content\/uploads\/2019\/10\/RAPPORT_N\u00b012_D\u00e9p\u00f4t_projetsRecherche_R\u00e9gion_UBFC.pdf\" target=\"_blank\" rel=\"noopener\">Rapport pr\u00e9paratoire<\/a><\/li><li><a class=\"type-pdf\" href=\"https:\/\/www.ubfc.fr\/wp-content\/uploads\/2019\/10\/DELIB_2019_CA.65_Attribution_bourses_mobilit\u00e9_EUR_EIPHI.pdf\" target=\"_blank\" rel=\"noopener\"> D\u00e9lib\u00e9ration n\u00b065 : Attribution des bourses de mobilit\u00e9 EUR EIPHI<\/a><\/li><li><a class=\"type-pdf\" href=\"https:\/\/www.ubfc.fr\/wp-content\/uploads\/2019\/10\/RAPPORT_N\u00b013_Attribution_boursesmobilit\u00e9-EUR-EIPHI.pdf\" target=\"_blank\" rel=\"noopener\">Rapport pr\u00e9paratoire<\/a><\/li><li><a class=\"type-pdf\" href=\"https:\/\/www.ubfc.fr\/wp-content\/uploads\/2019\/10\/DELIB_2019_CA.66_R\u00e9mun\u00e9ration_experts_Projet_RITM-BFC.pdf\" target=\"_blank\" rel=\"noopener\"> D\u00e9lib\u00e9ration n\u00b066 : R\u00e9mun\u00e9ration des experts &#8211; Projet RITM-BFC<\/a><\/li><li><a class=\"type-pdf\" href=\"https:\/\/www.ubfc.fr\/wp-content\/uploads\/2019\/10\/RAPPORT_N\u00b014_R\u00e9mun\u00e9ration_experts_ProjetRITM-BFC.pdf\" target=\"_blank\" rel=\"noopener\">Rapport pr\u00e9paratoire<\/a><\/li><li><a class=\"type-pdf\" href=\"https:\/\/www.ubfc.fr\/wp-content\/uploads\/2019\/10\/INF_2019.CA_.19_Exon\u00e9ration_droits_scolarit\u00e9_doctorants_avantle31d\u00e9c.pdf\" target=\"_blank\" rel=\"noopener\"> Information n\u00b019 : Exon\u00e9ration des droits de scolarit\u00e9 des doctorants soutenant avant le 31 d\u00e9cembre<\/a><\/li><li><a class=\"type-pdf\" href=\"https:\/\/www.ubfc.fr\/wp-content\/uploads\/2019\/10\/RAPPORT_N\u00b015_Exoneration_droitsscolarite\u0301_doctorants_soutenant_avant31decembre-.pdf\" target=\"_blank\" rel=\"noopener\">Rapport pr\u00e9paratoire<\/a><\/li><li><a class=\"type-pdf\" href=\"https:\/\/www.ubfc.fr\/wp-content\/uploads\/2019\/10\/INF_2019.CA_.20_Traitement_ddes_exon\u00e9ration_droits_inscription_UBFC.pdf\" target=\"_blank\" rel=\"noopener\"> Information n\u00b020 : Traitement des demandes d&rsquo;exon\u00e9ration des droits d&rsquo;inscription \u00e0 UBFC<\/a><\/li><li><a class=\"type-pdf\" href=\"https:\/\/www.ubfc.fr\/wp-content\/uploads\/2019\/10\/RAPPORT_N\u00b016_Traitement_demandes_exone\u0301ration_droitsinscription_UBFC.pdf\" target=\"_blank\" rel=\"noopener\">Rapport pr\u00e9paratoire<\/a><\/li><li><a class=\"type-pdf\" href=\"https:\/\/www.ubfc.fr\/wp-content\/uploads\/2019\/10\/DELIB_2019_CA.67_D\u00e9p\u00f4t_AAP_R\u00e9gion_ICE.pdf\" target=\"_blank\" rel=\"noopener\"> D\u00e9lib\u00e9ration n\u00b067 : D\u00e9p\u00f4t de l&rsquo;appel \u00e0 projets R\u00e9gion \u00ab\u00a0Itin\u00e9raire Chercheurs Entrepreneurs\u00a0\u00bb<\/a><\/li><li><a class=\"type-pdf\" href=\"https:\/\/www.ubfc.fr\/wp-content\/uploads\/2019\/10\/RAPPORT_N\u00b017_De\u0301po\u0302t_AAPRe\u0301gion_Itine\u0301raireChercheursEntrepreneurs.pdf\" target=\"_blank\" rel=\"noopener\">Rapport pr\u00e9paratoire<\/a><\/li><li><a class=\"type-pdf\" href=\"https:\/\/www.ubfc.fr\/wp-content\/uploads\/2019\/10\/INF_2019.CA_.21_R\u00e9sultats_AAP_R\u00e9gion2019_VEEPN.pdf\" target=\"_blank\" rel=\"noopener\"> Information n\u00b021 : R\u00e9sultats des appels \u00e0 projets R\u00e9gion 2019 \u00ab\u00a0Vie Etudiante\u00a0\u00bb et \u00ab\u00a0Equipements p\u00e9dagogiques et num\u00e9riques\u00a0\u00bb<\/a><\/li><li><a class=\"type-pdf\" href=\"https:\/\/www.ubfc.fr\/wp-content\/uploads\/2019\/10\/RAPPORT_N\u00b018_Re\u0301sultats_AAPRe\u0301gion2019_Vie-Etudiante__EPN.pdf\" target=\"_blank\" rel=\"noopener\">Rapport pr\u00e9paratoire<\/a><\/li><\/ul><\/div>\n\t\t\t\t<\/div>\n\t\t\t\t\t\t\t<div class=\"elementor-toggle-item\">\n\t\t\t\t\t<div id=\"elementor-tab-title-1275\" class=\"elementor-tab-title\" data-tab=\"5\" role=\"button\" aria-controls=\"elementor-tab-content-1275\" aria-expanded=\"false\">\n\t\t\t\t\t\t\t\t\t\t\t\t<span class=\"elementor-toggle-icon elementor-toggle-icon-left\" aria-hidden=\"true\">\n\t\t\t\t\t\t\t\t\t\t\t\t\t\t\t<span class=\"elementor-toggle-icon-closed\"><i class=\"fas fa-caret-right\"><\/i><\/span>\n\t\t\t\t\t\t\t\t<span class=\"elementor-toggle-icon-opened\"><i class=\"elementor-toggle-icon-opened fas fa-caret-up\"><\/i><\/span>\n\t\t\t\t\t\t\t\t\t\t\t\t\t<\/span>\n\t\t\t\t\t\t\t\t\t\t\t\t<a class=\"elementor-toggle-title\" tabindex=\"0\">Conseil d'administration du 29 ao\u00fbt 2019<\/a>\n\t\t\t\t\t<\/div>\n\n\t\t\t\t\t<div id=\"elementor-tab-content-1275\" class=\"elementor-tab-content elementor-clearfix\" data-tab=\"5\" role=\"region\" aria-labelledby=\"elementor-tab-title-1275\"><\/div>\n\t\t\t\t<\/div>\n\t\t\t\t\t\t\t<div class=\"elementor-toggle-item\">\n\t\t\t\t\t<div id=\"elementor-tab-title-1276\" class=\"elementor-tab-title\" data-tab=\"6\" role=\"button\" aria-controls=\"elementor-tab-content-1276\" aria-expanded=\"false\">\n\t\t\t\t\t\t\t\t\t\t\t\t<span class=\"elementor-toggle-icon elementor-toggle-icon-left\" aria-hidden=\"true\">\n\t\t\t\t\t\t\t\t\t\t\t\t\t\t\t<span class=\"elementor-toggle-icon-closed\"><i class=\"fas fa-caret-right\"><\/i><\/span>\n\t\t\t\t\t\t\t\t<span class=\"elementor-toggle-icon-opened\"><i class=\"elementor-toggle-icon-opened fas fa-caret-up\"><\/i><\/span>\n\t\t\t\t\t\t\t\t\t\t\t\t\t<\/span>\n\t\t\t\t\t\t\t\t\t\t\t\t<a class=\"elementor-toggle-title\" tabindex=\"0\">Conseil d'administration du 4 juillet 2019<\/a>\n\t\t\t\t\t<\/div>\n\n\t\t\t\t\t<div id=\"elementor-tab-content-1276\" class=\"elementor-tab-content elementor-clearfix\" data-tab=\"6\" role=\"region\" aria-labelledby=\"elementor-tab-title-1276\"><ul id=\"document-list-9\" class=\"collapse show\" data-parent=\"#document-section-9\"><li><a class=\"type-pdf\" href=\"https:\/\/www.ubfc.fr\/wp-content\/uploads\/2019\/11\/DELIB_2019_CA.43_Approbation_verbatim_CA23052019.pdf\" target=\"_blank\" rel=\"noopener\">D\u00e9lib\u00e9ration n\u00b043 : Approbation du verbatim du Conseil d&rsquo;administration du 23 mai 2019<\/a><\/li><li><a class=\"type-pdf\" href=\"https:\/\/www.ubfc.fr\/wp-content\/uploads\/2019\/11\/RAPPORT_N\u00b01_Verbatim_CA23052019.pdf\" target=\"_blank\" rel=\"noopener\">Verbatim du 23 mai 2019<\/a><\/li><li><a class=\"type-pdf\" href=\"https:\/\/www.ubfc.fr\/wp-content\/uploads\/2019\/11\/DELIB_2019_CA.44_PCA_ann\u00e9e_univ_2019-2020.pdf\" target=\"_blank\" rel=\"noopener\">D\u00e9lib\u00e9ration n\u00b044 : Primes pour charges administratives pour l&rsquo;ann\u00e9e universitaire 2019-2020<\/a><\/li><li><a class=\"type-pdf\" href=\"https:\/\/www.ubfc.fr\/wp-content\/uploads\/2019\/11\/RAPPORT_N\u00b03_Primes-pour-charges-administratives_2019-2020.pdf\" target=\"_blank\" rel=\"noopener\">Rapport pr\u00e9paratoire<\/a><\/li><li><a class=\"type-pdf\" href=\"https:\/\/www.ubfc.fr\/wp-content\/uploads\/2019\/11\/DELIB_2019_CA.45_Indemnisation_experts_\u00e9valuation_laboratoires.pdf\" target=\"_blank\" rel=\"noopener\">D\u00e9lib\u00e9ration n\u00b045 : Indemnisation des experts dans le cadre de l&rsquo;\u00e9valuation des laboratoires<\/a><\/li><li><a class=\"type-pdf\" href=\"https:\/\/www.ubfc.fr\/wp-content\/uploads\/2019\/11\/RAPPORT_N\u00b04_Indemnisation_experts_\u00e9valuation_laboratoires.pdf\" target=\"_blank\" rel=\"noopener\">Rapport pr\u00e9paratoire<\/a><\/li><li><a class=\"type-pdf\" href=\"https:\/\/www.ubfc.fr\/wp-content\/uploads\/2019\/11\/DELIB_2019_CA.46_Rentr\u00e9e_universitaire_doctoratUBFC.pdf\" target=\"_blank\" rel=\"noopener\"> D\u00e9lib\u00e9ration n\u00b046 : Rentr\u00e9e universitaire &#8211; doctorat UBFC<\/a><\/li><li><a class=\"type-pdf\" href=\"https:\/\/www.ubfc.fr\/wp-content\/uploads\/2019\/11\/RAPPORT_N\u00b05_Rentre\u0301e_universitaire_DoctoratUBFC.pdf\" target=\"_blank\" rel=\"noopener\">Rapport pr\u00e9paratoire<\/a><\/li><li><a class=\"type-pdf\" href=\"https:\/\/www.ubfc.fr\/wp-content\/uploads\/2019\/11\/DELIB_2019_CA.47_Rentr\u00e9e_universitaire_mastersUBFC.pdf\" target=\"_blank\" rel=\"noopener\">D\u00e9lib\u00e9ration n\u00b047 : Rentr\u00e9e universitaire &#8211; masters UBFC<\/a><\/li><li><a class=\"type-pdf\" href=\"https:\/\/www.ubfc.fr\/wp-content\/uploads\/2019\/11\/RAPPORT_N\u00b06_Rentre\u0301e_universitaire_MastersUBFC-annexes.pdf\" target=\"_blank\" rel=\"noopener\">Rapport pr\u00e9paratoire<\/a><\/li><li><a class=\"type-pdf\" href=\"https:\/\/www.ubfc.fr\/wp-content\/uploads\/2019\/11\/DELIB_2019_CA.48_Contribution-Vie-\u00e9tudiante-et-de-Campus.pdf\" target=\"_blank\" rel=\"noopener\">D\u00e9lib\u00e9ration n\u00b048 : Contribution Vie Etudiante et de Campus<\/a><\/li><li><a class=\"type-pdf\" href=\"https:\/\/www.ubfc.fr\/wp-content\/uploads\/2019\/11\/RAPPORT_N\u00b07_CVEC.pdf\" target=\"_blank\" rel=\"noopener\">Rapport pr\u00e9paratoire<\/a><\/li><li><a class=\"type-pdf\" href=\"https:\/\/www.ubfc.fr\/wp-content\/uploads\/2019\/11\/DELIB_2019_CA.49_Enveloppe_2019-2020_bourses_ISITE-BFC_EUR_EIPHI-BFC.pdf\" target=\"_blank\" rel=\"noopener\">D\u00e9lib\u00e9ration n\u00b049 : Enveloppe 2019-2020 pour les bourses ISITE-BFC et l&rsquo;EUR EIPHI-BFC<\/a><\/li><li><a class=\"type-pdf\" href=\"https:\/\/www.ubfc.fr\/wp-content\/uploads\/2019\/11\/RAPPORT_N\u00b08_Enveloppe_Bourses-de-mobilite\u0301s_ISITE-BFC_EUR_EIPHI.pdf\" target=\"_blank\" rel=\"noopener\">Rapport pr\u00e9paratoire<\/a><\/li><li><a class=\"type-pdf\" href=\"https:\/\/www.ubfc.fr\/wp-content\/uploads\/2019\/11\/DELIB_2019_CA.50_Conv_reversement_P\u00f4le_Sant\u00e9_Publique.pdf\" target=\"_blank\" rel=\"noopener\">D\u00e9lib\u00e9ration n\u00b050 : Convention de reversement P\u00f4le Sant\u00e9 Publique<\/a><\/li><li><a class=\"type-pdf\" href=\"https:\/\/www.ubfc.fr\/wp-content\/uploads\/2019\/11\/RAPPORT_N\u00b09_Convention_reversement_P\u00f4le-sant\u00e9-publique.pdf\" target=\"_blank\" rel=\"noopener\">Rapport pr\u00e9paratoire<\/a><\/li><li><a class=\"type-pdf\" href=\"https:\/\/www.ubfc.fr\/wp-content\/uploads\/2019\/11\/INF_2019.CA_.13_Bilan_actions_internationales_ann\u00e9e_2018-2019.pdf\" target=\"_blank\" rel=\"noopener\">Information n\u00b013 : Bilan des actions internationales ann\u00e9es 2018-2019<\/a><\/li><li><a class=\"type-pdf\" href=\"https:\/\/www.ubfc.fr\/wp-content\/uploads\/2019\/11\/RAPPORT_N\u00b010_Bilan-actions-internationales-2018-2019.pdf\" target=\"_blank\" rel=\"noopener\">Rapport pr\u00e9paratoire<\/a><\/li><li><a class=\"type-pdf\" href=\"https:\/\/www.ubfc.fr\/wp-content\/uploads\/2019\/11\/INF_2019.CA_.14_Bilan_actions_entrepreneuriat_\u00e9tudiantperspectives.pdf\" target=\"_blank\" rel=\"noopener\">Information n\u00b014 : Bilan des actions entrepreneuriat \u00e9tudiant et perspectives<\/a><\/li><li><a class=\"type-pdf\" href=\"https:\/\/www.ubfc.fr\/wp-content\/uploads\/2019\/11\/RAPPORT_N\u00b011_Bilan-actions-entrepreneuriat-et-perspectives.pdf\" target=\"_blank\" rel=\"noopener\">Rapport pr\u00e9paratoire<\/a><\/li><li><a class=\"type-pdf\" href=\"https:\/\/www.ubfc.fr\/wp-content\/uploads\/2019\/11\/DELIB_2019_CA.51_Concours_Initiative_au_f\u00e9minin.pdf\" target=\"_blank\" rel=\"noopener\">D\u00e9lib\u00e9ration n\u00b051 : Concours \u00ab\u00a0Initiative au f\u00e9minin\u00a0\u00bb : vote du prix<\/a><\/li><li><a class=\"type-pdf\" href=\"https:\/\/www.ubfc.fr\/wp-content\/uploads\/2019\/11\/RAPPORT_N\u00b012_Concours_Initiative-au-fe\u0301minin.pdf\" target=\"_blank\" rel=\"noopener\">Rapport pr\u00e9paratoire<\/a><\/li><li><a class=\"type-pdf\" href=\"https:\/\/www.ubfc.fr\/wp-content\/uploads\/2019\/11\/DELIB_2019_CA.52_Pr\u00e9sentation_projetMUEprojetPPFERE_actionTIP.pdf\" target=\"_blank\" rel=\"noopener\">D\u00e9lib\u00e9ration n\u00b052 : Pr\u00e9sentation du projet MUE et du projet P\u00f4les pilotes de formation des enseignants et de recherche pour l&rsquo;\u00e9ducation (PPFFERE), action Territoires d&rsquo;innovation p\u00e9dagogiques (TIP)<\/a><\/li><li><a class=\"type-pdf\" href=\"https:\/\/www.ubfc.fr\/wp-content\/uploads\/2019\/11\/RAPPORT_N\u00b013_Pr\u00e9sentation_projetMUEprojetPPFERE_actionTIP.pdf\" target=\"_blank\" rel=\"noopener\">Rapport pr\u00e9paratoire<\/a><\/li><li><a class=\"type-pdf\" href=\"https:\/\/www.ubfc.fr\/wp-content\/uploads\/2019\/11\/DELIB_2019_CA.53_Dde_subvention_R\u00e9gion_Nuit_des_Chercheurs_2019.pdf\" target=\"_blank\" rel=\"noopener\">D\u00e9lib\u00e9ration n\u00b053 : Demande subvention R\u00e9gion : Nuit des Chercheurs 2019<\/a><\/li><li><a class=\"type-pdf\" href=\"https:\/\/www.ubfc.fr\/wp-content\/uploads\/2019\/11\/RAPPORT_N\u00b014_Dde_subvention_R\u00e9gion_Nuit_des_Chercheurs2019.pdf\" target=\"_blank\" rel=\"noopener\">Rapport pr\u00e9paratoire<\/a><\/li><li><a class=\"type-pdf\" href=\"https:\/\/www.ubfc.fr\/wp-content\/uploads\/2019\/11\/INF_2019.CA_.15_Dates_Conseils_administration_UBFC_2019-2020.pdf\" target=\"_blank\" rel=\"noopener\"> Information n\u00b015 : Dates des Conseils d&rsquo;administration d&rsquo;UBFC pour l&rsquo;ann\u00e9e 2019-2020<\/a><\/li><li><a class=\"type-pdf\" href=\"https:\/\/www.ubfc.fr\/wp-content\/uploads\/2019\/11\/RAPPORT_N\u00b015_Dates_CA_UBFC_ann\u00e9e2019-2020.pdf\" target=\"_blank\" rel=\"noopener\">Rapport pr\u00e9paratoire<\/a><\/li><\/ul><\/div>\n\t\t\t\t<\/div>\n\t\t\t\t\t\t\t<div class=\"elementor-toggle-item\">\n\t\t\t\t\t<div id=\"elementor-tab-title-1277\" class=\"elementor-tab-title\" data-tab=\"7\" role=\"button\" aria-controls=\"elementor-tab-content-1277\" aria-expanded=\"false\">\n\t\t\t\t\t\t\t\t\t\t\t\t<span class=\"elementor-toggle-icon elementor-toggle-icon-left\" aria-hidden=\"true\">\n\t\t\t\t\t\t\t\t\t\t\t\t\t\t\t<span class=\"elementor-toggle-icon-closed\"><i class=\"fas fa-caret-right\"><\/i><\/span>\n\t\t\t\t\t\t\t\t<span class=\"elementor-toggle-icon-opened\"><i class=\"elementor-toggle-icon-opened fas fa-caret-up\"><\/i><\/span>\n\t\t\t\t\t\t\t\t\t\t\t\t\t<\/span>\n\t\t\t\t\t\t\t\t\t\t\t\t<a class=\"elementor-toggle-title\" tabindex=\"0\">Conseil d'administration du 23 mai 2019<\/a>\n\t\t\t\t\t<\/div>\n\n\t\t\t\t\t<div id=\"elementor-tab-content-1277\" class=\"elementor-tab-content elementor-clearfix\" data-tab=\"7\" role=\"region\" aria-labelledby=\"elementor-tab-title-1277\"><ul id=\"document-list-10\" class=\"collapse show\" data-parent=\"#document-section-10\"><li><a class=\"type-pdf\" href=\"https:\/\/www.ubfc.fr\/wp-content\/uploads\/2019\/06\/DELIB_2019_CA.32_Approbation_verbatim_CA21032019.pdf\" target=\"_blank\" rel=\"noopener\">D\u00e9lib\u00e9ration n\u00b032 : Approbation du verbatim du 21 mars 2019<\/a><\/li><li><a class=\"type-pdf\" href=\"https:\/\/www.ubfc.fr\/wp-content\/uploads\/2019\/06\/RAPPORT_N\u00b01_Approbation_verbatim_CA21032019.pdf\" target=\"_blank\" rel=\"noopener\">Verbatim du 21 mars 2019<\/a><\/li><li><a class=\"type-pdf\" href=\"https:\/\/www.ubfc.fr\/wp-content\/uploads\/2019\/07\/RAPPORT_N\u00b03_Compte-rendu-CHSCT.pdf\" target=\"_blank\" rel=\"noopener\">Rapport pr\u00e9paratoire : Compte-rendu du CHSCT<\/a><\/li><li><a class=\"type-pdf\" href=\"https:\/\/www.ubfc.fr\/wp-content\/uploads\/2019\/06\/DELIB_2019_CA.33A_Exonerations_frais_sup_etudiants_extracommunautaires_masterUBFCcadre-g\u00e9n\u00e9ral.pdf\" target=\"_blank\" rel=\"noopener\">D\u00e9lib\u00e9ration n\u00b033A : Droits d&rsquo;inscription diff\u00e9renci\u00e9s pour les \u00e9tudiants extra-communautaires et modalit\u00e9s d&rsquo;exon\u00e9ration (cadre g\u00e9n\u00e9ral)<\/a><\/li><li><a class=\"type-pdf\" href=\"https:\/\/www.ubfc.fr\/wp-content\/uploads\/2019\/06\/DELIB_2019_CA.33B_Exonerations_frais_sup_etudiants_extracommunautaires_masterUBFCcadre-sp\u00e9cifique.pdf\" target=\"_blank\" rel=\"noopener\">D\u00e9lib\u00e9ration n\u00b033B : Droits d&rsquo;inscription diff\u00e9renci\u00e9s pour les \u00e9tudiants extra-communautaires et modalit\u00e9s d&rsquo;exon\u00e9ration (cadre sp\u00e9cial)<\/a><\/li><li><a class=\"type-pdf\" href=\"https:\/\/www.ubfc.fr\/wp-content\/uploads\/2019\/06\/RAPPORT_N\u00b04_-Droits-d\u2019inscription_diff\u00e9renci\u00e9s__modalit\u00e9sexon\u00e9ration.pdf\" target=\"_blank\" rel=\"noopener\">Rapport pr\u00e9paratoire<\/a><\/li><li><a class=\"type-pdf\" href=\"https:\/\/www.ubfc.fr\/wp-content\/uploads\/2019\/06\/DELIB_2019_CA.34_D\u00e9l\u00e9gation_technique_agents_catA_outil_GFC-D\u00e9penses.pdf\" target=\"_blank\" rel=\"noopener\">D\u00e9lib\u00e9ration n\u00b034 : D\u00e9l\u00e9gation technique aux agents de cat. A des \u00e9tablissements pour valider les engagements juridiques dans l&rsquo;outil GFC-D\u00e9penses<\/a><\/li><li><a class=\"type-pdf\" href=\"https:\/\/www.ubfc.fr\/wp-content\/uploads\/2019\/06\/RAPPORT_N\u00b05_D\u00e9l\u00e9gation_technique_GFC-D\u00e9penses.pdf\" target=\"_blank\" rel=\"noopener\">Rapport pr\u00e9paratoire<\/a><\/li><li><a class=\"type-pdf\" href=\"https:\/\/www.ubfc.fr\/wp-content\/uploads\/2019\/06\/DELIB_2019_CA.35_MAJ_proc\u00e9dures_remboursement_frais_mission.pdf\" target=\"_blank\" rel=\"noopener\">D\u00e9lib\u00e9ration n\u00b035 : Mise \u00e0 jour des proc\u00e9dures de remboursement des frais de mission pour le compte d&rsquo;UBFC<\/a><\/li><li><a class=\"type-pdf\" href=\"https:\/\/www.ubfc.fr\/wp-content\/uploads\/2019\/06\/RAPPORT_N\u00b06_Mise_\u00e0_jour_proc\u00e9dures_remboursement_frais_missions_corrig\u00e9.pdf\" target=\"_blank\" rel=\"noopener\">Rapport pr\u00e9paratoire<\/a><\/li><li><a class=\"type-pdf\" href=\"https:\/\/www.ubfc.fr\/wp-content\/uploads\/2019\/06\/DELIB_2019_CA.36_D\u00e9l\u00e9gation_CA_administrateurprovisoire.pdf\" target=\"_blank\" rel=\"noopener\">D\u00e9lib\u00e9ration n\u00b036 : D\u00e9l\u00e9gation de pouvoir du Conseil d&rsquo;administration \u00e0 l&rsquo;administrateur provisoire<\/a><\/li><li><a class=\"type-pdf\" href=\"https:\/\/www.ubfc.fr\/wp-content\/uploads\/2019\/06\/RAPPORT_N\u00b07_D\u00e9l\u00e9gation_Administrateur_provisoire.pdf\" target=\"_blank\" rel=\"noopener\">Rapport pr\u00e9paratoire<\/a><\/li><li><a class=\"type-pdf\" href=\"https:\/\/www.ubfc.fr\/wp-content\/uploads\/2019\/06\/RAPPORT_N\u00b08_R\u00e9sultats_AAP_2019_NCU_RITM-BFC_corrig\u00e9.pdf\" target=\"_blank\" rel=\"noopener\">Rapport pr\u00e9paratoire : R\u00e9sultats des appels \u00e0 projets 2019 du NCU RITM-BFC<\/a><\/li><li><a class=\"type-pdf\" href=\"https:\/\/www.ubfc.fr\/wp-content\/uploads\/2019\/06\/DELIB_2019_CA.37_Accord_consortium_PIANCU_RITM-BFC.pdf\" target=\"_blank\" rel=\"noopener\">D\u00e9lib\u00e9ration n\u00b037 : Accord de consortium du PIA NCU \u00ab\u00a0RITM-BFC\u00a0\u00bb pr\u00e9sent\u00e9 en annexe du rapport<\/a><\/li><li><a class=\"type-pdf\" href=\"https:\/\/www.ubfc.fr\/wp-content\/uploads\/2019\/06\/RAPPORT_N\u00b09_Accord_Consortium_RITM-BFC.pdf\" target=\"_blank\" rel=\"noopener\">Rapport pr\u00e9paratoire<\/a><\/li><li><a class=\"type-pdf\" href=\"https:\/\/www.ubfc.fr\/wp-content\/uploads\/2019\/06\/DELIB_2019_CA.38_Accord_consortium_PIA-EUR_EIPHI-BFC.pdf\" target=\"_blank\" rel=\"noopener\">D\u00e9lib\u00e9ration n\u00b038 : Accord de consortium du PIA EUR EIPHI-BFC pr\u00e9sent\u00e9 en annexe du rapport<\/a><\/li><li><a class=\"type-pdf\" href=\"https:\/\/www.ubfc.fr\/wp-content\/uploads\/2019\/06\/RAPPORT_N\u00b010_Accord-de-Consortium-EUR-EIPHI.pdf\" target=\"_blank\" rel=\"noopener\">Rapport pr\u00e9paratoire<\/a><\/li><li><a class=\"type-pdf\" href=\"https:\/\/www.ubfc.fr\/wp-content\/uploads\/2019\/06\/DELIB_2019_CA.39_Conv_renouvellement_UR_Agro\u00e9cologie.pdf\" target=\"_blank\" rel=\"noopener\">D\u00e9lib\u00e9ration n\u00b039 : Convention portant renouvellement de l&rsquo;unit\u00e9 de recherche Agro\u00e9cologie<\/a><\/li><li><a class=\"type-pdf\" href=\"https:\/\/www.ubfc.fr\/wp-content\/uploads\/2019\/06\/RAPPORT_N\u00b011.a_Convention_Unit\u00e9_Recherche_Agro\u00e9cologie.pdf\" target=\"_blank\" rel=\"noopener\">Rapport pr\u00e9paratoire<\/a><\/li><li><a class=\"type-pdf\" href=\"https:\/\/www.ubfc.fr\/wp-content\/uploads\/2019\/06\/DELIB_2019_CA.40_Conv_constitutive_UR_FAP.pdf\" target=\"_blank\" rel=\"noopener\">D\u00e9lib\u00e9ration n\u00b040 : Convention constitutive de l&rsquo;Unit\u00e9 de recherche Multi-sites n\u00b07529 Formation et apprentissages professionnels (FAP)<\/a><\/li><li><a class=\"type-pdf\" href=\"https:\/\/www.ubfc.fr\/wp-content\/uploads\/2019\/06\/RAPPORT_N\u00b011.b_ConventionUR_FAP.pdf\" target=\"_blank\" rel=\"noopener\">Rapport pr\u00e9paratoire<\/a><\/li><li><a class=\"type-pdf\" href=\"https:\/\/www.ubfc.fr\/wp-content\/uploads\/2019\/06\/DELIB_2019_CA.41_Conv_renouvellement_UR_CESAER.pdf\" target=\"_blank\" rel=\"noopener\">D\u00e9lib\u00e9ration n\u00b041 : Convention portant renouvellement de l&rsquo;unit\u00e9 de recherche \u00ab\u00a0Centre d&rsquo;Economie et Sociologie Appliqu\u00e9es \u00e0 l&rsquo;Agriculture et aux Espaces Ruraux\u00a0\u00bb (CESAER)<\/a><\/li><li><a class=\"type-pdf\" href=\"https:\/\/www.ubfc.fr\/wp-content\/uploads\/2019\/06\/RAPPORT_N\u00b011.c_ConventionCESAER.pdf\" target=\"_blank\" rel=\"noopener\">Rapport pr\u00e9paratoire<\/a><\/li><li><a class=\"type-pdf\" href=\"https:\/\/www.ubfc.fr\/wp-content\/uploads\/2019\/06\/DELIB_2019_CA.42_Renouvellement_Finale_r\u00e9gionale_BFC_CEC_2019.pdf\" target=\"_blank\" rel=\"noopener\">D\u00e9lib\u00e9ration n\u00b042 : Renouvellement de la finale r\u00e9gionale BFC des \u00ab\u00a0Chercheurs Entrepreneurs Challenges\u00a0\u00bb en partenariat avec l&rsquo;AEF INFO sous r\u00e9serve de l&rsquo;obtention des financements sollicit\u00e9s aupr\u00e8s de la R\u00e9gion BFC (3 000 \u20ac) et le MEDEF BFC (2 000 \u20ac)<\/a><\/li><li><a class=\"type-pdf\" href=\"https:\/\/www.ubfc.fr\/wp-content\/uploads\/2019\/06\/RAPPORT_N\u00b012_Finale_r\u00e9gionale_Chercheurs_Entrepreneurs_Challenges_2019.pdf\" target=\"_blank\" rel=\"noopener\">Rapport pr\u00e9paratoire<\/a><\/li><li><a class=\"type-pdf\" href=\"https:\/\/www.ubfc.fr\/wp-content\/uploads\/2019\/06\/RAPPORT_N\u00b013_Itin\u00e9raire-Chercheurs-Entrepreneurs.pdf\" target=\"_blank\" rel=\"noopener\">Rapport pr\u00e9paratoire : Dispositif Itin\u00e9raire Chercheurs Entrepreneurs<\/a><\/li><\/ul><\/div>\n\t\t\t\t<\/div>\n\t\t\t\t\t\t\t<div class=\"elementor-toggle-item\">\n\t\t\t\t\t<div id=\"elementor-tab-title-1278\" class=\"elementor-tab-title\" data-tab=\"8\" role=\"button\" aria-controls=\"elementor-tab-content-1278\" aria-expanded=\"false\">\n\t\t\t\t\t\t\t\t\t\t\t\t<span class=\"elementor-toggle-icon elementor-toggle-icon-left\" aria-hidden=\"true\">\n\t\t\t\t\t\t\t\t\t\t\t\t\t\t\t<span class=\"elementor-toggle-icon-closed\"><i class=\"fas fa-caret-right\"><\/i><\/span>\n\t\t\t\t\t\t\t\t<span class=\"elementor-toggle-icon-opened\"><i class=\"elementor-toggle-icon-opened fas fa-caret-up\"><\/i><\/span>\n\t\t\t\t\t\t\t\t\t\t\t\t\t<\/span>\n\t\t\t\t\t\t\t\t\t\t\t\t<a class=\"elementor-toggle-title\" tabindex=\"0\">Conseil d'administration du 21 mars 2019<\/a>\n\t\t\t\t\t<\/div>\n\n\t\t\t\t\t<div id=\"elementor-tab-content-1278\" class=\"elementor-tab-content elementor-clearfix\" data-tab=\"8\" role=\"region\" aria-labelledby=\"elementor-tab-title-1278\"><ul id=\"document-list-11\" class=\"collapse show\" data-parent=\"#document-section-11\"><li><a class=\"type-pdf\" href=\"https:\/\/www.ubfc.fr\/wp-content\/uploads\/2019\/03\/DELIB_2019_CA.20_Approbation_verbatim_CAextraordinaire05032019.pdf\" target=\"_blank\" rel=\"noopener\">D\u00e9lib\u00e9ration n\u00b020 : Approbation du verbatim du Conseil d&rsquo;administration extraordinaire du 5 mars 2019<\/a><\/li><li><a class=\"type-pdf\" href=\"https:\/\/www.ubfc.fr\/wp-content\/uploads\/2019\/03\/RAPPORT_N\u00b01_Approbation_verbatim_CAextraordinaire_05032019-1.pdf\" target=\"_blank\" rel=\"noopener\">Verbatim du 5 mars 2019<\/a><\/li><li><a class=\"type-pdf\" href=\"https:\/\/www.ubfc.fr\/wp-content\/uploads\/2019\/03\/DELIB_2019_CA.21_Compte-financier-2018.pdf\" target=\"_blank\" rel=\"noopener\">D\u00e9lib\u00e9ration n\u00b021 : Compte financier 2018<\/a><\/li><li><a class=\"type-pdf\" href=\"https:\/\/www.ubfc.fr\/wp-content\/uploads\/2019\/03\/RAPPORT_N\u00b02_Compte-financier-2018.pdf\" target=\"_blank\" rel=\"noopener\">Rapport pr\u00e9paratoire<\/a><\/li><li><a class=\"type-pdf\" href=\"https:\/\/www.ubfc.fr\/wp-content\/uploads\/2019\/03\/DELIB_2019_CA.22_Nomination_VP_PIM.pdf\" target=\"_blank\" rel=\"noopener\">D\u00e9lib\u00e9ration n\u00b022 : Nomination du vice-pr\u00e9sident charg\u00e9 du p\u00f4le d&rsquo;ing\u00e9nierie et de management<\/a><\/li><li><a class=\"type-pdf\" href=\"https:\/\/www.ubfc.fr\/wp-content\/uploads\/2019\/03\/RAPPORT_N\u00b03_Nomination_VP_PIM.pdf\" target=\"_blank\" rel=\"noopener\">Rapport pr\u00e9paratoire<\/a><\/li><li><a class=\"type-pdf\" href=\"https:\/\/www.ubfc.fr\/wp-content\/uploads\/2019\/03\/DELIB_2019_CA.23_Convention_partenariale_INRA-UBFC-uB-AgroSup-Dijon.pdf\" target=\"_blank\" rel=\"noopener\">D\u00e9lib\u00e9ration n\u00b023 : Convention partenariale INRA-UBFC-uB-AgroSup Dijon<\/a><\/li><li><a class=\"type-pdf\" href=\"https:\/\/www.ubfc.fr\/wp-content\/uploads\/2019\/03\/RAPPORT_N\u00b04_Convention_partenariale_INRA.pdf\" target=\"_blank\" rel=\"noopener\">Rapport pr\u00e9paratoire<\/a><\/li><li><a class=\"type-pdf\" href=\"https:\/\/www.ubfc.fr\/wp-content\/uploads\/2019\/03\/DELIB_2019_CA.24_Attribution_bourses_mobilit\u00e9_entrantesortante_EUR_EIPHI.pdf\" target=\"_blank\" rel=\"noopener\">D\u00e9lib\u00e9ration n\u00b024 : Attribution des bourses de mobilit\u00e9 entrante et sortante EUR EIPHI<\/a><\/li><li><a class=\"type-pdf\" href=\"https:\/\/www.ubfc.fr\/wp-content\/uploads\/2019\/03\/RAPPORT_N\u00b05_Attribution_bourses_mobilit\u00e9_entrantesortante_EUR_EIPHI.pdf\" target=\"_blank\" rel=\"noopener\">Rapport pr\u00e9paratoire<\/a><\/li><li><a class=\"type-pdf\" href=\"https:\/\/www.ubfc.fr\/wp-content\/uploads\/2019\/03\/DELIB_2019_CA.25_Ddes_financements_organisation_Ing\u00e9nieurManagerTourFJC.pdf\" target=\"_blank\" rel=\"noopener\">D\u00e9lib\u00e9ration n\u00b025 : Demandes de financement port\u00e9es par UBFC dans le cadre de l&rsquo;organisation de l&rsquo;Ing\u00e9nieur Manager Tour et du Forum Jeunes Chercheurs<\/a><\/li><li><a class=\"type-pdf\" href=\"https:\/\/www.ubfc.fr\/wp-content\/uploads\/2019\/03\/RAPPORT_N\u00b06_Dde_financementR\u00e9gion_Ing\u00e9nieurManagerTourForumJeunesChercheurs.pdf\" target=\"_blank\" rel=\"noopener\">Rapport pr\u00e9paratoire<\/a><\/li><li><a class=\"type-pdf\" href=\"https:\/\/www.ubfc.fr\/wp-content\/uploads\/2019\/03\/DELIB_2019_CA.26_Plan_actions_2019-2020_PEPITE-BFC-ddes_financements.pdf\" target=\"_blank\" rel=\"noopener\">D\u00e9lib\u00e9ration n\u00b026 : Plan d&rsquo;actions 2019-2020 du PEPITE-BFC &#8211; Demandes de financements<\/a><\/li><li><a class=\"type-pdf\" href=\"https:\/\/www.ubfc.fr\/wp-content\/uploads\/2019\/03\/RAPPORT_N\u00b07_Plan_actions_2019-2020_PEPITE-BFC_Ddes_financements.pdf\" target=\"_blank\" rel=\"noopener\">Rapport pr\u00e9paratoire<\/a><\/li><li><a class=\"type-pdf\" href=\"https:\/\/www.ubfc.fr\/wp-content\/uploads\/2019\/03\/DELIB_2019_CA.27_Th\u00e8ses_JCE_D\u00e9p\u00f4t_dossierFEDER.pdf\" target=\"_blank\" rel=\"noopener\">D\u00e9lib\u00e9ration n\u00b027 : Th\u00e8ses \u00ab\u00a0Jeunes Chercheurs Entrepreneurs\u00a0\u00bb &#8211; D\u00e9p\u00f4t du dossier FEDER<\/a><\/li><li><a class=\"type-pdf\" href=\"https:\/\/www.ubfc.fr\/wp-content\/uploads\/2019\/03\/RAPPORT_N\u00b08_Th\u00e8ses_JCE_D\u00e9p\u00f4t_dossierFEDER.pdf\" target=\"_blank\" rel=\"noopener\">Rapport pr\u00e9paratoire<\/a><\/li><li><a class=\"type-pdf\" href=\"https:\/\/www.ubfc.fr\/wp-content\/uploads\/2019\/03\/DELIB_2019_CA.28_D\u00e9p\u00f4t_projetErasmus_Mundus_masterUBFC.pdf\" target=\"_blank\" rel=\"noopener\">D\u00e9lib\u00e9ration n\u00b028 : D\u00e9p\u00f4t d&rsquo;un projet Erasmus Mundus dans le cadre d&rsquo;un master UBFC<\/a><\/li><li><a class=\"type-pdf\" href=\"https:\/\/www.ubfc.fr\/wp-content\/uploads\/2019\/03\/RAPPORT_N\u00b09_D\u00e9p\u00f4t_projet_Erasmus_Mundus_masterUBFC.pdf\" target=\"_blank\" rel=\"noopener\">Rapport pr\u00e9paratoire<\/a><\/li><li><a class=\"type-pdf\" href=\"https:\/\/www.ubfc.fr\/wp-content\/uploads\/2019\/03\/DELIB_2019_CA.29_PrixPublicPrixJury_Finale_r\u00e9gionaleMT180s_\u00e9dition2019.pdf\" target=\"_blank\" rel=\"noopener\">D\u00e9lib\u00e9ration n\u00b029 : Prix du public et Prix du Jury &#8211; Finale r\u00e9gionale du concours \u00ab\u00a0Ma th\u00e8se en 180 secondes\u00a0\u00bb, \u00e9dition 2019<\/a><\/li><li><a class=\"type-pdf\" href=\"https:\/\/www.ubfc.fr\/wp-content\/uploads\/2019\/03\/RAPPORT_N\u00b010_MT180_PrixpublicPrix-du-Jury_compress\u00e9.pdf\" target=\"_blank\" rel=\"noopener\">Rapport pr\u00e9paratoire<\/a><\/li><li><a class=\"type-pdf\" href=\"https:\/\/www.ubfc.fr\/wp-content\/uploads\/2019\/03\/DELIB_2019_CA.30_R\u00e9partition_contratsdoctoraux_ann\u00e9e2019-2020.pdf\" target=\"_blank\" rel=\"noopener\">D\u00e9lib\u00e9ration n\u00b030 R\u00e9partition des contrats doctoraux ann\u00e9e 2019\/2020<\/a><\/li><li><a class=\"type-pdf\" href=\"https:\/\/www.ubfc.fr\/wp-content\/uploads\/2019\/03\/RAPPORT_N\u00b011_R\u00e9partition_contratsdoctoraux_2019-2020.pdf\" target=\"_blank\" rel=\"noopener\">Rapport pr\u00e9paratoire<\/a><\/li><li><a class=\"type-pdf\" href=\"https:\/\/www.ubfc.fr\/wp-content\/uploads\/2019\/03\/DELIB_2019_CA.31_R\u00e9partition_CT_Hommes-Femmes_UBFC.pdf\" target=\"_blank\" rel=\"noopener\">D\u00e9lib\u00e9ration n\u00b031 : R\u00e9partition Hommes \/ Femmes &#8211; UBFC<\/a><\/li><li><a class=\"type-pdf\" href=\"https:\/\/www.ubfc.fr\/wp-content\/uploads\/2019\/03\/RAPPORT_N\u00b012_R\u00e9partition-HommesFemmes-_CT_UBFC.pdf\" target=\"_blank\" rel=\"noopener\">Rapport pr\u00e9paratoire<\/a><\/li><\/ul><\/div>\n\t\t\t\t<\/div>\n\t\t\t\t\t\t\t<div class=\"elementor-toggle-item\">\n\t\t\t\t\t<div id=\"elementor-tab-title-1279\" class=\"elementor-tab-title\" data-tab=\"9\" role=\"button\" aria-controls=\"elementor-tab-content-1279\" aria-expanded=\"false\">\n\t\t\t\t\t\t\t\t\t\t\t\t<span class=\"elementor-toggle-icon elementor-toggle-icon-left\" aria-hidden=\"true\">\n\t\t\t\t\t\t\t\t\t\t\t\t\t\t\t<span class=\"elementor-toggle-icon-closed\"><i class=\"fas fa-caret-right\"><\/i><\/span>\n\t\t\t\t\t\t\t\t<span class=\"elementor-toggle-icon-opened\"><i class=\"elementor-toggle-icon-opened fas fa-caret-up\"><\/i><\/span>\n\t\t\t\t\t\t\t\t\t\t\t\t\t<\/span>\n\t\t\t\t\t\t\t\t\t\t\t\t<a class=\"elementor-toggle-title\" tabindex=\"0\">Conseil d'administration extraordinaire du 5 mars 2019<\/a>\n\t\t\t\t\t<\/div>\n\n\t\t\t\t\t<div id=\"elementor-tab-content-1279\" class=\"elementor-tab-content elementor-clearfix\" data-tab=\"9\" role=\"region\" aria-labelledby=\"elementor-tab-title-1279\"><ul id=\"document-list-12\" class=\"collapse show\" data-parent=\"#document-section-12\"><li><a class=\"type-pdf\" href=\"https:\/\/www.ubfc.fr\/wp-content\/uploads\/2019\/03\/DELIB_2019_CA.17_Approbation_verbatim_congr\u00e8s24012019.pdf\" target=\"_blank\" rel=\"noopener\">D\u00e9lib\u00e9ration n\u00b017 : Approbation du verbatim du congr\u00e8s du 24 janvier 2019<\/a><\/li><li><a class=\"type-pdf\" href=\"https:\/\/www.ubfc.fr\/wp-content\/uploads\/2019\/03\/RAPPORT_N\u00b01_Approbation_Verbatim_Congr\u00e8s240119.pdf\" target=\"_blank\" rel=\"noopener\">Rapport pr\u00e9paratoire n\u00b01 : Approbation du Verbatim du Congr\u00e8s 24\/01\/19 <\/a><\/li><li><a class=\"type-pdf\" href=\"https:\/\/www.ubfc.fr\/wp-content\/uploads\/2019\/03\/DELIB_2019_CA.18_Approbation_verbatim_CA31012019.pdf\" target=\"_blank\" rel=\"noopener\">D\u00e9lib\u00e9ration n\u00b018 : Approbation du verbatim du conseil d&rsquo;administration du 31 janvier 2019<\/a><\/li><li><a class=\"type-pdf\" href=\"https:\/\/www.ubfc.fr\/wp-content\/uploads\/2019\/03\/RAPPORT_N\u00b02_Approbation_Verbatim_CA310119.pdf\" target=\"_blank\" rel=\"noopener\">Rapport pr\u00e9paratoire n\u00b02 : Approbation du Verbatim du CA 31\/01\/19<\/a><\/li><li><a class=\"type-pdf\" href=\"https:\/\/www.ubfc.fr\/wp-content\/uploads\/2019\/03\/DELIB_2019_CA.19_Plan_actions_ISITE-BFC.pdf\" target=\"_blank\" rel=\"noopener\">D\u00e9lib\u00e9ration n\u00b019 : Plan d&rsquo;actions ISITE-BFC<\/a><\/li><li><a class=\"type-pdf\" href=\"https:\/\/www.ubfc.fr\/wp-content\/uploads\/2019\/03\/RAPPORT_N\u00b03_Plan_actions_ISITE-BFC.pdf\" target=\"_blank\" rel=\"noopener\">Rapport pr\u00e9paratoire n\u00b03 : Plan d&rsquo;actions ISITE-BFC<\/a><\/li><\/ul><\/div>\n\t\t\t\t<\/div>\n\t\t\t\t\t\t\t<div class=\"elementor-toggle-item\">\n\t\t\t\t\t<div id=\"elementor-tab-title-12710\" class=\"elementor-tab-title\" data-tab=\"10\" role=\"button\" aria-controls=\"elementor-tab-content-12710\" aria-expanded=\"false\">\n\t\t\t\t\t\t\t\t\t\t\t\t<span class=\"elementor-toggle-icon elementor-toggle-icon-left\" aria-hidden=\"true\">\n\t\t\t\t\t\t\t\t\t\t\t\t\t\t\t<span class=\"elementor-toggle-icon-closed\"><i class=\"fas fa-caret-right\"><\/i><\/span>\n\t\t\t\t\t\t\t\t<span class=\"elementor-toggle-icon-opened\"><i class=\"elementor-toggle-icon-opened fas fa-caret-up\"><\/i><\/span>\n\t\t\t\t\t\t\t\t\t\t\t\t\t<\/span>\n\t\t\t\t\t\t\t\t\t\t\t\t<a class=\"elementor-toggle-title\" tabindex=\"0\">Conseil d'administration du 31 janvier 2019<\/a>\n\t\t\t\t\t<\/div>\n\n\t\t\t\t\t<div id=\"elementor-tab-content-12710\" class=\"elementor-tab-content elementor-clearfix\" data-tab=\"10\" role=\"region\" aria-labelledby=\"elementor-tab-title-12710\"><ul id=\"document-list-13\" class=\"collapse show\" data-parent=\"#document-section-13\"><li><a class=\"type-pdf\" href=\"https:\/\/www.ubfc.fr\/wp-content\/uploads\/2019\/02\/DELIB_2019_CA.01_Approbation_verbatim_13122018.pdf\" target=\"_blank\" rel=\"noopener\">D\u00e9lib\u00e9ration n\u00b001 : Approbation du verbatim du 13 d\u00e9cembre 2018<\/a><\/li><li><a class=\"type-pdf\" href=\"https:\/\/www.ubfc.fr\/wp-content\/uploads\/2019\/02\/RAPPORT_N\u00b01_Approbation_verbatim_CA13122018-1.pdf\" target=\"_blank\" rel=\"noopener\">Verbatim du 13 d\u00e9cembre 2018<\/a><\/li><li><a class=\"type-pdf\" href=\"https:\/\/www.ubfc.fr\/wp-content\/uploads\/2019\/02\/DELIB_2019_CA.02_Etat_avancement_adminfinancier_PIANCU_RITM-BFC.pdf\" target=\"_blank\" rel=\"noopener\">D\u00e9lib\u00e9ration n\u00b002 : \u00c9tat d&rsquo;avancement administratif et financier du PIA NCU RITM-BFC<\/a><\/li><li><a class=\"type-pdf\" href=\"https:\/\/www.ubfc.fr\/wp-content\/uploads\/2019\/02\/RAPPORT_N\u00b02_Etat_avancement_administratiffinancier_PIA_NCU_RITM-BFC.pdf\" target=\"_blank\" rel=\"noopener\">Rapport pr\u00e9paratoire<\/a><\/li><li><a class=\"type-pdf\" href=\"https:\/\/www.ubfc.fr\/wp-content\/uploads\/2019\/02\/DELIB_2019_CA.03_Attribution_bourses_mobilit\u00e9_entrantesortante_EUR_EIPHI.pdf\" target=\"_blank\" rel=\"noopener\">D\u00e9lib\u00e9ration n\u00b003 : Attribution des bourses de mobilit\u00e9s entrante et sortante EUR EIPHI<\/a><\/li><li><a class=\"type-pdf\" href=\"https:\/\/www.ubfc.fr\/wp-content\/uploads\/2019\/02\/RAPPORT_N\u00b03_Attribution_bourses_mobilit\u00e9entrantesortante_EUR_EIPHI.pdf\" target=\"_blank\" rel=\"noopener\">Rapport pr\u00e9paratoire<\/a><\/li><li><a class=\"type-pdf\" href=\"https:\/\/www.ubfc.fr\/wp-content\/uploads\/2019\/02\/DELIB_2019_CA.04_Prix_sp\u00e9cial_\u00e9tudiante_Concours_initiative_auf\u00e9minin.pdf\" target=\"_blank\" rel=\"noopener\">D\u00e9lib\u00e9ration n\u00b004 : Prix sp\u00e9cial \u00ab\u00a0\u00e9tudiante\u00a0\u00bb &#8211; Concours initiative au f\u00e9minin<\/a><\/li><li><a class=\"type-pdf\" href=\"https:\/\/www.ubfc.fr\/wp-content\/uploads\/2019\/02\/RAPPORT_N\u00b04_Prix_Concours_Initiative_au_f\u00e9minin.pdf\" target=\"_blank\" rel=\"noopener\">Rapport pr\u00e9paratoire<\/a><\/li><li><a class=\"type-pdf\" href=\"https:\/\/www.ubfc.fr\/wp-content\/uploads\/2019\/02\/DELIB_2019_CA.05_Ouverture_nouveauxmastersUBFC_rentr\u00e9e2019_laur\u00e9ats_ISITE-BFC_AAP3.pdf\" target=\"_blank\" rel=\"noopener\">D\u00e9lib\u00e9ration n\u00b005 : Ouverture de nouveaux MASTERS UBFC pour la rentr\u00e9e 2019, laur\u00e9ats d&rsquo;ISITE-BFC (AAP3)<\/a><\/li><li><a class=\"type-pdf\" href=\"https:\/\/www.ubfc.fr\/wp-content\/uploads\/2019\/02\/RAPPORT_N\u00b05_Ouverture_MASTERS_UBFC_-rentr\u00e9e-2019_laur\u00e9ats_ISITE-BFC_AAP3.pdf\" target=\"_blank\" rel=\"noopener\">Rapport pr\u00e9paratoire<\/a><\/li><li><a class=\"type-pdf\" href=\"https:\/\/www.ubfc.fr\/wp-content\/uploads\/2019\/02\/RAPPORT_N\u00b06_Rapport_activit\u00e9s_Polytechnicum.pdf\" target=\"_blank\" rel=\"noopener\">Rapport pr\u00e9paratoire : Rapport d&rsquo;activit\u00e9 du p\u00f4le th\u00e9matique Polytechnicum<\/a><\/li><li><a class=\"type-pdf\" href=\"https:\/\/www.ubfc.fr\/wp-content\/uploads\/2019\/02\/DELIB_2019_CA.06_Convention_partenariat_UBFC_ESTA_danslecadre_Polytechnicum-1.pdf\" target=\"_blank\" rel=\"noopener\">D\u00e9lib\u00e9ration n\u00b006 : Convention de partenariat UBFC\/ESTA dans le cadre du Polytechnicum<\/a><\/li><li><a class=\"type-pdf\" href=\"https:\/\/www.ubfc.fr\/wp-content\/uploads\/2019\/02\/RAPPORT_N\u00b06_Rapport_activit\u00e9s_Polytechnicum.pdf\" target=\"_blank\" rel=\"noopener\">Rapport pr\u00e9paratoire<\/a><\/li><li><a class=\"type-pdf\" href=\"https:\/\/www.ubfc.fr\/wp-content\/uploads\/2019\/02\/RAPPORT_N\u00b08_D\u00e9p\u00f4t_projet_Programme-europ\u00e9en-Erasmus.pdf\" target=\"_blank\" rel=\"noopener\">Rapport pr\u00e9paratoire : D\u00e9p\u00f4t d&rsquo;un projet dans le cadre de l&rsquo;action cl\u00e9 \u00ab\u00a0Renforcement des capacit\u00e9s\u00a0\u00bb du programme europ\u00e9en Erasmus+<\/a><\/li><li><a class=\"type-pdf\" href=\"https:\/\/www.ubfc.fr\/wp-content\/uploads\/2019\/02\/RAPPORT_N\u00b09_Participation_programmeErasmus-programmeeurop\u00e9en\u00e9changes_\u00e9tudiantsenseignants.pdf\" target=\"_blank\" rel=\"noopener\">Rapport pr\u00e9paratoire : Participation au programme Erasmus+ &#8211; programme europ\u00e9en d&rsquo;\u00e9changes d&rsquo;\u00e9tudiants et d&rsquo;enseignants<\/a><\/li><li><a class=\"type-pdf\" href=\"https:\/\/www.ubfc.fr\/wp-content\/uploads\/2019\/02\/DELIB_2019_CA.07_Dde_subvention_organisation_actions_Vie\u00e9tudiante_AAPR\u00e9gion.pdf\" target=\"_blank\" rel=\"noopener\">D\u00e9lib\u00e9ration n\u00b007 : Demande de subvention pour l&rsquo;organisation des actions \u00ab\u00a0Vie \u00e9tudiante\u00a0\u00bb dans le cadre de l&rsquo;AAP R\u00e9gion \u00ab\u00a0Vie \u00e9tudiante\u00a0\u00bb<\/a><\/li><li><a class=\"type-pdf\" href=\"https:\/\/www.ubfc.fr\/wp-content\/uploads\/2019\/02\/RAPPORT_N\u00b010_Demande-de-subvention_Vie-\u00e9tudiante_AAP-R\u00e9gion.pdf\" target=\"_blank\" rel=\"noopener\">Rapport pr\u00e9paratoire<\/a><\/li><li><a class=\"type-pdf\" href=\"https:\/\/www.ubfc.fr\/wp-content\/uploads\/2019\/02\/DELIB_2019_CA.08_Dde_subvention_organisation_Festival_national_experimentarium_AAPR\u00e9gion_CSTI.pdf\" target=\"_blank\" rel=\"noopener\">D\u00e9lib\u00e9ration n\u00b008 : Demande de subvention pour l&rsquo;organisation du Festival national des experimentarium dans le cadre de l&rsquo;AAP R\u00e9gion \u00ab\u00a0Culture Scientifique technique et industrielle\u00a0\u00bb<\/a><\/li><li><a class=\"type-pdf\" href=\"https:\/\/www.ubfc.fr\/wp-content\/uploads\/2019\/02\/RAPPORT_N\u00b011_Demande_subvention_Festival_experimentarium_AAPR\u00e9gion.pdf\" target=\"_blank\" rel=\"noopener\">Rapport pr\u00e9paratoire<\/a><\/li><li><a class=\"type-pdf\" href=\"https:\/\/www.ubfc.fr\/wp-content\/uploads\/2019\/02\/RAPPORT_N\u00b012_D\u00e9p\u00f4t-de-dossiers-PIA3_LabEx_Lipstic.pdf\" target=\"_blank\" rel=\"noopener\">Rapport pr\u00e9paratoire : D\u00e9p\u00f4t de dossiers PIA3 par UBFC &#8211; Labex \u00ab\u00a0LipSTIC\u00a0\u00bb et TIP \u00ab\u00a0P.P.A.S.S.\u00a0\u00bb<\/a><\/li><li><a class=\"type-pdf\" href=\"https:\/\/www.ubfc.fr\/wp-content\/uploads\/2019\/02\/DELIB_2019_CA.09_D\u00e9p\u00f4t_dossiers_FEDER_cofinancement_projet_ISITE-BFC.pdf\" target=\"_blank\" rel=\"noopener\">D\u00e9lib\u00e9ration n\u00b009 : D\u00e9p\u00f4t de dossiers FEDER en cofinancement de projets ISITE-BFC<\/a><\/li><li><a class=\"type-pdf\" href=\"https:\/\/www.ubfc.fr\/wp-content\/uploads\/2019\/02\/RAPPORT_N\u00b013_D\u00e9p\u00f4t-de-dossiers-FEDER_cofinancement_projetsISITE-BFC.pdf\" target=\"_blank\" rel=\"noopener\">Rapport pr\u00e9paratoire<\/a><\/li><li><a class=\"type-pdf\" href=\"https:\/\/www.ubfc.fr\/wp-content\/uploads\/2019\/02\/DELIB_2019_CA.10_Appel_\u00e0projets_20182019_Coll\u00e8gedoc_Subvention_assos_doctorants_ADoc.pdf\" target=\"_blank\" rel=\"noopener\">D\u00e9lib\u00e9ration n\u00b010 : Appel \u00e0 projets 2018\/2019 du Coll\u00e8ge doctoral &#8211; Subvention \u00e0 l&rsquo;association de doctorants A&rsquo;Doc<\/a><\/li><li><a class=\"type-pdf\" href=\"https:\/\/www.ubfc.fr\/wp-content\/uploads\/2019\/02\/RAPPORT_N\u00b014_AAP2018-2019_Coll\u00e8gedoctoral_Subvention_association_Adoc.pdf\" target=\"_blank\" rel=\"noopener\">Rapport pr\u00e9paratoire<\/a><\/li><li><a class=\"type-pdf\" href=\"https:\/\/www.ubfc.fr\/wp-content\/uploads\/2019\/02\/DELIB_2019_CA.11_Primes_pour_charges_administratives.pdf\" target=\"_blank\" rel=\"noopener\">D\u00e9lib\u00e9ration n\u00b011 : Primes pour charges administratives<\/a><\/li><li><a class=\"type-pdf\" href=\"https:\/\/www.ubfc.fr\/wp-content\/uploads\/2019\/02\/RAPPORT_N\u00b016_Primes_pour_charges_administratives.pdf\" target=\"_blank\" rel=\"noopener\">Rapport pr\u00e9paratoire<\/a><\/li><li><a class=\"type-pdf\" href=\"https:\/\/www.ubfc.fr\/wp-content\/uploads\/2019\/02\/DELIB_2019_CA.12_Tarification_doctorat_VAE_Doctorat.pdf\" target=\"_blank\" rel=\"noopener\">D\u00e9lib\u00e9ration n\u00b012 : Tarification du doctorat par Validation des Acquis de l&rsquo;Exp\u00e9rience (VAE) &#8211; Doctorat<\/a><\/li><li><a class=\"type-pdf\" href=\"https:\/\/www.ubfc.fr\/wp-content\/uploads\/2019\/02\/RAPPORT_N\u00b017_Tarification_doctorat_VAE.pdf\" target=\"_blank\" rel=\"noopener\">Rapport pr\u00e9paratoire<\/a><\/li><li><a class=\"type-pdf\" href=\"https:\/\/www.ubfc.fr\/wp-content\/uploads\/2019\/02\/DELIB_2019_CA.13_Cr\u00e9ation_CT.pdf\" target=\"_blank\" rel=\"noopener\">D\u00e9lib\u00e9ration n\u00b013 : Cr\u00e9ation d&rsquo;un comit\u00e9 technique (CT)<\/a><\/li><li><a class=\"type-pdf\" href=\"https:\/\/www.ubfc.fr\/wp-content\/uploads\/2019\/02\/RAPPORT_N\u00b018_Cr\u00e9ation_CT.pdf\" target=\"_blank\" rel=\"noopener\">Rapport pr\u00e9paratoire<\/a><\/li><li><a class=\"type-pdf\" href=\"https:\/\/www.ubfc.fr\/wp-content\/uploads\/2019\/02\/DELIB_2019_CA.14_Cr\u00e9ation_CHSCT.pdf\" target=\"_blank\" rel=\"noopener\">D\u00e9lib\u00e9ration n\u00b014 : Cr\u00e9ation du Comit\u00e9 d&rsquo;hygi\u00e8ne, de s\u00e9curit\u00e9 et des conditions de travail (CHSCT)<\/a><\/li><li><a class=\"type-pdf\" href=\"https:\/\/www.ubfc.fr\/wp-content\/uploads\/2019\/02\/RAPPORT_N\u00b019_Cr\u00e9ation_CHSCT.pdf\" target=\"_blank\" rel=\"noopener\">Rapport pr\u00e9paratoire<\/a><\/li><li><a class=\"type-pdf\" href=\"https:\/\/www.ubfc.fr\/wp-content\/uploads\/2019\/02\/DELIB_2019_CA.15_Cr\u00e9ation_CCPANT.pdf\" target=\"_blank\" rel=\"noopener\">D\u00e9lib\u00e9ration n\u00b015 : Cr\u00e9ation d&rsquo;une commission consultative paritaire des agents non titulaires de la fonction publique (CCPANT)<\/a><\/li><li><a class=\"type-pdf\" href=\"https:\/\/www.ubfc.fr\/wp-content\/uploads\/2019\/02\/RAPPORT_N\u00b020_Cr\u00e9ation_CCPANT.pdf\" target=\"_blank\" rel=\"noopener\">Rapport pr\u00e9paratoire<\/a><\/li><li><a class=\"type-pdf\" href=\"https:\/\/www.ubfc.fr\/wp-content\/uploads\/2019\/02\/DELIB_2019_CA.16_Mission_doctorale_UBFC.pdf\" target=\"_blank\" rel=\"noopener\">D\u00e9lib\u00e9ration n\u00b016 : Mission doctorale UBFC<\/a><\/li><li><a class=\"type-pdf\" href=\"https:\/\/www.ubfc.fr\/wp-content\/uploads\/2019\/02\/RAPPORT_N\u00b021_Mission-doctoraleUBFC.pdf\" target=\"_blank\" rel=\"noopener\">Rapport pr\u00e9paratoire<\/a><\/li><\/ul><\/div>\n\t\t\t\t<\/div>\n\t\t\t\t\t\t\t\t<\/div>\n\t\t\t\t\t\t<\/div>\n\t\t\t\t<\/div>\n\t\t\t\t\t<\/div>\n\t\t<\/div>\n\t\t\t\t\t<\/div>\n\t\t<\/section>\n\t\t\t\t<\/div>\n\t\t","protected":false},"excerpt":{"rendered":"<p>Conseil d&#8217;administration du 12 d\u00e9cembre 2019 D\u00e9lib\u00e9ration n\u00b082 : Approbation du verbatim du Conseil d\u2019administration du 14 novembre 2019 Verbatim du 14 novembre 2019 D\u00e9lib\u00e9ration n\u00b083 : Budget initial 2020 Rapport pr\u00e9paratoire D\u00e9lib\u00e9ration n\u00b084 : Approbation de la convention de moyens annex\u00e9e au plan d\u2019actions (pr\u00e9cisions \u00e9t\u00e9 2019) Rapport pr\u00e9paratoire D\u00e9lib\u00e9ration n\u00b085 : Subventions \u00e0 &hellip; <a href=\"https:\/\/www.ubfc.fr\/en\/ubfc\/gouvernance\/instances\/conseil-dadministration\/rapports-deliberations-et-verbatims-2019\/\">Continued<\/a><\/p>\n","protected":false},"author":18,"featured_media":0,"parent":44653,"menu_order":114,"comment_status":"closed","ping_status":"closed","template":"","meta":{"_acf_changed":false,"footnotes":""},"class_list":["post-44658","page","type-page","status-publish","hentry"],"acf":[],"yoast_head":"<!-- This site is optimized with the Yoast SEO plugin v27.5 - https:\/\/yoast.com\/product\/yoast-seo-wordpress\/ -->\n<title>Rapports, d\u00e9lib\u00e9rations et verbatims 2019 - COMUE Universit\u00e9 Bourgogne-Franche-Comt\u00e9<\/title>\n<meta name=\"robots\" content=\"index, follow, max-snippet:-1, max-image-preview:large, max-video-preview:-1\" \/>\n<link rel=\"canonical\" href=\"https:\/\/www.ubfc.fr\/ubfc\/gouvernance\/instances\/conseil-dadministration\/rapports-deliberations-et-verbatims-2019\/\" \/>\n<meta property=\"og:locale\" content=\"en_US\" \/>\n<meta property=\"og:type\" content=\"article\" \/>\n<meta property=\"og:title\" content=\"Rapports, d\u00e9lib\u00e9rations et verbatims 2019 - COMUE Universit\u00e9 Bourgogne-Franche-Comt\u00e9\" \/>\n<meta property=\"og:description\" content=\"Conseil d&#8217;administration du 12 d\u00e9cembre 2019 D\u00e9lib\u00e9ration n\u00b082 : Approbation du verbatim du Conseil d\u2019administration du 14 novembre 2019 Verbatim du 14 novembre 2019 D\u00e9lib\u00e9ration n\u00b083 : Budget initial 2020 Rapport pr\u00e9paratoire D\u00e9lib\u00e9ration n\u00b084 : Approbation de la convention de moyens annex\u00e9e au plan d\u2019actions (pr\u00e9cisions \u00e9t\u00e9 2019) Rapport pr\u00e9paratoire D\u00e9lib\u00e9ration n\u00b085 : Subventions \u00e0 &hellip; Continued\" \/>\n<meta property=\"og:url\" content=\"https:\/\/www.ubfc.fr\/ubfc\/gouvernance\/instances\/conseil-dadministration\/rapports-deliberations-et-verbatims-2019\/\" \/>\n<meta property=\"og:site_name\" content=\"COMUE Universit\u00e9 Bourgogne-Franche-Comt\u00e9\" \/>\n<meta property=\"article:publisher\" content=\"https:\/\/www.facebook.com\/UnivBFC\/\" \/>\n<meta property=\"article:modified_time\" content=\"2021-01-06T14:27:20+00:00\" \/>\n<meta name=\"twitter:card\" content=\"summary_large_image\" \/>\n<meta name=\"twitter:site\" content=\"@univ_bfc\" \/>\n<meta name=\"twitter:label1\" content=\"Est. reading time\" \/>\n\t<meta name=\"twitter:data1\" content=\"10 minutes\" \/>\n<script type=\"application\/ld+json\" class=\"yoast-schema-graph\">{\"@context\":\"https:\\\/\\\/schema.org\",\"@graph\":[{\"@type\":\"WebPage\",\"@id\":\"https:\\\/\\\/www.ubfc.fr\\\/ubfc\\\/gouvernance\\\/instances\\\/conseil-dadministration\\\/rapports-deliberations-et-verbatims-2019\\\/\",\"url\":\"https:\\\/\\\/www.ubfc.fr\\\/ubfc\\\/gouvernance\\\/instances\\\/conseil-dadministration\\\/rapports-deliberations-et-verbatims-2019\\\/\",\"name\":\"Rapports, d\u00e9lib\u00e9rations et verbatims 2019 - COMUE Universit\u00e9 Bourgogne-Franche-Comt\u00e9\",\"isPartOf\":{\"@id\":\"https:\\\/\\\/www.ubfc.fr\\\/#website\"},\"datePublished\":\"2020-06-18T09:03:55+00:00\",\"dateModified\":\"2021-01-06T14:27:20+00:00\",\"breadcrumb\":{\"@id\":\"https:\\\/\\\/www.ubfc.fr\\\/ubfc\\\/gouvernance\\\/instances\\\/conseil-dadministration\\\/rapports-deliberations-et-verbatims-2019\\\/#breadcrumb\"},\"inLanguage\":\"en-US\",\"potentialAction\":[{\"@type\":\"ReadAction\",\"target\":[\"https:\\\/\\\/www.ubfc.fr\\\/ubfc\\\/gouvernance\\\/instances\\\/conseil-dadministration\\\/rapports-deliberations-et-verbatims-2019\\\/\"]}]},{\"@type\":\"BreadcrumbList\",\"@id\":\"https:\\\/\\\/www.ubfc.fr\\\/ubfc\\\/gouvernance\\\/instances\\\/conseil-dadministration\\\/rapports-deliberations-et-verbatims-2019\\\/#breadcrumb\",\"itemListElement\":[{\"@type\":\"ListItem\",\"position\":1,\"name\":\"Accueil\",\"item\":\"https:\\\/\\\/www.ubfc.fr\\\/en\\\/\"},{\"@type\":\"ListItem\",\"position\":2,\"name\":\"UBFC\",\"item\":\"https:\\\/\\\/www.ubfc.fr\\\/ubfc\\\/\"},{\"@type\":\"ListItem\",\"position\":3,\"name\":\"Gouvernance\",\"item\":\"https:\\\/\\\/www.ubfc.fr\\\/ubfc\\\/gouvernance\\\/\"},{\"@type\":\"ListItem\",\"position\":4,\"name\":\"Instances\",\"item\":\"https:\\\/\\\/www.ubfc.fr\\\/ubfc\\\/gouvernance\\\/instances\\\/\"},{\"@type\":\"ListItem\",\"position\":5,\"name\":\"Conseil d&#8217;Administration\",\"item\":\"https:\\\/\\\/www.ubfc.fr\\\/ubfc\\\/gouvernance\\\/instances\\\/conseil-dadministration\\\/\"},{\"@type\":\"ListItem\",\"position\":6,\"name\":\"Rapports, d\u00e9lib\u00e9rations et verbatims 2019\"}]},{\"@type\":\"WebSite\",\"@id\":\"https:\\\/\\\/www.ubfc.fr\\\/#website\",\"url\":\"https:\\\/\\\/www.ubfc.fr\\\/\",\"name\":\"COMUE Universit\u00e9 Bourgogne-Franche-Comt\u00e9\",\"description\":\"\",\"publisher\":{\"@id\":\"https:\\\/\\\/www.ubfc.fr\\\/#organization\"},\"potentialAction\":[{\"@type\":\"SearchAction\",\"target\":{\"@type\":\"EntryPoint\",\"urlTemplate\":\"https:\\\/\\\/www.ubfc.fr\\\/?s={search_term_string}\"},\"query-input\":{\"@type\":\"PropertyValueSpecification\",\"valueRequired\":true,\"valueName\":\"search_term_string\"}}],\"inLanguage\":\"en-US\"},{\"@type\":\"Organization\",\"@id\":\"https:\\\/\\\/www.ubfc.fr\\\/#organization\",\"name\":\"Universit\u00e9 Bourgogne-Franche-Comt\u00e9\",\"url\":\"https:\\\/\\\/www.ubfc.fr\\\/\",\"logo\":{\"@type\":\"ImageObject\",\"inLanguage\":\"en-US\",\"@id\":\"https:\\\/\\\/www.ubfc.fr\\\/#\\\/schema\\\/logo\\\/image\\\/\",\"url\":\"https:\\\/\\\/www.ubfc.fr\\\/wp-content\\\/uploads\\\/2022\\\/03\\\/vagueUBFC_favicon.png\",\"contentUrl\":\"https:\\\/\\\/www.ubfc.fr\\\/wp-content\\\/uploads\\\/2022\\\/03\\\/vagueUBFC_favicon.png\",\"width\":512,\"height\":512,\"caption\":\"Universit\u00e9 Bourgogne-Franche-Comt\u00e9\"},\"image\":{\"@id\":\"https:\\\/\\\/www.ubfc.fr\\\/#\\\/schema\\\/logo\\\/image\\\/\"},\"sameAs\":[\"https:\\\/\\\/www.facebook.com\\\/UnivBFC\\\/\",\"https:\\\/\\\/x.com\\\/univ_bfc\",\"https:\\\/\\\/www.linkedin.com\\\/school\\\/universitebourgognefranchecomte\\\/mycompany\\\/\"]}]}<\/script>\n<!-- \/ Yoast SEO plugin. -->","yoast_head_json":{"title":"Rapports, d\u00e9lib\u00e9rations et verbatims 2019 - COMUE Universit\u00e9 Bourgogne-Franche-Comt\u00e9","robots":{"index":"index","follow":"follow","max-snippet":"max-snippet:-1","max-image-preview":"max-image-preview:large","max-video-preview":"max-video-preview:-1"},"canonical":"https:\/\/www.ubfc.fr\/ubfc\/gouvernance\/instances\/conseil-dadministration\/rapports-deliberations-et-verbatims-2019\/","og_locale":"en_US","og_type":"article","og_title":"Rapports, d\u00e9lib\u00e9rations et verbatims 2019 - COMUE Universit\u00e9 Bourgogne-Franche-Comt\u00e9","og_description":"Conseil d&#8217;administration du 12 d\u00e9cembre 2019 D\u00e9lib\u00e9ration n\u00b082 : Approbation du verbatim du Conseil d\u2019administration du 14 novembre 2019 Verbatim du 14 novembre 2019 D\u00e9lib\u00e9ration n\u00b083 : Budget initial 2020 Rapport pr\u00e9paratoire D\u00e9lib\u00e9ration n\u00b084 : Approbation de la convention de moyens annex\u00e9e au plan d\u2019actions (pr\u00e9cisions \u00e9t\u00e9 2019) Rapport pr\u00e9paratoire D\u00e9lib\u00e9ration n\u00b085 : Subventions \u00e0 &hellip; Continued","og_url":"https:\/\/www.ubfc.fr\/ubfc\/gouvernance\/instances\/conseil-dadministration\/rapports-deliberations-et-verbatims-2019\/","og_site_name":"COMUE Universit\u00e9 Bourgogne-Franche-Comt\u00e9","article_publisher":"https:\/\/www.facebook.com\/UnivBFC\/","article_modified_time":"2021-01-06T14:27:20+00:00","twitter_card":"summary_large_image","twitter_site":"@univ_bfc","twitter_misc":{"Est. reading time":"10 minutes"},"schema":{"@context":"https:\/\/schema.org","@graph":[{"@type":"WebPage","@id":"https:\/\/www.ubfc.fr\/ubfc\/gouvernance\/instances\/conseil-dadministration\/rapports-deliberations-et-verbatims-2019\/","url":"https:\/\/www.ubfc.fr\/ubfc\/gouvernance\/instances\/conseil-dadministration\/rapports-deliberations-et-verbatims-2019\/","name":"Rapports, d\u00e9lib\u00e9rations et verbatims 2019 - COMUE Universit\u00e9 Bourgogne-Franche-Comt\u00e9","isPartOf":{"@id":"https:\/\/www.ubfc.fr\/#website"},"datePublished":"2020-06-18T09:03:55+00:00","dateModified":"2021-01-06T14:27:20+00:00","breadcrumb":{"@id":"https:\/\/www.ubfc.fr\/ubfc\/gouvernance\/instances\/conseil-dadministration\/rapports-deliberations-et-verbatims-2019\/#breadcrumb"},"inLanguage":"en-US","potentialAction":[{"@type":"ReadAction","target":["https:\/\/www.ubfc.fr\/ubfc\/gouvernance\/instances\/conseil-dadministration\/rapports-deliberations-et-verbatims-2019\/"]}]},{"@type":"BreadcrumbList","@id":"https:\/\/www.ubfc.fr\/ubfc\/gouvernance\/instances\/conseil-dadministration\/rapports-deliberations-et-verbatims-2019\/#breadcrumb","itemListElement":[{"@type":"ListItem","position":1,"name":"Accueil","item":"https:\/\/www.ubfc.fr\/en\/"},{"@type":"ListItem","position":2,"name":"UBFC","item":"https:\/\/www.ubfc.fr\/ubfc\/"},{"@type":"ListItem","position":3,"name":"Gouvernance","item":"https:\/\/www.ubfc.fr\/ubfc\/gouvernance\/"},{"@type":"ListItem","position":4,"name":"Instances","item":"https:\/\/www.ubfc.fr\/ubfc\/gouvernance\/instances\/"},{"@type":"ListItem","position":5,"name":"Conseil d&#8217;Administration","item":"https:\/\/www.ubfc.fr\/ubfc\/gouvernance\/instances\/conseil-dadministration\/"},{"@type":"ListItem","position":6,"name":"Rapports, d\u00e9lib\u00e9rations et verbatims 2019"}]},{"@type":"WebSite","@id":"https:\/\/www.ubfc.fr\/#website","url":"https:\/\/www.ubfc.fr\/","name":"COMUE Universit\u00e9 Bourgogne-Franche-Comt\u00e9","description":"","publisher":{"@id":"https:\/\/www.ubfc.fr\/#organization"},"potentialAction":[{"@type":"SearchAction","target":{"@type":"EntryPoint","urlTemplate":"https:\/\/www.ubfc.fr\/?s={search_term_string}"},"query-input":{"@type":"PropertyValueSpecification","valueRequired":true,"valueName":"search_term_string"}}],"inLanguage":"en-US"},{"@type":"Organization","@id":"https:\/\/www.ubfc.fr\/#organization","name":"Universit\u00e9 Bourgogne-Franche-Comt\u00e9","url":"https:\/\/www.ubfc.fr\/","logo":{"@type":"ImageObject","inLanguage":"en-US","@id":"https:\/\/www.ubfc.fr\/#\/schema\/logo\/image\/","url":"https:\/\/www.ubfc.fr\/wp-content\/uploads\/2022\/03\/vagueUBFC_favicon.png","contentUrl":"https:\/\/www.ubfc.fr\/wp-content\/uploads\/2022\/03\/vagueUBFC_favicon.png","width":512,"height":512,"caption":"Universit\u00e9 Bourgogne-Franche-Comt\u00e9"},"image":{"@id":"https:\/\/www.ubfc.fr\/#\/schema\/logo\/image\/"},"sameAs":["https:\/\/www.facebook.com\/UnivBFC\/","https:\/\/x.com\/univ_bfc","https:\/\/www.linkedin.com\/school\/universitebourgognefranchecomte\/mycompany\/"]}]}},"_links":{"self":[{"href":"https:\/\/www.ubfc.fr\/en\/wp-json\/wp\/v2\/pages\/44658","targetHints":{"allow":["GET"]}}],"collection":[{"href":"https:\/\/www.ubfc.fr\/en\/wp-json\/wp\/v2\/pages"}],"about":[{"href":"https:\/\/www.ubfc.fr\/en\/wp-json\/wp\/v2\/types\/page"}],"author":[{"embeddable":true,"href":"https:\/\/www.ubfc.fr\/en\/wp-json\/wp\/v2\/users\/18"}],"replies":[{"embeddable":true,"href":"https:\/\/www.ubfc.fr\/en\/wp-json\/wp\/v2\/comments?post=44658"}],"version-history":[{"count":0,"href":"https:\/\/www.ubfc.fr\/en\/wp-json\/wp\/v2\/pages\/44658\/revisions"}],"up":[{"embeddable":true,"href":"https:\/\/www.ubfc.fr\/en\/wp-json\/wp\/v2\/pages\/44653"}],"wp:attachment":[{"href":"https:\/\/www.ubfc.fr\/en\/wp-json\/wp\/v2\/media?parent=44658"}],"curies":[{"name":"wp","href":"https:\/\/api.w.org\/{rel}","templated":true}]}}