{"version":"1.0","provider_name":"COMUE Universit\u00e9 Bourgogne-Franche-Comt\u00e9","provider_url":"https:\/\/www.ubfc.fr\/en\/","author_name":"Fanny Ajak","author_url":"https:\/\/www.ubfc.fr\/en\/author\/fannyajak\/","title":"Manifestations, gr\u00e8ves : vers un troisi\u00e8me tour social ? - COMUE Universit\u00e9 Bourgogne-Franche-Comt\u00e9","type":"rich","width":600,"height":338,"html":"<blockquote class=\"wp-embedded-content\" data-secret=\"TXksklbR45\"><a href=\"https:\/\/www.ubfc.fr\/en\/manifestations-greves-vers-un-troisieme-tour-social\/\">Manifestations, gr\u00e8ves : vers un troisi\u00e8me tour social ?<\/a><\/blockquote><iframe sandbox=\"allow-scripts\" security=\"restricted\" src=\"https:\/\/www.ubfc.fr\/en\/manifestations-greves-vers-un-troisieme-tour-social\/embed\/#?secret=TXksklbR45\" width=\"600\" height=\"338\" title=\"&#8220;Manifestations, gr\u00e8ves : vers un troisi\u00e8me tour social ?&#8221; &#8212; COMUE Universit\u00e9 Bourgogne-Franche-Comt\u00e9\" data-secret=\"TXksklbR45\" frameborder=\"0\" marginwidth=\"0\" marginheight=\"0\" scrolling=\"no\" class=\"wp-embedded-content\"><\/iframe><script type=\"text\/javascript\">\n\/* <![CDATA[ *\/\n\/*! This file is auto-generated *\/\n!function(d,l){\"use strict\";l.querySelector&&d.addEventListener&&\"undefined\"!=typeof URL&&(d.wp=d.wp||{},d.wp.receiveEmbedMessage||(d.wp.receiveEmbedMessage=function(e){var t=e.data;if((t||t.secret||t.message||t.value)&&!\/[^a-zA-Z0-9]\/.test(t.secret)){for(var s,r,n,a=l.querySelectorAll('iframe[data-secret=\"'+t.secret+'\"]'),o=l.querySelectorAll('blockquote[data-secret=\"'+t.secret+'\"]'),c=new RegExp(\"^https?:$\",\"i\"),i=0;i<o.length;i++)o[i].style.display=\"none\";for(i=0;i<a.length;i++)s=a[i],e.source===s.contentWindow&&(s.removeAttribute(\"style\"),\"height\"===t.message?(1e3<(r=parseInt(t.value,10))?r=1e3:~~r<200&&(r=200),s.height=r):\"link\"===t.message&&(r=new URL(s.getAttribute(\"src\")),n=new URL(t.value),c.test(n.protocol))&&n.host===r.host&&l.activeElement===s&&(d.top.location.href=t.value))}},d.addEventListener(\"message\",d.wp.receiveEmbedMessage,!1),l.addEventListener(\"DOMContentLoaded\",function(){for(var e,t,s=l.querySelectorAll(\"iframe.wp-embedded-content\"),r=0;r<s.length;r++)(t=(e=s[r]).getAttribute(\"data-secret\"))||(t=Math.random().toString(36).substring(2,12),e.src+=\"#?secret=\"+t,e.setAttribute(\"data-secret\",t)),e.contentWindow.postMessage({message:\"ready\",secret:t},\"*\")},!1)))}(window,document);\n\/\/# sourceURL=https:\/\/www.ubfc.fr\/wp-includes\/js\/wp-embed.min.js\n\/* ]]> *\/\n<\/script>\n","thumbnail_url":"https:\/\/www.ubfc.fr\/wp-content\/uploads\/2022\/02\/the-conversation-vignette-actu.png","thumbnail_width":412,"thumbnail_height":536,"description":"Dominique Andolfatto, Universit\u00e9 de Bourgogne \u2013 UBFC et Dominique Labb\u00e9, Universit\u00e9 Grenoble Alpes (UGA) D\u00e9j\u00e0 les th\u00e8mes sociaux mobilisent les organisations syndicales inqui\u00e8tes de la possible paralysie de la vie politique. De nombreux appels \u00e0 la gr\u00e8ve dans certains secteurs, comme les transports ou la radio-t\u00e9l\u00e9vision publique viennent alimenter l\u2019effervescence actuelle. Un troisi\u00e8me \u00ab tour &hellip; Continued"}