{"version":"1.0","provider_name":"COMUE Universit\u00e9 Bourgogne-Franche-Comt\u00e9","provider_url":"https:\/\/www.ubfc.fr\/en\/","author_name":"Marc","author_url":"https:\/\/www.ubfc.fr\/en\/author\/ubfc4527_adm\/","title":"Licence Professionnelle M\u00e9tiers du marketing op\u00e9rationnel - COMUE Universit\u00e9 Bourgogne-Franche-Comt\u00e9","type":"rich","width":600,"height":338,"html":"<blockquote class=\"wp-embedded-content\" data-secret=\"p8X2R2zHgt\"><a href=\"https:\/\/www.ubfc.fr\/en\/formation\/licence-professionnelle-metiers-du-marketing-operationnel\/\">Licence Professionnelle M\u00e9tiers du marketing op\u00e9rationnel<\/a><\/blockquote><iframe sandbox=\"allow-scripts\" security=\"restricted\" src=\"https:\/\/www.ubfc.fr\/en\/formation\/licence-professionnelle-metiers-du-marketing-operationnel\/embed\/#?secret=p8X2R2zHgt\" width=\"600\" height=\"338\" title=\"&#8220;Licence Professionnelle M\u00e9tiers du marketing op\u00e9rationnel&#8221; &#8212; COMUE Universit\u00e9 Bourgogne-Franche-Comt\u00e9\" data-secret=\"p8X2R2zHgt\" frameborder=\"0\" marginwidth=\"0\" marginheight=\"0\" scrolling=\"no\" class=\"wp-embedded-content\"><\/iframe><script type=\"text\/javascript\">\n\/* <![CDATA[ *\/\n\/*! This file is auto-generated *\/\n!function(d,l){\"use strict\";l.querySelector&&d.addEventListener&&\"undefined\"!=typeof URL&&(d.wp=d.wp||{},d.wp.receiveEmbedMessage||(d.wp.receiveEmbedMessage=function(e){var t=e.data;if((t||t.secret||t.message||t.value)&&!\/[^a-zA-Z0-9]\/.test(t.secret)){for(var s,r,n,a=l.querySelectorAll('iframe[data-secret=\"'+t.secret+'\"]'),o=l.querySelectorAll('blockquote[data-secret=\"'+t.secret+'\"]'),c=new RegExp(\"^https?:$\",\"i\"),i=0;i<o.length;i++)o[i].style.display=\"none\";for(i=0;i<a.length;i++)s=a[i],e.source===s.contentWindow&&(s.removeAttribute(\"style\"),\"height\"===t.message?(1e3<(r=parseInt(t.value,10))?r=1e3:~~r<200&&(r=200),s.height=r):\"link\"===t.message&&(r=new URL(s.getAttribute(\"src\")),n=new URL(t.value),c.test(n.protocol))&&n.host===r.host&&l.activeElement===s&&(d.top.location.href=t.value))}},d.addEventListener(\"message\",d.wp.receiveEmbedMessage,!1),l.addEventListener(\"DOMContentLoaded\",function(){for(var e,t,s=l.querySelectorAll(\"iframe.wp-embedded-content\"),r=0;r<s.length;r++)(t=(e=s[r]).getAttribute(\"data-secret\"))||(t=Math.random().toString(36).substring(2,12),e.src+=\"#?secret=\"+t,e.setAttribute(\"data-secret\",t)),e.contentWindow.postMessage({message:\"ready\",secret:t},\"*\")},!1)))}(window,document);\n\/\/# sourceURL=https:\/\/www.ubfc.fr\/wp-includes\/js\/wp-embed.min.js\n\/* ]]> *\/\n<\/script>\n","description":"Cette formation dispense une triple comp\u00e9tence en information, marketing et communication. Son contenu la place en ad\u00e9quation avec les pr\u00e9occupations actuelles du monde socio-\u00e9conomique. Gr\u00e2ce \u00e0 la polyvalence et au caract\u00e8re fondamental des enseignements, le futur dipl\u00f4m\u00e9 poss\u00e8de des connaissances solides lui permettant d\u2019acc\u00e9der \u00e0 tout type de poste dans le domaine ou de se &hellip; Continued"}