{"version":"1.0","provider_name":"COMUE Universit\u00e9 Bourgogne-Franche-Comt\u00e9","provider_url":"https:\/\/www.ubfc.fr\/en\/","author_name":"Service Communication","author_url":"https:\/\/www.ubfc.fr\/en\/author\/communication\/","title":"Boot Camp n\u00b03 pour les \u00e9tudiants-entrepreneurs - COMUE Universit\u00e9 Bourgogne-Franche-Comt\u00e9","type":"rich","width":600,"height":338,"html":"<blockquote class=\"wp-embedded-content\" data-secret=\"6fcEUOPJsQ\"><a href=\"https:\/\/www.ubfc.fr\/en\/evenement\/boot-camp-n3-pour-les-etudiants-entrepreneurs\/\">Boot Camp n\u00b03 pour les \u00e9tudiants-entrepreneurs<\/a><\/blockquote><iframe sandbox=\"allow-scripts\" security=\"restricted\" src=\"https:\/\/www.ubfc.fr\/en\/evenement\/boot-camp-n3-pour-les-etudiants-entrepreneurs\/embed\/#?secret=6fcEUOPJsQ\" width=\"600\" height=\"338\" title=\"&#8220;Boot Camp n\u00b03 pour les \u00e9tudiants-entrepreneurs&#8221; &#8212; COMUE Universit\u00e9 Bourgogne-Franche-Comt\u00e9\" data-secret=\"6fcEUOPJsQ\" frameborder=\"0\" marginwidth=\"0\" marginheight=\"0\" scrolling=\"no\" class=\"wp-embedded-content\"><\/iframe><script type=\"text\/javascript\">\n\/* <![CDATA[ *\/\n\/*! This file is auto-generated *\/\n!function(d,l){\"use strict\";l.querySelector&&d.addEventListener&&\"undefined\"!=typeof URL&&(d.wp=d.wp||{},d.wp.receiveEmbedMessage||(d.wp.receiveEmbedMessage=function(e){var t=e.data;if((t||t.secret||t.message||t.value)&&!\/[^a-zA-Z0-9]\/.test(t.secret)){for(var s,r,n,a=l.querySelectorAll('iframe[data-secret=\"'+t.secret+'\"]'),o=l.querySelectorAll('blockquote[data-secret=\"'+t.secret+'\"]'),c=new RegExp(\"^https?:$\",\"i\"),i=0;i<o.length;i++)o[i].style.display=\"none\";for(i=0;i<a.length;i++)s=a[i],e.source===s.contentWindow&&(s.removeAttribute(\"style\"),\"height\"===t.message?(1e3<(r=parseInt(t.value,10))?r=1e3:~~r<200&&(r=200),s.height=r):\"link\"===t.message&&(r=new URL(s.getAttribute(\"src\")),n=new URL(t.value),c.test(n.protocol))&&n.host===r.host&&l.activeElement===s&&(d.top.location.href=t.value))}},d.addEventListener(\"message\",d.wp.receiveEmbedMessage,!1),l.addEventListener(\"DOMContentLoaded\",function(){for(var e,t,s=l.querySelectorAll(\"iframe.wp-embedded-content\"),r=0;r<s.length;r++)(t=(e=s[r]).getAttribute(\"data-secret\"))||(t=Math.random().toString(36).substring(2,12),e.src+=\"#?secret=\"+t,e.setAttribute(\"data-secret\",t)),e.contentWindow.postMessage({message:\"ready\",secret:t},\"*\")},!1)))}(window,document);\n\/\/# sourceURL=https:\/\/www.ubfc.fr\/wp-includes\/js\/wp-embed.min.js\n\/* ]]> *\/\n<\/script>\n","thumbnail_url":"https:\/\/www.ubfc.fr\/wp-content\/uploads\/2021\/01\/BOOTCAMP-Entrepreneuriat.jpg","thumbnail_width":768,"thumbnail_height":1024,"description":"Tous les ans, le PEPITE-BFC organise une s\u00e9rie d\u2019ateliers de co-working, appel\u00e9s \u00ab Boot Camp \u00bb pour les \u00e9tudiants d\u00e9tenteurs du Statut National d\u2019\u00c9tudiant Entrepreneur (SNEE). Ce sont des moments d\u2019\u00e9change et de partage pour la construction et le lancement des projets. Ils se tiennent traditionnellement aux Salines Royales d\u2019Arc-et-Senans en pr\u00e9sentiel. Compte-tenu du contexte &hellip; Continued"}